{"id":410,"date":"2014-04-10T12:59:04","date_gmt":"2014-04-10T12:59:04","guid":{"rendered":"\/ceduc\/?page_id=410"},"modified":"2025-08-26T13:07:30","modified_gmt":"2025-08-26T13:07:30","slug":"geografia","status":"publish","type":"page","link":"https:\/\/centros.uepb.edu.br\/ceduc\/geografia\/","title":{"rendered":"Geografia"},"content":{"rendered":"<div class=\"wpb-content-wrapper\"><p>[vc_row][vc_column][vc_tta_tabs][vc_tta_section title=&#8221;Sobre o Curso&#8221; tab_id=&#8221;1654263169727-fd795089-f7d8&#8243;][vc_column_text]<span style=\"text-decoration: underline;\"><strong>APRESENTA\u00c7\u00c3O<\/strong><\/span><\/p>\n<p style=\"text-align: justify;\">O Curso de Licenciatura Plena em Geografia da UEPB tem sua hist\u00f3ria inserida na outrora FURNE \u2013 Funda\u00e7\u00e3o da Universidade Regional do Nordeste. O curso foi criado no dia 28\/07\/1974, pelo CONSEPE-FURNE, atrav\u00e9s da Resolu\u00e7\u00e3o 016\/74, em atendimento \u00e0 solicita\u00e7\u00e3o feita pelo Departamento de Filosofia e Ci\u00eancias Humanas (Processo 000962 de 20\/06\/74).\u00a0 Foi reconhecido pela Portaria Ministerial N\u00ba 455 de 21\/11\/1983, sendo publicado no Di\u00e1rio Oficial da Uni\u00e3o em 22\/11\/83.<br \/>\nDurante sua trajet\u00f3ria, o curso passou por duas reformas curriculares: a primeira no ano de 1997 e a segunda iniciada no ano de 2007 e conclu\u00edda em 2009, quando foram propostos novos ajustes, readapta\u00e7\u00f5es ou rupturas no curr\u00edculo do curso, visando impulsionar essa trajet\u00f3ria, adequando-o \u00e0 conjuntura atual. Pode-se citar como exemplos a inclus\u00e3o dos Est\u00e1gios Supervisionados, com carga hor\u00e1ria 480 h\/a, e o acr\u00e9scimo de 20% sobre a carga hor\u00e1ria total de todos os cursos de gradua\u00e7\u00e3o da UEPB, em 2009. O Curso de Geografia possui a modalidade Licenciatura, que habilita o profissional para o magist\u00e9rio do Ensino Fundamental e M\u00e9dio, formando o licenciado para atuar em atividades de ensino, reconhecimento, levantamentos, estudos e pesquisas de car\u00e1ter f\u00edsico-geogr\u00e1fico e geoecon\u00f4mico, realiza\u00e7\u00f5es nos \u00e2mbitos gerais e espec\u00edficos da Geografia.<br \/>\nA tarefa de revolucionar a educa\u00e7\u00e3o brasileira tem impulsos na Lei de Diretrizes de Base da Educa\u00e7\u00e3o Nacional (LDB), Lei n\u00ba 9.394 de 20 de dezembro 1996, e vem sendo discutida no \u00e2mbito universit\u00e1rio, sobretudo nos cursos de Licenciatura. Esta discuss\u00e3o faz-se presente tamb\u00e9m no Curso de Geografia da UEPB. O Projeto Pol\u00edtico Pedag\u00f3gico atual do Curso visa exatamente impulsionar essa trajet\u00f3ria dando contornos pr\u00f3prios da conjuntura pol\u00edtico-pedag\u00f3gica do momento atual.<\/p>\n<p><span style=\"text-decoration: underline;\"><strong>HIST\u00d3RICO<\/strong><\/span><\/p>\n<p style=\"text-align: justify;\">O Curso de Licenciatura Plena em Geografia foi criado no dia 28 de julho de 1974, pelo CONSEPE-FURNe, atrav\u00e9s da Resolu\u00e7\u00e3o 016\/74, em atendimento a solicita\u00e7\u00e3o feita pelo Departamento de Filosofia e Ci\u00eancias Humanas (Processo 000962 de 20\/06\/74).<br \/>\nO curso de Licenciatura Plena em Geografia, at\u00e9 o ano de 1978, foi oferecido como modalidade de habilita\u00e7\u00e3o ao Curso de Estudos Sociais. Teve seu primeiro vestibular no 1\u00ba semestre de 1967, tendo como fundadoras as professoras Elaine Pinto Cavalcante (Geografia ) e Josefa Gomes de Almeida e Silva (Hist\u00f3ria).<br \/>\nEm 12 de janeiro de 1979, a professora L\u00eada Almeida de Menezes Dantas, na \u00e9poca Coordenadora do Curso de Estudos Sociais, prop\u00f4s a reestrutura\u00e7\u00e3o dos Cursos de Licenciatura Plena em Hist\u00f3ria e Licenciatura Plena em Geografia e solicitou provid\u00eancias no sentido do reconhecimento dos referidos cursos, alegando a impossibilidade dos alunos poderem receber diploma de licenciado para atuarem no segundo grau, atualmente ensino m\u00e9dio, visto que tais cursos funcionavam no contexto de Estudos Sociais.<br \/>\nEm parecer ao pedido da professora L\u00eada Almeida de Menezes Dantas, a professora Margarida da Mota Rocha deu parecer favor\u00e1vel \u00e0 cria\u00e7\u00e3o dos cursos solicitados com estrutura pr\u00f3pria e funcionamento independente de Estudos Sociais, conforme a Portaria Ministerial n\u00ba\u00a0 117\/66 e Resolu\u00e7\u00e3o do CFE 8\/72.<br \/>\nNo dia 21\/11\/83, o Curso de Geografia foi reconhecido atrav\u00e9s da Portaria Ministerial\u00a0 455, com a publica\u00e7\u00e3o desta portaria no Di\u00e1rio Oficial da\u00a0 Uni\u00e3o no dia 22\/11\/83. Nesta \u00e9poca, devido \u00e0 insufici\u00eancia de instala\u00e7\u00f5es na Universidade Regional do Nordeste, o Curso funcionava nas depend\u00eancias do Col\u00e9gio Pio XI.<br \/>\nEm 1987, ap\u00f3s longo per\u00edodo de crise, a Universidade Regional do Nordeste deixou de existir, foi incorporada pela Universidade Estadual da Para\u00edba, criada em 11 de outubro de 1987. Com a estadualiza\u00e7\u00e3o da Universidade e o fim do ensino pago, esta institui\u00e7\u00e3o promoveu concurso p\u00fablico para professores em todas as \u00e1reas, o Curso de Geografia participou deste processo para preenchimento de vagas.<br \/>\nEm 1992, numa pol\u00edtica de melhoria do ensino e da busca do seu reconhecimento, a Universidade Estadual da Para\u00edba ampliou seu quadro docente com a contrata\u00e7\u00e3o de professores visitantes, momento em que o Curso de Geografia se beneficiou com a chegada dos professores mestres: Alexandre Jos\u00e9 Santos Ramos, Em\u00edlia Pereira de Melo, Fernando Moreira da Silva, Janete Lins Rodriguez, Maria Braga de S\u00e1 e Joedla Rodrigues Lima. Naquele momento, fez parte do Curso de Geografia, na qualidade de consultor, o professor Dr. Manuel Correia de Andrade.<br \/>\nEm 1998, nova contrata\u00e7\u00e3o de professor visitante foi necess\u00e1ria para substituir os professores Fernando Moreira da Silva e Joedla Rodrigues de Lima que, tendo passado em concurso p\u00fablico para outras Universidades, deixaram a vac\u00e2ncia\u00a0 no Curso Tamb\u00e9m se ausentaram os professores H\u00e9lio de Oliveira Nascimento e Jo\u00e3o Damasceno que foram cursar mestrados nas cidades de Aracaj\u00fa (SE) e Recife (PE), respectivamente.\u00a0 Desta vez foram contratados os professores doutorandos Jos\u00e9 Sidney Pereira e Jos\u00e9 Eust\u00e1quio Rangel de Queiroz e as mestres M\u00e1rcia Rejane de Queiroz Almeida Azevedo e Maria Aparecida da Silva.<br \/>\nA preocupa\u00e7\u00e3o do Curso de Geografia da UEPB com a melhoria do ensino e com a reelabora\u00e7\u00e3o do curr\u00edculo para capacitar melhor o aluno, levando-o a acompanhar as mudan\u00e7as e prepar\u00e1-lo para o novo mil\u00eanio, fez com que, em novembro de 1993, o curso elaborasse o I Semin\u00e1rio Interno com o objetivo de \u201cRepensar o Curr\u00edculo de Geografia\u201d. Os palestrantes do evento foram os professores Ant\u00f4nio Moacir Madruga e Arlete Pereira de Moura, ambos do Campus I da UFPB.<br \/>\nO debate entre alunos (efetivos e egressos) e professores da Universidade Estadual da Para\u00edba teve a interse\u00e7\u00e3o dos coordenadores Mar\u00edlia Maria Quirino Ramos (UEPB &#8211; Campina Grande) e Jos\u00e9 Eduardo Santana (UEPB \u2013 Guarabira). Desde aquele momento, j\u00e1 se pensava a integra\u00e7\u00e3o entre licenciatura e bacharelado numa perspectiva de n\u00e3o dissociar o ensino da pesquisa, bem como na forma\u00e7\u00e3o de um profissional capacitado para atender as exig\u00eancias do mercado.<br \/>\nEm 1997, a Reitoria da UEPB encaminhou documento intitulado \u201cA Reforma Necess\u00e1ria\u201d na qual entre outras mudan\u00e7as previstas para a Universidade Estadual da Para\u00edba estava a reformula\u00e7\u00e3o dos Curr\u00edculos de todos os cursos oferecidos pela Institui\u00e7\u00e3o. Esta exig\u00eancia se fez necess\u00e1ria\u00a0 a todas as universidades do pa\u00eds com o objetivo imediato de avaliar os cursos e as pr\u00f3prias universidades.<br \/>\nForam designados para compor a comiss\u00e3o de Reformula\u00e7\u00e3o Curricular do Curso de Geografia os Professores: Antonio Albuqueque da Costa, Mar\u00edlia Maria Quirino Ramos, Ozeas Jord\u00e3o da Silva, Jo\u00e3o Damasceno, Joana D\u2019arc Ara\u00fajo Ferreira N\u00f3brega e o aluno Jos\u00e9 Ednaldo da Silva. Posteriormente o professor Jo\u00e3o Damasceno se afastou do Curso para realiza\u00e7\u00e3o do mestrado na Universidade Federal de Pernambuco e foram incorporadas \u00e0 equipe as professoras Maria Braga de S\u00e1 e Jos\u00e9lia Maria Ramos Wellen.<br \/>\nNo dia 07 de abril de 1998, foi realizada uma reuni\u00e3o com as professoras da Comiss\u00e3o Central de Reformula\u00e7\u00e3o Curricular Maria Renilde de Oliveira Sousa e Arlete Pereira de Moura com o objetivo de tra\u00e7ar as diretrizes curriculares a partir do perfil dos cursos e dos alunos. No dia 14 de abril de 1998, os cursos de\u00a0 Geografia e Hist\u00f3ria se reuniram para pensar o papel da Educa\u00e7\u00e3o e do Educador.\u00a0 Nesta discuss\u00e3o que teve a coordena\u00e7\u00e3o da professora Maria de Lourdes Lopes Ramos, dava-se o \u201cpontap\u00e9 inicial\u201d na reformula\u00e7\u00e3o que se pretendia para os referidos cursos.<\/p>\n<p style=\"text-align: justify;\"><span style=\"text-decoration: underline;\"><strong>OBJETIVOS \/ MISS\u00c3O<\/strong><\/span><\/p>\n<p style=\"text-align: justify;\">O Curso de Geografia tem como objetivo principal, a forma\u00e7\u00e3o de professores para o exerc\u00edcio do magist\u00e9rio no ensino fundamental e m\u00e9dio, oportunizando condi\u00e7\u00f5es te\u00f3rico-reflexivas necess\u00e1rias \u00e0s experi\u00eancias interdisciplinares.<br \/>\nO Curso de Geografia tem ainda, por objetivo, habilitar o licenciado para as pr\u00e1ticas da pesquisa e extens\u00e3o, situa\u00e7\u00f5es que, juntamente com o ensino, s\u00e3o indissoci\u00e1veis e indisciplinares na\u00a0 produ\u00e7\u00e3o e no conhecimento geogr\u00e1fico.<\/p>\n<p style=\"text-align: justify;\">O Curso de Geografia tem como miss\u00e3o garantir a seus discentes atividades, conhecimentos e habilidades capazes de lhes proporcionar condi\u00e7\u00f5es para desenvolver m\u00faltiplas compet\u00eancias que influenciam a forma\u00e7\u00e3o de um ser humano integral capaz de assumir responsabilidades e realizar transforma\u00e7\u00f5es na rela\u00e7\u00e3o entre o homem e a natureza.<\/p>\n<p><span style=\"text-decoration: underline;\"><strong>INFORMA\u00c7\u00d5ES GERAIS<\/strong><\/span><\/p>\n<ul>\n<li>Modalidade\/Habilita\u00e7\u00e3o: Licenciatura Plena em Geografia;<\/li>\n<li>Titula\u00e7\u00e3o do Egresso: Licenciado em Geografia;<\/li>\n<li>Cria\u00e7\u00e3o do Curso: Resolu\u00e7\u00e3o FURNE\/CONSEPE\/016\/74 de 28 de julho de 1974;<\/li>\n<li>Reconhecimento: Portaria ministerial 455 de 21 de novembro de 1983;<\/li>\n<li>C\u00f3digo do Curso: 3011\u00a0 &#8211;\u00a0 Regime de Matr\u00edcula: Semestral;<\/li>\n<li>Regime de Funcionamento: Semestral;<\/li>\n<li>Turnos de Funcionamentos: Diurno e Noturno;<\/li>\n<\/ul>\n<p>[\/vc_column_text][\/vc_tta_section][vc_tta_section title=&#8221;Chefias e Secret\u00e1rios&#8221; tab_id=&#8221;1654263169740-0e78c882-2cfd&#8221;][vc_column_text css=&#8221;&#8221;]<strong>Chefe do Departamento<\/strong>: Prof. Dr. Alexandre Ramos<\/p>\n<p><strong>E-mail<\/strong>: ramos.alexandre888@servidor.uepb.edu.br<\/p>\n<p>&nbsp;<\/p>\n<p><strong>Chefe Adjunto do Departamento<\/strong>: Profa. Dra. Josandra Ara\u00fajo Barreto de Melo<\/p>\n<p><strong>E-mail<\/strong>:\u00a0 josandraaraujobarretodemelo@servidor.uepb.edu.br<\/p>\n<p>&nbsp;<\/p>\n<p><strong>Coordenadora do Curso<\/strong>: Profa. Dra. Auric\u00e9lia Lopes Pereira<\/p>\n<p><strong>E-mail<\/strong>: auricelia2420@servidor.uepb.edu.br<\/p>\n<p>&nbsp;<\/p>\n<p><strong>Coordenador Adjunto do Curso<\/strong>:\u00a0Prof. Dr. Jos\u00e9 Adilson Filho<\/p>\n<p><strong>E-mail<\/strong>: adilsonfilho@servidor.uepb.edu.br<\/p>\n<p>&nbsp;<\/p>\n<p><strong>Secret\u00e1rios(as)<\/strong>:<\/p>\n<ul>\n<li>Anderson Renan Silva de Queiroz (Coordena\u00e7\u00e3o).<\/li>\n<\/ul>\n<p>[\/vc_column_text][\/vc_tta_section][vc_tta_section title=&#8221;Hor\u00e1rio de Funcionamento&#8221; tab_id=&#8221;1654263197631-dd8ec379-dc38&#8243;][vc_column_text css=&#8221;&#8221;]Das 07h \u00e0s 12h e das 18h30min \u00e0s 21h30min.[\/vc_column_text][\/vc_tta_section][vc_tta_section title=&#8221;Laborat\u00f3rios&#8221; tab_id=&#8221;1654263203535-2db0d0b4-c147&#8243;][vc_column_text]<span style=\"text-decoration: underline;\"><strong>Laborat\u00f3rio de Cartografia e Geomorfologia<br \/>\n<\/strong><\/span><\/p>\n<p>Localiza\u00e7\u00e3o: sala: 341, 3\u00ba andar<\/p>\n<p><span style=\"text-decoration: underline;\"><strong>Laborat\u00f3rio de Geologia<\/strong><\/span><\/p>\n<p class=\"hide-if-no-js\">Localiza\u00e7\u00e3o: sala: 342 , 3\u00ba andar<\/p>\n<p><span style=\"text-decoration: underline;\"><strong>Laborat\u00f3rio de Sensoriamento Remoto<\/strong><\/span><\/p>\n<p class=\"hide-if-no-js\">Localiza\u00e7\u00e3o: sala: 349, 3\u00ba andar<\/p>\n<p><span style=\"text-decoration: underline;\"><strong>Laborat\u00f3rio de Estudos Geogr\u00e1ficos (LAEG)<\/strong><\/span><\/p>\n<p class=\"hide-if-no-js\">Localiza\u00e7\u00e3o: sala: 350, 3\u00ba andar<\/p>\n<p>[\/vc_column_text][\/vc_tta_section][vc_tta_section title=&#8221;Ementas&#8221; tab_id=&#8221;1654263204423-54b55949-10c4&#8243;][vc_column_text]<a href=\"https:\/\/centros.uepb.edu.br\/ceduc\/download\/ementas-geografia\/\">Clique Aqui\u00a0<\/a>para baixar todas as Ementas do Curso de Geografia[\/vc_column_text][\/vc_tta_section][\/vc_tta_tabs][\/vc_column][\/vc_row]<\/p>\n<\/div>","protected":false},"excerpt":{"rendered":"<p>[vc_row][vc_column][vc_tta_tabs][vc_tta_section title=&#8221;Sobre o Curso&#8221; tab_id=&#8221;1654263169727-fd795089-f7d8&#8243;][vc_column_text]APRESENTA\u00c7\u00c3O O Curso de Licenciatura Plena em Geografia da UEPB tem sua hist\u00f3ria inserida na outrora FURNE \u2013 Funda\u00e7\u00e3o da Universidade Regional do Nordeste. O curso foi criado no dia 28\/07\/1974, pelo CONSEPE-FURNE, atrav\u00e9s da Resolu\u00e7\u00e3o 016\/74, em atendimento \u00e0 solicita\u00e7\u00e3o feita pelo Departamento de Filosofia e Ci\u00eancias Humanas (Processo 000962 <a class=\"leiamais\" href=\"https:\/\/centros.uepb.edu.br\/ceduc\/geografia\/\">Leia Mais&#8230;<\/a><\/p>\n","protected":false},"author":15,"featured_media":0,"parent":0,"menu_order":20,"comment_status":"open","ping_status":"open","template":"","meta":{"footnotes":""},"class_list":["post-410","page","type-page","status-publish","hentry"],"jetpack_sharing_enabled":true,"_links":{"self":[{"href":"https:\/\/centros.uepb.edu.br\/ceduc\/wp-json\/wp\/v2\/pages\/410","targetHints":{"allow":["GET"]}}],"collection":[{"href":"https:\/\/centros.uepb.edu.br\/ceduc\/wp-json\/wp\/v2\/pages"}],"about":[{"href":"https:\/\/centros.uepb.edu.br\/ceduc\/wp-json\/wp\/v2\/types\/page"}],"author":[{"embeddable":true,"href":"https:\/\/centros.uepb.edu.br\/ceduc\/wp-json\/wp\/v2\/users\/15"}],"replies":[{"embeddable":true,"href":"https:\/\/centros.uepb.edu.br\/ceduc\/wp-json\/wp\/v2\/comments?post=410"}],"version-history":[{"count":0,"href":"https:\/\/centros.uepb.edu.br\/ceduc\/wp-json\/wp\/v2\/pages\/410\/revisions"}],"wp:attachment":[{"href":"https:\/\/centros.uepb.edu.br\/ceduc\/wp-json\/wp\/v2\/media?parent=410"}],"curies":[{"name":"wp","href":"https:\/\/api.w.org\/{rel}","templated":true}]}}