{"id":490,"date":"2018-05-24T12:04:02","date_gmt":"2018-05-24T12:04:02","guid":{"rendered":"https:\/\/centros.uepb.edu.br\/ccts\/?page_id=490"},"modified":"2025-02-19T13:04:52","modified_gmt":"2025-02-19T13:04:52","slug":"odontologia-pesquisa","status":"publish","type":"page","link":"https:\/\/centros.uepb.edu.br\/ccts\/odontologia-pesquisa\/","title":{"rendered":"Odontologia &#8211; Pesquisa"},"content":{"rendered":"<table style=\"height: 20589px\" width=\"1593\">\n<tbody>\n<tr>\n<td style=\"text-align: center\" width=\"285\"><strong>TITULO<\/strong><\/td>\n<td style=\"text-align: center\" width=\"499\"><strong>RESUMO<\/strong><\/td>\n<td style=\"text-align: center\" width=\"285\"><strong>DOCENTES RESPONS\u00c1VEIS<\/strong><\/td>\n<td style=\"text-align: center\" width=\"125\"><strong>QUANTIDADE DE DISCENTES ENVOLVIDOS<\/strong><\/td>\n<td style=\"text-align: center\" width=\"152\"><strong>QUANTIDADE DE T\u00c9CNICOS ENVOLVIDOS<\/strong><\/td>\n<td style=\"text-align: center\" width=\"180\"><strong>TIPOLOGIA (PIBIC\/PIBIC_AF\/PIBIC_EM, PIBITI ou Outro)<\/strong><\/td>\n<td style=\"text-align: center\" width=\"137\"><strong>POSSUI FINANCIAMENTO?<\/strong><\/td>\n<\/tr>\n<tr>\n<td width=\"285\">USO DA PDT (TERAPIA FOTODIN\u00c2MICA) COM AZUL DE METILENO A 0,1% ASSOCIADO AO PER\u00d3XIDO DE HIDROG\u00caNIO NO TRATAMENTO DA ESTOMATITE PROT\u00c9TICA: UM ESTUDO IN VIVO<\/td>\n<td width=\"499\">Objetiva-se avaliar a efic\u00e1cia da Terapia Fotodin\u00e2mica mediada por Azul de Metileno na concentra\u00e7\u00e3o de 0,1% (PDT+AM\/0,1%), no tratamento da Estomatite Prot\u00e9tica, de forma a investigar a efic\u00e1cia do Per\u00f3xido de Hidrog\u00eanio associado ao Azul de Metileno no tratamento da Estomatite Prot\u00e9tica aplicada durante um per\u00edodo de 10 minutos na cavidade oral do paciente. A presente pesquisa apresenta car\u00e1ter intervencional, prospectivo, do tipo ensaio cl\u00ednico, simples cego, com abordagem quantitativa. As vari\u00e1veis independentes coletadas ser\u00e3o: dados pessoais, condi\u00e7\u00e3o de higiene oral e da pr\u00f3tese dent\u00e1ria, tempo de uso da pr\u00f3tese e diagn\u00f3stico de Estomatite Prot\u00e9tica, que ser\u00e3o contrastadas com as vari\u00e1veis dependentes: aspectos cl\u00ednicos e micol\u00f3gicos dos pacientes tratados com PDT+AM\/0,1%, no tempo de pr\u00e9-irradia\u00e7\u00e3o de 10 minutos. As caracter\u00edsticas cl\u00ednicas e micol\u00f3gicas ser\u00e3o coletadas por meio de exames realizados por pesquisadores previamente calibrados, em dois tempos: inicial e ap\u00f3s tratamento. A an\u00e1lise estat\u00edstica dos dados ser\u00e1 realizada com o aux\u00edlio da estat\u00edstica descritiva e anal\u00edtica, com o aux\u00edlio do programa Statistical Program Software (SPSS\u00ae) 22.0 (SPSS Inc., Chicago, USA).\u00a0 Dessa forma, diante da realidade social desfavor\u00e1vel da popula\u00e7\u00e3o na regi\u00e3o estudada, essa pesquisa tem como meta estabelecer um protocolo cl\u00ednico utilizando um fotossensibilizador acess\u00edvel e de baixo custo, como o Azul de Metileno associado ao per\u00f3xido de hidrog\u00eanio, al\u00e9m de um tempo operat\u00f3rio mais eficaz e confort\u00e1vel ao paciente, para o tratamento da Estomatite Pr\u00f3t\u00e9tica.<\/td>\n<td width=\"285\">S\u00e9rgio Henrique Gon\u00e7alves de Carvalho<\/td>\n<td width=\"125\">1<\/td>\n<td width=\"152\">Nenhum<\/td>\n<td width=\"180\">PIBIC &#8211; UEPB\/CNPq com Bolsa<\/td>\n<td width=\"137\">Nenhum<\/td>\n<\/tr>\n<tr>\n<td width=\"285\">AN\u00c1LISE DA CICATRIZA\u00c7\u00c3O DE CIRURGIAS REALIZADAS COM LASER DE DIODO DE ALTA POT\u00caNCIA NA CAVIDADE ORAL: UM ESTUDO PROSPECTIVO.<\/td>\n<td width=\"499\">O objetivo deste trabalho \u00e9 avaliar o p\u00f3s-operat\u00f3rio de pacientes atendidos na Cl\u00ednica-Escola do Curso de Odontologia, da UEPB\/Campus VIII que foram submetidos a cirurgia na cavidade oral com o uso do laser de diodo de alta pot\u00eancia. Ser\u00e1 realizado um estudo observacional, prospectivo, por meio do acompanhamento dos pacientes que foram submetidos aos procedimentos excisionais. A amostra ser\u00e1 composta por todos os pacientes diagnosticados com les\u00f5es presentes na cavidade oral no per\u00edodo da pesquisa e que consentirem livremente sua participa\u00e7\u00e3o no estudo. A an\u00e1lise cl\u00ednica p\u00f3s-operat\u00f3ria ser\u00e1 feita pelas vari\u00e1veis: (1) dura\u00e7\u00e3o da cirurgia; (2) sangramento; (3) dor p\u00f3s-operat\u00f3ria; (4) uso de analg\u00e9sico; (5) satisfa\u00e7\u00e3o do paciente, e a cicatriza\u00e7\u00e3o ser\u00e1 avaliada de acordo com o instrumento para avalia\u00e7\u00e3o de cicatriza\u00e7\u00e3o de feridas RESVECH 2.0, modificado para avalia\u00e7\u00e3o de ferida na mucosa oral, com an\u00e1lise das vari\u00e1veis: (1) dimens\u00f5es da les\u00e3o, (2) profundidade\/tecidos afetados, (3) bordas, (4) tipo de tecido no leito da ferida, (5) exsudato e (6) inflama\u00e7\u00e3o\/infec\u00e7\u00e3o. A avalia\u00e7\u00e3o ser\u00e1 realizada no p\u00f3s-operat\u00f3rio imediato; e na proserva\u00e7\u00e3o nos tempos de: 7, 21 e 30 dias. Os dados ser\u00e3o catalogados em uma ficha cl\u00ednica elaborada para esta pesquisa, e analisados por estat\u00edstica descritiva e anal\u00edtica. As vari\u00e1veis categ\u00f3ricas ser\u00e3o analisadas por meio dos testes de Qui-quadrado e Exato de Fisher; as num\u00e9ricas, por meio do teste T de Student. As an\u00e1lises multivariadas ser\u00e3o analisadas por meio de Regress\u00e3o Log\u00edstica Linear. O n\u00edvel de signific\u00e2ncia adotado ser\u00e1 de 0,05%<\/td>\n<td width=\"285\">S\u00e9rgio Henrique Gon\u00e7alves de Carvalho<\/td>\n<td width=\"125\">1<\/td>\n<td width=\"152\">Nenhum<\/td>\n<td width=\"180\">PIBIC &#8211; UEPB\/CNPq com Bolsa<\/td>\n<td width=\"137\">Nenhum<\/td>\n<\/tr>\n<tr>\n<td width=\"285\">AUTOPERCEP\u00c7\u00c3O DA COMUNIDADE QUILOMBOLA CRUZ DA MENINA COM RELA\u00c7\u00c3O \u00c0 NECESSIDADE DE EXODONTIA<\/td>\n<td width=\"499\">Em um contexto de desigualdade e racismo, as comunidades quilombolas foram formadas em busca de liberdade e pol\u00edticas inclusivas. Suas dificuldades em acesso \u00e0 sa\u00fade representam vulnerabilidade, afetando a autopercep\u00e7\u00e3o da sa\u00fade bucal. A exodontia \u00e9 um dos procedimentos mais buscado pelos usu\u00e1rios nas inst\u00e2ncias de sa\u00fade p\u00fablica para tratar problemas dent\u00e1rios, gerando conflitos entre a vontade pessoal e as indica\u00e7\u00f5es t\u00e9cnicas para o dente afetado. Esta pesquisa objetiva analisar a autopercep\u00e7\u00e3o da comunidade quilombola sobre a necessidade de extra\u00e7\u00e3o dent\u00e1ria e os fatores que influenciam a escolha por um tratamento radical. \u00c9 um estudo quantitativo, descritivo e anal\u00edtico, com desenho transversal, envolvendo usu\u00e1rios de 18 a 65 anos da comunidade quilombola Cruz da Menina, em Dona In\u00eas &#8211; PB. Considerando uma margem de erro de 5% e intervalo de confian\u00e7a de 95%, a amostra ser\u00e1 de 189 pessoas, sorteadas por amostragem aleat\u00f3ria simples. O pesquisador conduzir\u00e1 entrevistas e exames cl\u00ednicos por meio de formul\u00e1rios nas resid\u00eancias dos selecionados. A an\u00e1lise estat\u00edstica bivariada utilizar\u00e1 o teste Qui-Quadrado de independ\u00eancia, com intervalo de confian\u00e7a de 95%. Espera-se, com este estudo, conhecer a percep\u00e7\u00e3o sobre a necessidade de extra\u00e7\u00e3o dent\u00e1ria e o perfil de sa\u00fade oral da comunidade, obtendo informa\u00e7\u00f5es que subsidiem o planejamento e execu\u00e7\u00e3o de programas ou campanhas de promo\u00e7\u00e3o da sa\u00fade bucal para a popula\u00e7\u00e3o quilombola.<\/td>\n<td width=\"285\">Pierre Andrade Pereira de Oliveira<\/td>\n<td width=\"125\">1<\/td>\n<td width=\"152\">Nenhum<\/td>\n<td width=\"180\">PIBIC &#8211; UEPB\/CNPq com Bolsa<\/td>\n<td width=\"137\">Nenhum<\/td>\n<\/tr>\n<tr>\n<td width=\"285\">AN\u00c1LISE DO \u00cdNDICE CPO-D DE GESTANTES QUE UTILIZAM AS UNIDADES DE SA\u00daDE DA FAM\u00cdLIA NA ZONA URBANA E RURAL DA CIDADE DE ARARUNA\/PB<\/td>\n<td width=\"499\">Durante a gravidez, a ocorr\u00eancia de c\u00e1ries dent\u00e1rias pode resultar em complica\u00e7\u00f5es como parto prematuro e baixo peso ao nascer. Devido \u00e0s altera\u00e7\u00f5es hormonais e mudan\u00e7as nos h\u00e1bitos alimentares, as mulheres gr\u00e1vidas s\u00e3o mais vulner\u00e1veis ao desenvolvimento de c\u00e1ries. Monitorar e tratar a sa\u00fade bucal das gestantes, especialmente no que diz respeito \u00e0s c\u00e1ries, \u00e9 essencial para garantir uma gravidez saud\u00e1vel e prevenir complica\u00e7\u00f5es que possam afetar tanto a sa\u00fade da m\u00e3e quanto a do beb\u00ea. O objetivo deste estudo \u00e9 analisar o \u00edndice CPO-D de gr\u00e1vidas em servi\u00e7os de sa\u00fade bucal das Unidades B\u00e1sicas de Sa\u00fade na zona urbana e rural da cidade de Araruna\/PB. Trata-se de um estudo epidemiol\u00f3gico do tipo transversal, com abordagem quantitativa, descritiva e anal\u00edtica. A pesquisa ser\u00e1 realizada com amostra do tipo censit\u00e1ria, com todas as gestantes com idade acima de 18 anos que estejam sendo acompanhadas nas Unidades B\u00e1sicas de Sa\u00fade. Os dados ser\u00e3o obtidos atrav\u00e9s da implementa\u00e7\u00e3o de um question\u00e1rio com vari\u00e1veis socioecon\u00f4micas, de acesso aos servi\u00e7os de sa\u00fade, hist\u00f3rico gestacional, \u00edndice CPO-D, higiene bucal e conhecimento sobre sa\u00fade bucal. A an\u00e1lise ser\u00e1 realizada de forma univariada e bivariada, e ser\u00e1 utilizado o teste de Qui quadrado de independ\u00eancia, com intervalo de confian\u00e7a de 95%. Espera-se com este estudo identificar a experi\u00eancia da gr\u00e1vida com a doen\u00e7a c\u00e1rie, assim como, os fatores associados e obter maiores informa\u00e7\u00f5es que sirvam como subs\u00eddio para o planejamento e execu\u00e7\u00e3o de campanhas de promo\u00e7\u00e3o em sa\u00fade bucal \u00e0 popula\u00e7\u00e3o.<\/td>\n<td width=\"285\">Pierre Andrade Pereira de Oliveira<\/td>\n<td width=\"125\">1<\/td>\n<td width=\"152\">Nenhum<\/td>\n<td width=\"180\">PIBIC &#8211; UEPB\/CNPq com Bolsa<\/td>\n<td width=\"137\">Nenhum<\/td>\n<\/tr>\n<tr>\n<td width=\"285\">ASSOCIA\u00c7\u00c3O ENTRE CONDI\u00c7\u00d5ES SOCIOECON\u00d4MICAS E O RISCO DE C\u00c1RIES DENT\u00c1RIAS NA POPULA\u00c7\u00c3O ATENDIDA NA CL\u00cdNICA ESCOLA DA UNIVERSIDADE ESTADUAL DA PARA\u00cdBA &#8211; CAMPUS VIII.<\/td>\n<td width=\"499\">A c\u00e1rie dent\u00e1ria se caracteriza por ser uma das condi\u00e7\u00f5es bucais mais prevalentes e impactantes globalmente, sendo o resultado de uma intera\u00e7\u00e3o complexa de diversos fatores. O objetivo desta pesquisa \u00e9 investigar o risco de c\u00e1rie dent\u00e1ria e sua correla\u00e7\u00e3o com as condi\u00e7\u00f5es socioecon\u00f4micas dos pacientes atendidos na Cl\u00ednica Escola da Universidade Estadual da Para\u00edba, situada em Araruna-PB. Para alcan\u00e7ar este objetivo, ser\u00e1 empregada uma abordagem transversal com amostragem censit\u00e1ria, englobando todos os pacientes registrados na Cl\u00ednica Integrada de Acolhimento e Aten\u00e7\u00e3o B\u00e1sica, porta de entrada nos servi\u00e7os oferecidos na Universidade, durante os anos de 2024 e 2025. A coleta de dados ser\u00e1 realizada por meio de uma an\u00e1lise documental dos prontu\u00e1rios dos pacientes, visando extrair informa\u00e7\u00f5es relevantes para o estudo. Os dados ser\u00e3o sistematicamente inseridos em formul\u00e1rios espec\u00edficos e, posteriormente, organizados em um banco de dados utilizando o software SPSS. As an\u00e1lises estat\u00edsticas englobar\u00e3o t\u00e9cnicas descritivas univariadas e bivariadas, com a aplica\u00e7\u00e3o de c\u00e1lculos de frequ\u00eancias absolutas e percentuais. Os resultados obtidos ser\u00e3o minuciosamente discutidos e analisados para identificar padr\u00f5es e correla\u00e7\u00f5es significativas entre o risco de c\u00e1rie e as condi\u00e7\u00f5es socioecon\u00f4micas dos pacientes.<\/td>\n<td width=\"285\">Pierre Andrade Pereira de Oliveira<\/td>\n<td width=\"125\">1<\/td>\n<td width=\"152\">Nenhum<\/td>\n<td width=\"180\">PIBIC\/FAPESq com Bolsa<\/td>\n<td width=\"137\">Nenhum<\/td>\n<\/tr>\n<tr>\n<td width=\"285\">USO DA PDT (TERAPIA FOTODIN\u00c2MICA) COM AZUL DE METILENO A 0,1% ASSOCIADO AO PER\u00d3XIDO DE HIDROG\u00caNIO NO TRATAMENTO DA ESTOMATITE PROT\u00c9TICA: UM ESTUDO IN VIVO<\/td>\n<td width=\"499\">Objetiva-se avaliar a efic\u00e1cia da Terapia Fotodin\u00e2mica mediada por Azul de Metileno na concentra\u00e7\u00e3o de 0,1% (PDT+AM\/0,1%), no tratamento da Estomatite Prot\u00e9tica, de forma a investigar a efic\u00e1cia do Per\u00f3xido de Hidrog\u00eanio associado ao Azul de Metileno no tratamento da Estomatite Prot\u00e9tica aplicada durante um per\u00edodo de 10 minutos na cavidade oral do paciente. A presente pesquisa apresenta car\u00e1ter intervencional, prospectivo, do tipo ensaio cl\u00ednico, simples cego, com abordagem quantitativa. As vari\u00e1veis independentes coletadas ser\u00e3o: dados pessoais, condi\u00e7\u00e3o de higiene oral e da pr\u00f3tese dent\u00e1ria, tempo de uso da pr\u00f3tese e diagn\u00f3stico de Estomatite Prot\u00e9tica, que ser\u00e3o contrastadas com as vari\u00e1veis dependentes: aspectos cl\u00ednicos e micol\u00f3gicos dos pacientes tratados com PDT+AM\/0,1%, no tempo de pr\u00e9-irradia\u00e7\u00e3o de 10 minutos. As caracter\u00edsticas cl\u00ednicas e micol\u00f3gicas ser\u00e3o coletadas por meio de exames realizados por pesquisadores previamente calibrados, em dois tempos: inicial e ap\u00f3s tratamento. A an\u00e1lise estat\u00edstica dos dados ser\u00e1 realizada com o aux\u00edlio da estat\u00edstica descritiva e anal\u00edtica, com o aux\u00edlio do programa Statistical Program Software (SPSS\u00ae) 22.0 (SPSS Inc., Chicago, USA).\u00a0 Dessa forma, diante da realidade social desfavor\u00e1vel da popula\u00e7\u00e3o na regi\u00e3o estudada, essa pesquisa tem como meta estabelecer um protocolo cl\u00ednico utilizando um fotossensibilizador acess\u00edvel e de baixo custo, como o Azul de Metileno associado ao per\u00f3xido de hidrog\u00eanio, al\u00e9m de um tempo operat\u00f3rio mais eficaz e confort\u00e1vel ao paciente, para o tratamento da Estomatite Pr\u00f3t\u00e9tica.<\/td>\n<td width=\"285\">Gustavo Gomes Agripino<\/td>\n<td width=\"125\">1<\/td>\n<td width=\"152\">Nenhum<\/td>\n<td width=\"180\">PIBIC &#8211; UEPB\/CNPq com Bolsa<\/td>\n<td width=\"137\">Nenhum<\/td>\n<\/tr>\n<tr>\n<td width=\"285\">AVALIA\u00c7\u00c3O DO RISCO DE TRANSFORMA\u00c7\u00c3O MALIGNA DA QUEILITE ACT\u00cdNICA PELO USO DO SISTEMA BIN\u00c1RIO DE AN\u00c1LISE DA DISPLASIA EPITELIAL, JUNTAMENTE COM A CLASSIFICA\u00c7\u00c3O DA DISPLASIA PELA OMS<\/td>\n<td width=\"499\">O objetivo desse trabalho \u00e9 avaliar o risco de transforma\u00e7\u00e3o maligna da Queilite Act\u00ednica (QA) pelo uso do sistema bin\u00e1rio de an\u00e1lise da displasia epitelial (DE), juntamente com a classifica\u00e7\u00e3o da DE da OMS, em pacientes atendidos na Cl\u00ednica-Escola do Curso de Odontologia, da UEPB\/Campus VIII. Ser\u00e1 realizado um estudo transversal, por meio da an\u00e1lise histopatol\u00f3gica das l\u00e2minas coradas em Hematoxilina e Eosina (HE) de pacientes diagnosticados clinicamente com QA, os quais foram submetidos a bi\u00f3psia. A amostra ser\u00e1 composta por todas as l\u00e2minas histol\u00f3gicas oriundas das bi\u00f3psias realizadas nos pacientes atendidos na Cl\u00ednica Escola de Odontologia da UEPB\/Campus VIII, diagnosticados histopatologicamente com QA no per\u00edodo da pesquisa e que consentirem livremente sua participa\u00e7\u00e3o no estudo. As pe\u00e7as oriundas das bi\u00f3psias ser\u00e3o processadas no Laborat\u00f3rio de Histopatologia da Centro de Ci\u00eancias, Tecnologia e Sa\u00fade, da Universidade Estadual da Para\u00edba, Campus VIII. Ser\u00e3o realizados cortes de 5 \u03bcm de espessura, que ser\u00e3o desparafinizados e corados por hematoxilina\/eosina. A an\u00e1lise morfol\u00f3gica e classifica\u00e7\u00e3o histopatol\u00f3gica ser\u00e1 realizada por dois patologistas experientes. Os crit\u00e9rios de classifica\u00e7\u00e3o para a avalia\u00e7\u00e3o e grada\u00e7\u00e3o das DE ser\u00e3o os estabelecidos pela OMS (Barney, 2005) e os crit\u00e9rios para a classifica\u00e7\u00e3o de Baixo Risco ou Alto Risco de transforma\u00e7\u00e3o maligna ser\u00e3o os recomendados por Kujan et al (2006), denominado sistema bin\u00e1rio. Ser\u00e3o classificados como Baixa Risco os casos cujas l\u00e2minas apresentarem menos de 4 altera\u00e7\u00f5es arquitet\u00f4nicas ou menos de 5 altera\u00e7\u00f5es citol\u00f3gicas; e como Alto Risco aqueles cujas l\u00e2minas apresentarem pelo menos quatro altera\u00e7\u00f5es arquitet\u00f4nicas e cinco altera\u00e7\u00f5es citol\u00f3gicas. Os dados ser\u00e3o catalogados em uma ficha elaborada para esta pesquisa, e analisados por estat\u00edstica descritiva e anal\u00edtica. As vari\u00e1veis categ\u00f3ricas ser\u00e3o analisadas por meio dos testes de Qui-quadrado e Exato de Fisher; as num\u00e9ricas, por meio do teste T de Student. As an\u00e1lises multivariadas ser\u00e3o analisadas por meio de Regress\u00e3o Log\u00edstica Linear. O n\u00edvel de signific\u00e2ncia adotado ser\u00e1 de 0,05%. A amostragem n\u00e3o-probabil\u00edstica ser\u00e1 selecionada entre o per\u00edodo de setembro\/2024 a agosto\/2025<\/td>\n<td width=\"285\">Gustavo Gomes Agripino<\/td>\n<td width=\"125\">1<\/td>\n<td width=\"152\">Nenhum<\/td>\n<td width=\"180\">PIBIC &#8211; UEPB\/CNPq com Bolsa<\/td>\n<td width=\"137\">Nenhum<\/td>\n<\/tr>\n<tr>\n<td width=\"285\">INFLU\u00caNCIA DOS MATERIAIS DE BLINDAGEM PROVIS\u00d3RIA NA MICROINFILTRA\u00c7\u00c3O DO TRATAMENTO ENDOD\u00d4NTICO<\/td>\n<td width=\"499\">O selamento coron\u00e1rio, juntamente com a obtura\u00e7\u00e3o do canal radicular, cria um ambiente favor\u00e1vel ao reparo dos tecidos periapicais, que \u00e9 o objetivo final do tratamento endod\u00f4ntico. Al\u00e9m disso, um bom selamento tempor\u00e1rio evita a recontamina\u00e7\u00e3o entre as sess\u00f5es do tratamento endod\u00f4ntico e protege a medica\u00e7\u00e3o intracanal. Diversos estudos t\u00eam investigado a efic\u00e1cia do vedamento marginal das restaura\u00e7\u00f5es tempor\u00e1rias. Este trabalho tem como objetivo avaliar a infiltra\u00e7\u00e3o marginal na por\u00e7\u00e3o coron\u00e1ria de dentes que foram tratados com subst\u00e2ncias qu\u00edmicas usadas no tratamento endod\u00f4ntico e selados com seis diferentes materiais provis\u00f3rios. Por meio de um estudo laboratorial ser\u00e3o utilizados 90 molares humanos h\u00edgidos, divididos em seis grupos experimentais de acordo com o material selador provis\u00f3rio empregado: cimento de \u00f3xido de zinco e eugenol, restaurador provis\u00f3rio, cimento de ion\u00f4mero de vidro autopolimeriz\u00e1vel, cimento de ion\u00f4mero de vidro fotopolimeriz\u00e1vel, resina composta e dupla prote\u00e7\u00e3o (resina de 3 mm mais 1 mm de barreira gengival). Ser\u00e1 utilizado o azul de metileno como forma de avaliar a microinfiltra\u00e7\u00e3o coron\u00e1ria, os dentes ser\u00e3o avaliados em tr\u00eas tempos, sendo 7, 14 e 30 dias por meio de imagens microsc\u00f3picas com aumento de 40X. Os dados obtidos ser\u00e3o registrados e submetidos a uma an\u00e1lise descritiva. A an\u00e1lise permitir\u00e1 verificar a efic\u00e1cia dos materiais restauradores utilizados na blindagem coron\u00e1ria. Espera-se que os resultados obtidos neste projeto sejam organizados para a elabora\u00e7\u00e3o de um manuscrito cient\u00edfico para posterior publica\u00e7\u00e3o, alertando os cirurgi\u00f5es-dentistas sobre a import\u00e2ncia da escolha correta do material restaurador para garantir o sucesso cl\u00ednico do procedimento.<\/td>\n<td width=\"285\">Robeci Alves Mac\u00eado Filho<\/td>\n<td width=\"125\">1<\/td>\n<td width=\"152\">Nenhum<\/td>\n<td width=\"180\">PIBIC &#8211; UEPB\/CNPq com Bolsa<\/td>\n<td width=\"137\">Nenhum<\/td>\n<\/tr>\n<tr>\n<td width=\"285\">TRATAMENTO ENDODONTICO E QUALIDADE DE VIDA: AN\u00c1LISE DOS IMPACTOS E GRAU DE SATISFA\u00c7\u00c3O DOS PACIENTES ATENDIDOS NA CL\u00cdNICA ESCOLA DA UEPB CAMPUS VIII<\/td>\n<td width=\"499\">O tratamento endod\u00f4ntico tem como objetivo a desinfec\u00e7\u00e3o dos canais radiculares de poss\u00edveis microrganismos patog\u00eanicos, a correta desinfec\u00e7\u00e3o, assim como o protocolo correto, determina o sucesso ou o insucesso do tratamento realizado, com isso, para que o sucesso seja alcan\u00e7ado o profissional deve estar bem preparado, deve usar os instrumentos e materiais corretos, empregar boas t\u00e9cnicas que sejam corretas e atualizadas, para que no final consiga-se alcan\u00e7ar o resultado esperado, um tratamento endod\u00f4ntico bem sucedido e com regress\u00e3o do quadro sin\u00e1lgico e patol\u00f3gico do paciente. O projeto tem como fito realizar a proserva\u00e7\u00e3o dos tratamentos que foram executados\u00a0 na cl\u00ednica escola da UEPB, no campus Araruna, com isso, poder\u00e1 ser feito um levanto da qualidade dessas interven\u00e7\u00f5es endod\u00f4nticas realizadas pelos graduandos, onde ser\u00e1 poss\u00edvel observar os pontos positivos e os pontos negativos, e com base nisso desenvolver metas para a melhoria desses atendimentos, assim como saber qual o perfil dos pacientes que foram atendidos. Para participar da pesquisa o paciente deve estar consciente do que ela se trata e para isso ele deve assinar o termo de consentimento livre e esclarecido. Atrav\u00e9s de question\u00e1rios e perguntas ser\u00e1 poss\u00edvel tra\u00e7ar o perfil sociodemogr\u00e1fico do paciente, como saber seu grau de escolaridade e renda per capita, o seu grau de satisfa\u00e7\u00e3o depois da interven\u00e7\u00e3o endod\u00f4ntica realizada, assim como a avalia\u00e7\u00e3o cl\u00ednica da qualidade do tratamento atrav\u00e9s de uma radiografia periapical.\u00a0 Ap\u00f3s o levantamento dos dados dos participantes da pesquisa, esses ser\u00e3o avaliados de forma \u00e9tica e ser\u00e1 realizado todos os c\u00e1lculos necess\u00e1rios.<\/td>\n<td width=\"285\">Robeci Alves Mac\u00eado Filho<\/td>\n<td width=\"125\">1<\/td>\n<td width=\"152\">Nenhum<\/td>\n<td width=\"180\">PIBIC &#8211; UEPB\/CNPq com Bolsa<\/td>\n<td width=\"137\">Nenhum<\/td>\n<\/tr>\n<tr>\n<td width=\"285\">DIST\u00daRBIOS OSTEOMUSCULARES RELACIONADOS AO TRABALHO (DORT) NAS\u00a0 DIFERENTES ESPECIALIDADES ODONTOL\u00d3GICAS: Uma an\u00e1lise ergon\u00f4mica.<\/td>\n<td width=\"499\">Este estudo tem como objetivo avaliar a preval\u00eancia de dist\u00farbios osteomusculares relacionados ao trabalho (DORT) em diferentes especialidades da odontologia. O estudo cont\u00e9m duas etapas metodol\u00f3gicas que ser\u00e3o divididas nas seguintes fases: ETAPA 1 &#8211; Avalia\u00e7\u00e3o ergon\u00f4mica do ambiente, usando o m\u00e9todo ARPE, acompanhando um dia de trabalho em cada especialidade odontol\u00f3gica para identificar riscos ergon\u00f4micos, conforme a NR17 e a CIF; ETAPA 2 &#8211; Avalia\u00e7\u00e3o de uma amostra dos profissionais com formul\u00e1rios sociodemogr\u00e1ficos, ficha de avalia\u00e7\u00e3o f\u00edsica (goniometria, preens\u00e3o palmar, testes especiais) e question\u00e1rios sobre dist\u00farbios musculoesquel\u00e9ticos (QNSM) e dor (MCGILL, PCS). Os dados ser\u00e3o organizados em planilhas e um plano de a\u00e7\u00e3o ser\u00e1 elaborado com o m\u00e9todo 5W2H para reduzir riscos e aumentar a produtividade. Ser\u00e3o inclu\u00eddos na pesquisa cirurgi\u00f5es-dentistas\u00a0 com v\u00ednculo no\u00a0 Instituto Odontol\u00f3gico da Para\u00edba (IOA-IOP) que praticam suas especialidades ao menos tr\u00eas vezes por semana, pertencente ao quadro de professores e\/ou de alunos. A an\u00e1lise estat\u00edstica ser\u00e1 realizada com o programa SPSS vers\u00e3o 20.0, considerando significativos os valores de p &lt; 0,05. O estudo est\u00e1 em conformidade com a resolu\u00e7\u00e3o 466\/12 do Conselho Nacional de Sa\u00fade, garantindo a prote\u00e7\u00e3o dos participantes\u00a0 por meio de termos de consentimento e compromissos \u00e9ticos. Os resultados contribuir\u00e3o para o desenvolvimento de recomenda\u00e7\u00f5es ergon\u00f4micas, visando a preven\u00e7\u00e3o de DORT e a promo\u00e7\u00e3o de um ambiente de trabalho mais seguro e saud\u00e1vel para os profissionais da odontologia.<\/td>\n<td width=\"285\">Robeci Alves Mac\u00eado Filho e Anna Kellssya Leite Filgueira<\/td>\n<td width=\"125\">2<\/td>\n<td width=\"152\">Nenhum<\/td>\n<td width=\"180\">PIBIC\/UEPB\/FAPESQ<\/td>\n<td width=\"137\">Nenhum<\/td>\n<\/tr>\n<tr>\n<td width=\"285\">Letramento em sa\u00fade bucal de respons\u00e1veis por crian\u00e7as com transtorno do espectro autista associado \u00e0 experi\u00eancia na utiliza\u00e7\u00e3o de servi\u00e7os odontol\u00f3gicos<\/td>\n<td width=\"499\">O aumento no diagn\u00f3stico de crian\u00e7as com transtorno do espectro autista (TEA) tem sido amplamente discutido nos \u00faltimos anos e ressalta uma maior preocupa\u00e7\u00e3o social frente aos desafios enfrentados por essa parcela da popula\u00e7\u00e3o. Em resposta a esse aumento, tornou-se mais comum tamb\u00e9m a busca por tratamento odontol\u00f3gico em servi\u00e7os\u00a0 p\u00fablicos de sa\u00fade, o que exige do profissional um preparo adequado, para lidar com as barreiras\u00a0 durante as consultas dos pacientes com TEA. O objetivo desste estudo ser\u00e1 avaliar os fatores associados \u00e0s dificuldades encontradas por pais e respons\u00e1veis na utiliza\u00e7\u00e3o de servi\u00e7os odontol\u00f3gicos por pacientes com TEA e delinear o perfil sociodemogr\u00e1fico das crian\u00e7as matriculadas na institui\u00e7\u00e3o\u00a0 N\u00facleo de Aten\u00e7\u00e3o e Apoio a Crian\u00e7a com Espectro Autista (NATEA). Trata-se de um estudo observacional, do tipo transversal, descritivo e anal\u00edtico. Ser\u00e1 aplicado um question\u00e1rio sociodemogr\u00e1fico e sobre as principais dificuldades na utiliza\u00e7\u00e3o de servi\u00e7os odontol\u00f3gicos, al\u00e9m da aplica\u00e7\u00e3o da utiliza\u00e7\u00e3o da vers\u00e3o brasileira da estimativa r\u00e1pida de letramento em sa\u00fade bucal Rapid Estimate of Adult Literacy in Dentistry (BREALD-30) para avaliar o n\u00edvel de letramento dos respons\u00e1veis. A hip\u00f3tese conceitual desse estudo \u00e9 que um baixo letramento em sa\u00fade bucal dos respons\u00e1veis pode influenciar negativamente a utiliza\u00e7\u00e3o de servi\u00e7os odontol\u00f3gicos nesse grupoem pessoas com TEA. Os dados ser\u00e3o coletados, tabulados e analisados no software SPSS Statistics vers\u00e3o 29.0 e, posteriormente, apresentados em tabelas. A pesquisa foi submetida ao Comit\u00ea de \u00c9tica em Pesquisa da Universidade Estadual da Para\u00edba (UEPB) e aprovada conforme a Resolu\u00e7\u00e3o no Conselho Nacional de Sa\u00fade CNS 466\/12.<\/td>\n<td width=\"285\">\u00c9rick T\u00e1ssio Barbosa Neves<\/td>\n<td width=\"125\">1<\/td>\n<td width=\"152\">Nenhum<\/td>\n<td width=\"180\">PIBIC &#8211; UEPB\/CNPq com Bolsa<\/td>\n<td width=\"137\">Nenhum<\/td>\n<\/tr>\n<tr>\n<td width=\"285\">Intelig\u00eancia emocional e fatores associados \u00e0 autopercep\u00e7\u00e3o de acad\u00eamicos sobre o manejo de urg\u00eancias e emerg\u00eancias m\u00e9dicas em Odontologia<\/td>\n<td width=\"499\">O aumento da longevidade e a busca por sa\u00fade e est\u00e9tica tem resultado em uma crescente demanda por servi\u00e7os odontol\u00f3gicos. Em resposta a essas mudan\u00e7as sociais, torna-se cada vez mais comum o tratamento de pacientes com condi\u00e7\u00f5es m\u00e9dicas cr\u00f4nicas, o que exige o preparo profissional para lidar com situa\u00e7\u00f5es de emerg\u00eancia durante as consultas odontol\u00f3gicas. O objetivo deste estudo ser\u00e1 avaliar o n\u00edvel de conhecimento de estudantes de Odontologia de uma universidade p\u00fablica no estado da Para\u00edba, em rela\u00e7\u00e3o \u00e0s pr\u00e1ticas de primeiros socorros em situa\u00e7\u00f5es de urg\u00eancias\/emerg\u00eancias m\u00e9dicas durante procedimentos odontol\u00f3gicos. Os participantes responder\u00e3o a um termo de consentimento livre e esclarecido, question\u00e1rios contendo informa\u00e7\u00f5es sociodemogr\u00e1ficas e sobre o conhecimento de urg\u00eancias e emerg\u00eancias m\u00e9dicas em Odontologia e um question\u00e1rio validado sobre intelig\u00eancia emocional (trait emotional intelligence questionnaire-short form) que avaliar\u00e1 o perfil psicol\u00f3gico dos estudantes. Os dados ser\u00e3o tabulados e ser\u00e1 realizada uma an\u00e1lise descritiva da amostra seguida de an\u00e1lise inferencial bivariada e multivari\u00e1vel por meio de regress\u00e3o log\u00edstica bin\u00e1ria, adotando um n\u00edvel de signific\u00e2ncia de 5% e um poder do estudo de 80% no software SPSS Statistics vers\u00e3o 29.0. Com base nos resultados obtidos, planeja-se determinar o n\u00edvel de conhecimento dos estudantes e implementar interven\u00e7\u00f5es educacionais, visando aprimorar conhecimentos e habilidades em rela\u00e7\u00e3o ao manejo de situa\u00e7\u00f5es de urg\u00eancia e emerg\u00eancia m\u00e9dica no contexto odontol\u00f3gico. Isso contribuir\u00e1 para que futuros cirurgi\u00f5es dentistas estejam mais preparados para agir diante de tais situa\u00e7\u00f5es cr\u00edticas.<\/td>\n<td width=\"285\">\u00c9rick T\u00e1ssio Barbosa Neves<\/td>\n<td width=\"125\">1<\/td>\n<td width=\"152\">Nenhum<\/td>\n<td width=\"180\">PIBIC &#8211; UEPB\/CNPq com Bolsa<\/td>\n<td width=\"137\">Nenhum<\/td>\n<\/tr>\n<tr>\n<td width=\"285\">Avalia\u00e7\u00e3o laboratorial do grau de manchamentos por bebidas pigmentadas na resina composta<\/td>\n<td width=\"499\">Introdu\u00e7\u00e3o\/Referencial Te\u00f3rico: A resina composta \u00e9 amplamente utilizada na odontologia para a restaura\u00e7\u00e3o de dentes devido \u00e0 sua versatilidade e est\u00e9tica. No entanto, est\u00e1 sujeita a manchamentos extr\u00ednsecos causados por bebidas pigmentadas como caf\u00e9, vinho e refrigerantes, o que pode comprometer a apar\u00eancia das restaura\u00e7\u00f5es. Dessa forma, a cor desempenha um papel crucial na satisfa\u00e7\u00e3o dos pacientes e na efic\u00e1cia das restaura\u00e7\u00f5es, sendo essencial que os dentistas compreendam as caracter\u00edsticas das resinas e dos fatores que afetam sua estabilidade de cor. Objetivos\/Metas: O projeto avaliar\u00e1 o grau de manchamento da resina composta quando exposta a bebidas pigmentadas, analisando a varia\u00e7\u00e3o na intensidade da colora\u00e7\u00e3o ao longo de diferentes per\u00edodos de exposi\u00e7\u00e3o. Pretende-se determinar quais bebidas causam maior manchamento e interpretar os dados para fornecer conclus\u00f5es sobre a resist\u00eancia da resina composta quanto a pigmenta\u00e7\u00e3o. Metodologia: Ser\u00e3o preparados corpos de prova de resina composta, padronizados quanto ao tamanho, espessura e cor inicial, e divididos em grupos de acordo com a cor da resina (EA2, EA3, EA3,5), para serem imersos em diferentes l\u00edquidos pigmentados (caf\u00e9, vinho tinto, refrigerante) e \u00e1gua destilada (controle). A colora\u00e7\u00e3o ser\u00e1 avaliada periodicamente atrav\u00e9s de fotografias digitais padronizadas e por meio da escala de cor Vita\u00ae (Vita classical). Resultados Esperados: Identificar quais bebidas pigmentadas causam maior manchamento na resina composta e como esse manchamento evolui ao longo do tempo. Os resultados devem contribuir para melhorar a pr\u00e1tica cl\u00ednica, oferecendo dados relevantes sobre a durabilidade est\u00e9tica das resinas compostas em condi\u00e7\u00f5es simuladas.<\/td>\n<td width=\"285\">Rodrigo Gadelha Vasconcelos; Marcelo Gadelha Vasconcelos<\/td>\n<td width=\"125\">3<\/td>\n<td width=\"152\">Nenhum<\/td>\n<td width=\"180\">PIBIC &#8211; UEPB\/CNPq com Bolsa<\/td>\n<td width=\"137\">Nenhum<\/td>\n<\/tr>\n<tr>\n<td width=\"285\">Avalia\u00e7\u00e3o da propriedade \u00f3ptica de fluoresc\u00eancia em resina composta submetida a polimento e n\u00e3o polimento<\/td>\n<td width=\"499\">Hoje, a resina composta \u00e9 amplamente usada na odontologia para melhorar a est\u00e9tica do sorriso. Para isso, \u00e9 crucial que suas propriedades \u00f3pticas imitem as dos dentes naturais. A fluoresc\u00eancia \u00e9 fundamental, pois faz com que as restaura\u00e7\u00f5es pare\u00e7am dentes naturais sob luz ultravioleta. Objetivos\/Metas: O projeto avaliar\u00e1, por meio de experi\u00eancia laboratorial, a influ\u00eancia do polimento e do n\u00e3o polimento sobre o efeito \u00f3ptico da fluoresc\u00eancia em restaura\u00e7\u00f5es de resina composta quando expostas \u00e0 luz negra. Pretende-se determinar como o fator impacta no efeito \u00f3ptico da fluoresc\u00eancia quando comparado ao n\u00e3o polimento. Metodologia: Ser\u00e3o preparados corpos de prova de resina composta padronizados em tamanho e espessura, divididos nas cores EA1, EA2 e EA3,5 (Llis, FGM Dental Group) para esmalte. Alguns ser\u00e3o polidos (Kit Ultra-Gloss \u2013 American Burrs) e outros n\u00e3o. A fotoativa\u00e7\u00e3o ser\u00e1 feita com um fotopolimerizador (Blue Star Microdont). Os corpos de prova ser\u00e3o analisados em uma c\u00e2mara escura com luz negra, padronizando a dist\u00e2ncia entre a fonte de luz, o corpo de prova e o observador. A colora\u00e7\u00e3o ser\u00e1 avaliada com fotografias digitais padronizadas e a escala de cor Vita\u00ae (Vita classical). Resultados esperados: Identificar diferen\u00e7as de fluoresc\u00eancia nas amostras a partir de diferentes m\u00e9todos de polimento aplicado, como tamb\u00e9m a partir do n\u00e3o polimento. Os resultados devem aprimorar a pr\u00e1tica cl\u00ednica com dados sobre a fluoresc\u00eancia das resinas compostas em condi\u00e7\u00f5es simuladas.<\/td>\n<td width=\"285\">Rodrigo Gadelha Vasconcelos; Marcelo Gadelha Vasconcelos<\/td>\n<td width=\"125\">3<\/td>\n<td width=\"152\">Nenhum<\/td>\n<td width=\"180\">PIBIC &#8211; UEPB\/CNPq com Bolsa<\/td>\n<td width=\"137\">Nenhum<\/td>\n<\/tr>\n<tr>\n<td width=\"285\">AVALIA\u00c7\u00c3O DA EFICI\u00caNCIA, CONDI\u00c7\u00d5ES DE UTILIZA\u00c7\u00c3O E POT\u00caNCIA DOS APARELHOS FOTOATIVADORES UTILIZADOS EM CONSULT\u00d3RIOS ODONTOL\u00d3GICOS P\u00daBLICOS NO MUNIC\u00cdPIO DE SANTA LUZIA \u2013 PB.<\/td>\n<td width=\"499\">O tratamento restaurador conservador tem se tornado cada vez mais vi\u00e1vel devido \u00e0 preserva\u00e7\u00e3o da estrutura dent\u00e1ria e aos resultados est\u00e9ticos satisfat\u00f3rios que proporciona. Em virtude disso, as restaura\u00e7\u00f5es com resina composta t\u00eam se tornado as mais comuns. No entanto, essa t\u00e9cnica apresenta v\u00e1rios desafios, dentre os quais se destaca a fotoativa\u00e7\u00e3o dos comp\u00f3sitos resinosos. A fotoativa\u00e7\u00e3o \u00e9 uma etapa crucial que envolve uma rea\u00e7\u00e3o qu\u00edmica ativada pela luz, que quando realizada de maneira inadequada, pode comprometer as propriedades da restaura\u00e7\u00e3o. Portanto, \u00e9 necess\u00e1rio examinar a intensidade dos fotoativadores utilizando um radi\u00f4metro, para garantir o controle adequado das l\u00e2mpadas e assegurar a fotoativa\u00e7\u00e3o ideal. A metodologia desta pesquisa consiste em mensurar a intensidade da luz vis\u00edvel emitida pelas unidades fotoativadoras da amostra (mW\/cm\u00b2) em dois tempos de exposi\u00e7\u00e3o distintos (20 e 40 segundos), utilizando-se um radi\u00f4metro. Os dados obtidos ser\u00e3o registrados e submetidos a uma an\u00e1lise descritiva. Essa an\u00e1lise permitir\u00e1 verificar se os aparelhos fotoativadores est\u00e3o em condi\u00e7\u00f5es adequadas de emiss\u00e3o de luz, se necessitam de um tempo compensat\u00f3rio de exposi\u00e7\u00e3o ou se precisam de manuten\u00e7\u00e3o para recupera\u00e7\u00e3o da medida ideal de 400 mW\/cm\u00b2. Objetiva-se que os resultados deste projeto sejam organizados para a elabora\u00e7\u00e3o de um manuscrito cient\u00edfico, visando posterior publica\u00e7\u00e3o. Assim, ser\u00e1 poss\u00edvel alertar os cirurgi\u00f5es-dentistas sobre a import\u00e2ncia de verificar regularmente a intensidade de luz emitida pelos equipamentos, garantindo o sucesso cl\u00ednico dos procedimentos restauradores.<\/td>\n<td width=\"285\">MARCELO GADELHA VASCONCELOS E RODRIGO GADELHA VASCONCELOS.<\/td>\n<td width=\"125\">1<\/td>\n<td width=\"152\">Nenhum<\/td>\n<td width=\"180\">PIBIC &#8211; UEPB\/CNPq com Bolsa<\/td>\n<td width=\"137\">Nenhum<\/td>\n<\/tr>\n<tr>\n<td width=\"285\">AVALIA\u00c7\u00c3O DA IRRADI\u00c2NCIA E EFICI\u00caNCIA DOS APARELHOS FOTOATIVADORES UTILIZADOS EM CONSULT\u00d3RIOS ODONTOL\u00d3GICOS DA REDE P\u00daBLICA DA CIDADE DE BANANEIRAS- PB<\/td>\n<td width=\"499\">A busca por materiais dent\u00e1rios est\u00e9ticos e que conservem ao m\u00e1ximo a estrutura dent\u00e1ria tem sido primordial para a garantia do sucesso cl\u00ednico em tratamentos restauradores. Dessa forma, o uso de comp\u00f3sitos fotoativados em restaura\u00e7\u00f5es tornaram-se mais frequentes, entretanto esse procedimento apresenta diversos desafios. Nessa perspectiva, entre esses uma fotoativa\u00e7\u00e3o adequada \u00e9 essencial, pois esse processo a partir da ativa\u00e7\u00e3o por luz vai ser respons\u00e1vel por desencadear boas propriedades mec\u00e2nicas e est\u00e9ticas. Diante disso, a fotoativa\u00e7\u00e3o ineficiente pode comprometer a longevidade e qualidade do tratamento restaurador. Para tanto \u00e9 essencial o uso do radi\u00f4metro para conferir a irradi\u00e2ncia do aparelho fotoativadores e realizar ajustes quando necess\u00e1rio para garantia da polimeriza\u00e7\u00e3o dos comp\u00f3sitos resinosos de maneira adequada. A metodologia usada \u00e9 baseada em mensurar a irradi\u00e2ncia das unidades fotoativadoras componentes da amostra (mW\/cm\u00b2) em dois tempos de exposi\u00e7\u00e3o diferentes (20 e 40 segundos) utilizando-se um radi\u00f4metro. Os dados alcan\u00e7ados ser\u00e3o registrados e submetidos a uma an\u00e1lise descritiva. A an\u00e1lise realizada poder\u00e1 averiguar se os aparelhos fotoativadores se encontram em condi\u00e7\u00f5es adequadas de emiss\u00e3o de luz ou se necessitam de um tempo compensat\u00f3rio de exposi\u00e7\u00e3o, bem como, de manuten\u00e7\u00e3o para recupera\u00e7\u00e3o da medida ideal (400 mW\/cm\u00b2). Objetiva-se que os resultados obtidos neste projeto sejam organizados para elabora\u00e7\u00e3o de manuscrito cient\u00edfico para posterior publica\u00e7\u00e3o, advertindo aos cirurgi\u00f5es-dentistas sobre a import\u00e2ncia do monitoramento constante dos aparelhos fotoativadores para garantia de unidades reguladas para realiza\u00e7\u00e3o de tratamentos restauradores e assim garantir sucesso cl\u00ednico dos procedimentos restauradores.<\/td>\n<td width=\"285\">MARCELO GADELHA VASCONCELOS e RODRIGO GADELHA VASCONCELOS<\/td>\n<td width=\"125\">1<\/td>\n<td width=\"152\">Nenhum<\/td>\n<td width=\"180\">PIBIC &#8211; UEPB\/CNPq com Bolsa<\/td>\n<td width=\"137\">Nenhum<\/td>\n<\/tr>\n<tr>\n<td width=\"285\">An\u00e1lise da Rugosidade Superficial de Resinas para Impress\u00e3o 3D de Restaura\u00e7\u00f5es Odontol\u00f3gicas: Efeito de Diferentes Protocolos de Polimento<\/td>\n<td width=\"499\">O workflow digital \u00e9 uma abordagem inovadora no setor da sa\u00fade. Pesquisas recente sem Odontologia destacam um futuro promissor na prototipagem automatizada de restaura\u00e7\u00f5es dent\u00e1rias por meio da impress\u00e3o 3D. Neste contexto, o protocolo de polimento utilizado para as resinas impressas ainda \u00e9 um desafio. Assim, o presente estudo tem como objetivo analisar, in vitro, a rugosidade superficial m\u00e9dia de uma resina para impress\u00e3o 3D ap\u00f3s diferentes protocolos de polimento. Para isso, ser\u00e3o confeccionados cinquenta cubos (2mm x 2mm x 2mm) de resina composta por meio de impress\u00e3o 3D que ser\u00e3o divididos em cinco grupos de acordo com o protocolo de polimento: G1- Sem polimento; G2 \u2013 Polimento com discos de lixa em 3 granula\u00e7\u00f5es; G3- G2 + pontas de borracha abrasiva; G4- G3 + polimento com feltro e pasta diamantada; G5\u2013 G2 + pontas de polimento em espiral. A an\u00e1lise da rugosidade superficial ser\u00e1 realizada por meio de Perfil\u00f4metro \u00d3ptico Digital, e de forma complementar em Microsc\u00f3pio Eletr\u00f4nico de Varredura. A an\u00e1lise estat\u00edstica ser\u00e1 realizada por An\u00e1lise de Vari\u00e2ncia (ANOVA 1-fator) e as diferen\u00e7as por teste Tukey com signific\u00e2ncia de 95%<\/td>\n<td width=\"285\">Fernanda Campos<\/td>\n<td width=\"125\">1<\/td>\n<td width=\"152\">Nenhum<\/td>\n<td width=\"180\">PIBIC &#8211; UEPB\/CNPq com Bolsa<\/td>\n<td width=\"137\">Nenhum<\/td>\n<\/tr>\n<tr>\n<td width=\"285\">DESEMPENHO F\u00cdSICO-MEC\u00c2NICO DE COMP\u00d3SITOS RESINOSOS FLU\u00cdDOS E RESINAS DE BAIXA CONTRA\u00c7\u00c3O: AN\u00c1LISE LABORATORIAL<\/td>\n<td width=\"499\">As resinas fluidas injet\u00e1veis atuais apresentam propriedades biomec\u00e2nicas e est\u00e9ticas aprimoradas, incluindo consist\u00eancia ideal e excelente adaptabilidade \u00e0s cavidades dent\u00e1rias. Contudo, a composi\u00e7\u00e3o \u00e0 base de metacrilato dessas resinas ainda resulta em contra\u00e7\u00e3o volum\u00e9trica durante a polimeriza\u00e7\u00e3o, gerando lacunas marginais e riscos de c\u00e1ries secund\u00e1rias e fraturas. O objetivo deste estudo in vitro \u00e9 comparar as propriedades f\u00edsicas e mec\u00e2nicas de comp\u00f3sitos resinosos fluidos e nano-h\u00edbridos de baixa contra\u00e7\u00e3o, antes e ap\u00f3s simula\u00e7\u00e3o de envelhecimento termomec\u00e2nico. Ser\u00e3o confeccionados esp\u00e9cimes com formato retangular, obtidos por meio de uma matriz, confeccionada com silicone por adi\u00e7\u00e3o transparente Elite Transparent, Zhermack (Zhermack SpA\u2013Badia Polesine (RO), Italy), com dimens\u00f5es de 25mm de comprimento, 2mm de largura e 2mm de espessura para obter o formato desejado de acordo com os grupos experimentais: Grupo controle RN: Resina composta nano-h\u00edbrida e RFI: Resina fluida injet\u00e1vel, seguidos por testes laboratoriais rigorosos, incluindo espectroscopia de infravermelho, perfilometria, ensaios de microtra\u00e7\u00e3o, testes de resist\u00eancia flexural, dureza Knoop e an\u00e1lises de sor\u00e7\u00e3o e solubilidade. Por conseguinte, para a an\u00e1lise estat\u00edstica dos dados dos ensaios laboratoriais, ser\u00e1 utilizado o software Statistical Package for Social Science (SPSS), vers\u00e3o (SPSS, Inc., Chicago, Illinois, Estados Unidos). A escolha dos testes estat\u00edsticos apropriados depender\u00e1 da distribui\u00e7\u00e3o da amostra, a an\u00e1lise ser\u00e1 conduzida de forma a garantir a precis\u00e3o e a validade dos resultados obtidos.<\/td>\n<td width=\"285\">Jo\u00e3o Paulo da Silva Neto<\/td>\n<td width=\"125\">1<\/td>\n<td width=\"152\">Nenhum<\/td>\n<td width=\"180\">Pibic Af<\/td>\n<td width=\"137\">Nenhum<\/td>\n<\/tr>\n<tr>\n<td width=\"285\">DESEMPENHO BIOMEC\u00c2NICO DE COMP\u00d3SITOS RESINOSOS NANO-H\u00cdBRIDOS CONVENCIONAL E TERMOMODIFICADA: ESTUDO LABORATORIAL<\/td>\n<td width=\"499\">As resinas compostas fotopolimeriz\u00e1veis s\u00e3o uma alternativa acess\u00edvel e econ\u00f4mica para as restaura\u00e7\u00f5es est\u00e9ticas. Os comp\u00f3sitos resinosos nano-h\u00edbridos possuem grande destaque e relev\u00e2ncia devido \u00e0s suas propriedades mec\u00e2nicas e est\u00e9ticas superiores, al\u00e9m de oferecerem resultados cl\u00ednicos satisfat\u00f3rios. Sendo assim, foram realizadas buscas cont\u00ednuas a fim de melhorar as suas caracter\u00edsticas biomec\u00e2nicas, dessa forma, o pr\u00e9-aquecimento dos comp\u00f3sitos antes de sua aplica\u00e7\u00e3o cl\u00ednica surgiu como uma op\u00e7\u00e3o promissora. O objetivo deste estudo in-vitro \u00e9 investigar o comportamento das propriedades biomec\u00e2nicas dos comp\u00f3sitos nano h\u00edbridos convencional e termomodificado, comparando seu desempenho antes e depois do processo de envelhecimento. Dessa forma, ser\u00e3o confeccionadas amostras com dimens\u00f5es de 25 mm de comprimento, 2 mm de largura e 2 mm de espessura a partir de cada material restaurador utilizando uma matriz de silicone por adi\u00e7\u00e3o. Em seguida, os esp\u00e9cimes passar\u00e3o por processos de envelhecimento termomec\u00e2nico para posterior an\u00e1lise. Ser\u00e1 realizado testes de grau de convers\u00e3o, rugosidade superficial, ensaio de microtra\u00e7\u00e3o, microdureza de knoop, de resist\u00eancia flexural de tr\u00eas pontos e sor\u00e7\u00e3o e solubilidade em ambos os comp\u00f3sitos, para fins comparativos. Posteriormente, a an\u00e1lise estat\u00edstica dos dados referentes aos ensaios laboratoriais aos quais os esp\u00e9cimes ser\u00e3o submetidos ser\u00e1 realizada no software Statistical Package for Social Science vers\u00e3o (SPSS, Inc.,Chicago, Illinois, Estados Unidos), por\u00e9m a escolha dos testes estat\u00edsticos depender\u00e1 da distribui\u00e7\u00e3o da amostra. Portanto, com os resultados do estudo, ser\u00e1 poss\u00edvel contribuir para a melhoria das restaura\u00e7\u00f5es dent\u00e1rias atuais.<\/td>\n<td width=\"285\">Jo\u00e3o Paulo da Silva Neto<\/td>\n<td width=\"125\">1<\/td>\n<td width=\"152\">Nenhum<\/td>\n<td width=\"180\">PIBIC &#8211; UEPB\/CNPq com Bolsa<\/td>\n<td width=\"137\"><\/td>\n<\/tr>\n<tr>\n<td width=\"285\">DURABILIDADE DAS PONTAS DE ACABAMENTO E POLIMENTO DE RESINA COMPOSTA<\/td>\n<td width=\"499\">Na odontologia, a resina composta \u00e9 amplamente utilizada, seu uso pode ser observado na transforma\u00e7\u00e3o de dentes, aplica\u00e7\u00e3o de facetas diretas, confec\u00e7\u00e3o de coroas unit\u00e1rias e at\u00e9 mesmo na harmoniza\u00e7\u00e3o do sorriso, envolvendo a interven\u00e7\u00e3o em um conjunto de dentes simultaneamente. Para proporcionar uma est\u00e9tica satisfat\u00f3ria e reduzir a ades\u00e3o de microrganismos, a resina composta deve apresentar m\u00ednima textura, atribuindo-se, desse modo, import\u00e2ncia aos procedimentos de acabamento e polimento, valendo-se de discos de polimento, escovas macias e polidores de borracha de diferentes granula\u00e7\u00f5es associados \u00e0 utiliza\u00e7\u00e3o de pastas abrasivas para a obten\u00e7\u00e3o de superf\u00edcies planas e polidas. Embora os materiais e m\u00e9todos de acabamento e polimento de resina composta sejam amplamente utilizados, h\u00e1 pouca informa\u00e7\u00e3o na literatura sobre os efeitos das vari\u00e1veis do protocolo na durabilidade das pontas. Assim, este projeto trata-se de um estudo experimental com an\u00e1lise na durabilidade das pontas de acabamento e polimento de resina composta de diferentes marcas comerciais. A pesquisa ser\u00e1 realizada no Laborat\u00f3rio de Pr\u00e9-cl\u00ednica e no Laborat\u00f3rio de Microscopia \u00d3ptica do Curso de Odontologia da UEPB, com amostras de resina composta, sob condi\u00e7\u00f5es pr\u00e9-estabelecidas e padronizadas, que ser\u00e3o submetidas a diferentes protocolos de acabamento e polimento com objetivo de determinar quantos ciclos ser\u00e3o necess\u00e1rios para\u00a0 deteriora\u00e7\u00e3o das pontas de tal forma que o protocolo de acabamento e polimento deva ser modificado para manuten\u00e7\u00e3o do resultado final da textura da resina composta.<\/td>\n<td width=\"285\">JOS\u00c9 RENATO CAVALCANTI DE QUEIROZ<\/td>\n<td width=\"125\">1<\/td>\n<td width=\"152\">Nenhum<\/td>\n<td width=\"180\">PIBIC &#8211; UEPB\/CNPq com Bolsa<\/td>\n<td width=\"137\">Nenhum<\/td>\n<\/tr>\n<tr>\n<td width=\"285\">EFEITO DA VARIA\u00c7\u00c3O LONGITUDINAL DO DESGASTE DAS PONTAS DE ACABAMENTO E POLIMENTO NA RUGOSIDADE SUPERFICIAL DAS RESINAS COMPOSTAS.<\/td>\n<td width=\"499\">A resina composta \u00e9 amplamente utilizada nas v\u00e1rias \u00e1reas da odontologia devido \u00e0s vantagens apresentadas por esse material. Na cavidade bucal, os materiais necessitam de superf\u00edcies lisas e polidas para uma est\u00e9tica favor\u00e1vel e atenua\u00e7\u00e3o de ades\u00e3o de microrganismos, destacando a grande import\u00e2ncia dos processos de acabamento e polimento. Desse modo, este projeto tem como objetivo avaliar, por meio de um estudo experimental, o efeito do desgaste das pontas de acabamento e polimento ap\u00f3s sucessivas aplica\u00e7\u00f5es destas no controle de rugosidade superficial da resina composta. Amostras (10x10x5)mm de resina composta ser\u00e3o confeccionadas. Uma tira matriz de poli\u00e9ster e uma l\u00e2mina de vidro foram colocadas sobre o \u00faltimo incremento de resina e mantidos pressionados, com a finalida de obter uma rugosidade padr\u00e3o, ser\u00e3o submetidas a diferentes kits de acabamento e polimento (30s) obedecendo o seguinte protocolo: borracha de acabamento (10s), borracha de pr\u00e9-polimento (10s) e borracha de polimento (10s), acopladas a um micromotor el\u00e9trico (BELTEC) a uma velocidade de X rpm e tocando a superf\u00edcie em um mesmo sentido. Partindo do princ\u00edpio que a rugosidade (Ra) clinicamente aceit\u00e1vel para este material deve ser menor 0,2 \u00b5m, os dados de Ra de cada amostra ser\u00e3o mensurados e determinar\u00e3o por quantos ciclos o protocolo de acabamento e polimento se mant\u00e9m eficiente para se obter a textura desejada. Os dados de rugosidade (Ra e Rz) ser\u00e3o coletados por rugos\u00edmetro \u00f3tico (Mytutoyo ver. 3.00, Surftest-301, Jap\u00e3o).<\/td>\n<td width=\"285\">JOS\u00c9 RENATO CAVALCANTI DE QUEIROZ<\/td>\n<td width=\"125\">1<\/td>\n<td width=\"152\">Nenhum<\/td>\n<td width=\"180\">PIBIC &#8211; UEPB\/CNPq com Bolsa<\/td>\n<td width=\"137\">Nenhum<\/td>\n<\/tr>\n<tr>\n<td width=\"285\">Avalia\u00e7\u00e3o comparativa do conhecimento e an\u00e1lise microbiol\u00f3gica das escovas dentais dos alunos do curso de odontologia da UEPB \u2013 Campus VIII.<\/td>\n<td width=\"499\">Este projeto de pesquisa tem por objetivo realizar e comparar, atrav\u00e9s de uma an\u00e1lise microbiol\u00f3gica, uma avalia\u00e7\u00e3o entre as escovas dentais de alunos do curso de odontologia da Universidade Estadual da Para\u00edba &#8211; Campus VIII (Araruna-PB), bem como analisar a intersec\u00e7\u00e3o e influ\u00eancia entre os resultados obtidos, categorizando essas informa\u00e7\u00f5es e associando com estudos da literatura. Dessa forma, a metodologia desta pesquisa baseia-se em tr\u00eas fases. Na 1\u00aa fase ser\u00e3o realizadas as aplica\u00e7\u00f5es dos question\u00e1rios com os alunos do curso de odontologia, per\u00edodos iniciais (1\u00ba e 2\u00ba per\u00edodo) e com os per\u00edodos finais (9\u00ba e 10\u00ba per\u00edodo), considerando os crit\u00e9rios de inclus\u00e3o e exclus\u00e3o. Com rela\u00e7\u00e3o \u00e0 2\u00aa fase, haver\u00e1 a coleta das escovas dentais utilizadas e an\u00e1lise laboratorial, com \u00eanfase na situa\u00e7\u00e3o microbiol\u00f3gica. Ap\u00f3s isso, se dar\u00e1 in\u00edcio \u00e0 3\u00aa fase com a coleta dos dados laboratoriais, desenvolvimento dos aspectos estat\u00edsticos e compara\u00e7\u00e3o dos resultados. Paralelamente, as informa\u00e7\u00f5es obtidas do question\u00e1rio aplicado e as an\u00e1lises microbiol\u00f3gicas ser\u00e3o tabuladas, analisadas e apresentadas por meio de estat\u00edstica descritiva e anal\u00edtica. O n\u00edvel de signific\u00e2ncia utilizado ser\u00e1 de 5% (\u03b1 = 0,05). Sendo assim, espera-se que, atrav\u00e9s da an\u00e1lise microbiol\u00f3gica das escovas dentais seja confirmado qual o grupo apresenta melhor m\u00e9todo de desinfec\u00e7\u00e3o e acondicionamento, se h\u00e1 correla\u00e7\u00e3o com o conhecimento sobre esta tem\u00e1tica, assim como tamb\u00e9m, avaliar e identificar a presen\u00e7a de microrganismos no material.<\/td>\n<td width=\"285\">Morgana Maria Souza Gad\u00ealha de Carvalho<\/td>\n<td width=\"125\">1<\/td>\n<td width=\"152\">1<\/td>\n<td width=\"180\">PIBIC &#8211; UEPB\/CNPq com Bolsa<\/td>\n<td width=\"137\">Nenhum<\/td>\n<\/tr>\n<tr>\n<td width=\"285\">Avalia\u00e7\u00e3o dos fatores de risco do bruxismo na sa\u00fade bucal e qualidade de vida dos pacientes atendidos na cl\u00ednica escola da UEPB, campus VIII.<\/td>\n<td width=\"499\">O bruxismo ou apertamento dent\u00e1rio \u00e9 considerado uma atividade parafuncional, que pode ocorrer de forma consciente ou n\u00e3o. Considera-se h\u00e1 dois tipos de apresenta\u00e7\u00e3o do bruxismo; o bruxismo durante o sono, (noturno), que ocorre de forma involunt\u00e1ria, no qual h\u00e1 uma excita\u00e7\u00e3o patol\u00f3gica e repetitiva dos dentes, induzindo a fadiga muscular e sensibilidade dent\u00e1rio e o bruxismo em vig\u00edlia, que pode ocorrer de forma volunt\u00e1ria ou involunt\u00e1ria, assim, \u00e9 comum a ader\u00eancia a h\u00e1bitos delet\u00e9rios bucais, como chupar dedo ou morder objetos e que normalmente torna-se uma atividade rotineira despercebida na vida do indiv\u00edduo. Ademais, o apertamento dent\u00e1rio acomete sem predile\u00e7\u00e3o todas as faixas et\u00e1rias e g\u00eanero, assim, \u00e9 um h\u00e1bito predisposto a interferir diretamente na qualidade de vida e sa\u00fade bucal dos indiv\u00edduos. \u00c9 considerado que o principal fator da demanda do bruxismo \u00e9 a mudan\u00e7a social em que o ser conviver e a dificuldade a alcan\u00e7ar a resili\u00eancia, que por consequ\u00eancia o n\u00edvel de estresse da v\u00edtima aumenta, induzindo a crises de ansiedade e a fadiga muscular, muitas vezes sendo negligenciado pelo pr\u00f3prio indiv\u00edduo. Devido a isto, o indiv\u00edduo vem adaptando-se \u00e0s dificuldades do processo. Dessa forma, este projeto tem como objetivo geral, analisar os impactos do bruxismo na sa\u00fade bucal e na qualidade de vida dos pacientes atendidos na cl\u00ednica escola da UEPB, campus VIII. Trata-se de um estudo piloto, dentro de uma pesquisa transversal e descritiva de abordagem quantitativa e qualitativa, que ser\u00e1 composta por 5 (cinco), indiv\u00edduos atendidos na cl\u00ednica Integrada De Pr\u00f3teses E Disfun\u00e7\u00e3o Temporomandibular da UEPB em um recorte de tempo, entre 2024 e 2025 Para tanto utilizaremos como instrumento de coleta de dados o question\u00e1rio sociodemogr\u00e1fico, a adapta\u00e7\u00e3o para a l\u00edngua portuguesa do question\u00e1rio Oral Health Impact Profile, (OHIP-14) e uma entrevista semiestruturada, que visa avaliar a sintomatologia presente em pacientes bruxistas, bem como seus conhecimentos sobre o bruxismo e apertamento dent\u00e1rio.<\/td>\n<td width=\"285\">Morgana Maria Souza Gad\u00ealha de Carvalho<\/td>\n<td width=\"125\">1<\/td>\n<td width=\"152\">1<\/td>\n<td width=\"180\">PIBIC &#8211; UEPB\/CNPq com Bolsa<\/td>\n<td width=\"137\">Nenhum<\/td>\n<\/tr>\n<tr>\n<td width=\"285\">Avalia\u00e7\u00e3o do conhecimento sobre vacinas: uma an\u00e1lise de estudantes das escolas do n\u00edvel m\u00e9dio e alunos de gradua\u00e7\u00e3o da universidade estadual da para\u00edba \u2013 campus viii. (araruna-pb).<\/td>\n<td width=\"499\">As vacinas s\u00e3o subst\u00e2ncias que auxiliam o sistema imunol\u00f3gico na defesa contra poss\u00edveis doen\u00e7as e, com isto, busca-se melhorar a qualidade de vida das pessoas. Por\u00e9m, atualmente ainda pode-se observar muitos desafios devido \u00e0 falta de conhecimento a respeito dessa tem\u00e1tica e percebe-se a necessidade do aprofundamento no tema para o conhecimento da popula\u00e7\u00e3o mundial. Dessa forma, \u00e9 necess\u00e1rio que se realize iniciativas sobre esta tem\u00e1tica em cada parte do pa\u00eds. Para isso, este estudo epidemiol\u00f3gico do tipo transversal ter\u00e1 como p\u00fablico-alvo de compara\u00e7\u00e3o os estudantes de escolas do ensino m\u00e9dio e graduandos do curso de Odontologia, Engenharia Civil e F\u00edsica da Universidade Estadual da Para\u00edba &#8211; Campus VIII, localizadas em Araruna-PB, com o objetivo de recolher dados sobre o conhecimento das vacinas entre sujeitos de n\u00edveis diferentes de ensino, por meio de question\u00e1rios aplicados nas salas de aula das institui\u00e7\u00f5es. Al\u00e9m disso, juntamente com os question\u00e1rios, ser\u00e3o disponibilizados os Termos de Consentimento Livre e Esclarecido (TCLE) para serem assinados pelos participantes da pesquisa. Os dados obtidos ser\u00e3o analisados atrav\u00e9s de um software de estat\u00edstica (IBM SPSS\u00ae for Windows) e, a partir desse estudo, ser\u00e1 poss\u00edvel contribuir para a sa\u00fade do munic\u00edpio e obter um panorama claro da vis\u00e3o desta popula\u00e7\u00e3o no que tange \u00e0 tem\u00e1tica de vacinas, gerando uma melhor qualidade de vida, tendo em vista que ser\u00e1 mostrado a import\u00e2ncia das campanhas de vacina\u00e7\u00e3o e da busca por mais conhecimentos sobre esse tema, minimizando a desinforma\u00e7\u00e3o. Ademais, o presente estudo poder\u00e1 servir de modelo para que iniciativas semelhantes surjam em outras regi\u00f5es do Brasil.<\/td>\n<td width=\"285\">Morgana Maria Souza Gad\u00ealha de Carvalho<\/td>\n<td width=\"125\">1<\/td>\n<td width=\"152\">Nenhum<\/td>\n<td width=\"180\">PIBIC AF<\/td>\n<td width=\"137\"><\/td>\n<\/tr>\n<tr>\n<td width=\"285\">O IMPACTO DA VIOL\u00caNCIA F\u00cdSICA CONTRA A MULHER E SUAS CONSEQU\u00caNCIAS MAXILOFACIAIS ASSOCIADAS: UMA AN\u00c1LISE RETROSPECTIVA NO HOSPITAL DE EMERG\u00caNCIA E TRAUMA DOM LUIZ GONZAGA FERNANDES<\/td>\n<td width=\"499\">Considerando a complexidade do fen\u00f4meno da viol\u00eancia contra a mulher, suas repercuss\u00f5es maxilofaciais e a falta de estudos que as avaliem em Centros de Emerg\u00eancia, este estudo tem como objetivo caracterizar os traumas maxilofaciais resultantes da viol\u00eancia contra a mulher em um Centro de Refer\u00eancia para o atendimento a v\u00edtimas de trauma na cidade de Campina Grande, Para\u00edba.<\/td>\n<td width=\"285\">Edson Vasconcelos<\/td>\n<td width=\"125\">1<\/td>\n<td width=\"152\">Nenhum<\/td>\n<td width=\"180\">PIBIC &#8211; UEPB\/CNPq com Bolsa<\/td>\n<td width=\"137\">Nenhum<\/td>\n<\/tr>\n<tr>\n<td width=\"285\">Inj\u00farias causadas pelo terceiro molar impactado ao segundo molar inferior: Achados tomogr\u00e1ficos<\/td>\n<td width=\"499\">A tomografia computadorizada de feixe c\u00f4nico (TCFC) \u00e9 um exame indicado para planejamento cir\u00fargico de terceiros molares inferiores impactados, pois permite uma melhor avalia\u00e7\u00e3o da profundidade das estruturas. Adicionalmente, fornece informa\u00e7\u00f5es sobre a rela\u00e7\u00e3o do terceiro molar inferior com o segundo molar adjacente a ele. A proposta deste estudo ser\u00e1 observar a interrela\u00e7\u00e3o entre terceiros molares impactados (inclusos ou semi-inclusos) e segundos molares inferiores, por meio de TCFC. Para isso, ser\u00e1 realizado um estudo retrospectivo em TCFC e Radiografias Panor\u00e2micas (RP) digitais do acervo da Cl\u00ednica de Diagn\u00f3stico por Imagem do Campus VIII da Universidade Estadual da Para\u00edba. Na amostra ser\u00e3o inclu\u00eddas TCFC realizadas para avalia\u00e7\u00e3o dos terceiros molares inferiores por qualquer indica\u00e7\u00e3o de pacientes que tamb\u00e9m possu\u00edrem RP. Ser\u00e3o exclu\u00eddas TCFC de outras regi\u00f5es, com terceiro molar com menos de 2\/3 de raiz formada e de pacientes menores de idade. Inicialmente, ser\u00e3o analisadas todas as RP dos pacientes e diagnosticadas as inj\u00farias presentes no segundo molar inferior (c\u00e1rie, reabsor\u00e7\u00e3o radicular externa e perda \u00f3ssea) causadas pela impac\u00e7\u00e3o do terceiro molar inferior. Ap\u00f3s um m\u00eas, ser\u00e3o analisadas as TCFC, para observa\u00e7\u00e3o da rela\u00e7\u00e3o entre o terceiro molar e o segundo molar inferiores. Os dados ser\u00e3o analisados por estat\u00edstica descritiva.<\/td>\n<td width=\"285\">Sandra Aparecida Marinho<\/td>\n<td width=\"125\">1<\/td>\n<td width=\"152\">Nenhum<\/td>\n<td width=\"180\">PIBIC &#8211; UEPB\/CNPq com Bolsa<\/td>\n<td width=\"137\">Nenhum<\/td>\n<\/tr>\n<tr>\n<td width=\"285\">Coloniza\u00e7\u00e3o de Candida spp. em usu\u00e1rios de pr\u00f3teses totais superiores<\/td>\n<td width=\"499\">A identifica\u00e7\u00e3o de esp\u00e9cies de leveduras tem signific\u00e2ncias progn\u00f3stica e terap\u00eautica e os m\u00e9todos laboratoriais t\u00eam-se aperfei\u00e7oado no intuito de conseguir sua r\u00e1pida e correta identifica\u00e7\u00e3o, permitindo a institui\u00e7\u00e3o precoce da terapia antif\u00fangica. Os meios de cultura cromog\u00eanicos s\u00e3o de f\u00e1cil manipula\u00e7\u00e3o e relativamente baratos e promovem uma identifica\u00e7\u00e3o presuntiva de esp\u00e9cies em at\u00e9 48 horas. A presen\u00e7a de uma pr\u00f3tese odontol\u00f3gica superior pode causar perturba\u00e7\u00e3o do microbiota oral, favorecendo a prolifera\u00e7\u00e3o f\u00fangica e fazendo com que o fungo passe de comensal a oportunista (de levedura a hifa), causando a doen\u00e7a cl\u00ednica conhecida como estomatite prot\u00e9tica (EP). A EP \u00e9 uma condi\u00e7\u00e3o comum em idosos, fumantes e portadores de pr\u00f3teses antigas, sendo a C. albicans a esp\u00e9cie colonizadora mais comumente encontrada. Este trabalho tem o intuito de identificar presuntivamente as esp\u00e9cies f\u00fangicas mais prevalentes em usu\u00e1rios de pr\u00f3tese dent\u00e1ria superior, com e sem manifesta\u00e7\u00f5es cl\u00ednicas. Para isso, ser\u00e3o colhidas amostras da mucosa e pr\u00f3teses dos pacientes, que ser\u00e3o cultivadas em meio cromog\u00eanico, para identifica\u00e7\u00e3o presuntiva das esp\u00e9cies f\u00fangicas. Todos os participantes assinar\u00e3o o Termo de Consentimento Livre e Esclarecido (TCLE) e esta pesquisa somente se iniciar\u00e1 ap\u00f3s aprova\u00e7\u00e3o pelo Comit\u00ea de \u00e9tica e Pesquisa (CEP) da Universidade Estadual da Para\u00edba.<\/td>\n<td width=\"285\">Sandra Aparecida Marinho<\/td>\n<td width=\"125\">1<\/td>\n<td width=\"152\">1<\/td>\n<td width=\"180\">PIBIC Af<\/td>\n<td width=\"137\">Nenhum<\/td>\n<\/tr>\n<tr>\n<td width=\"285\">Coloniza\u00e7\u00e3o de Candida spp. em cavidade oral de adultos<\/td>\n<td width=\"499\">Os m\u00e9todos laboratoriais para identifica\u00e7\u00e3o de leveduras est\u00e3o se aperfei\u00e7oando cada vez mais, no intuito de conseguir sua r\u00e1pida e correta identifica\u00e7\u00e3o. Os meios cromog\u00eanicos, como o CHROMAgar\u2122 Candida, s\u00e3o de f\u00e1cil manipula\u00e7\u00e3o, relativamente baratos e promovem uma identifica\u00e7\u00e3o presuntiva de esp\u00e9cies em at\u00e9 48 horas. As leveduras do g\u00eanero Candida s\u00e3o sapr\u00f3fitas na cavidade oral, sendo a C. albicans a esp\u00e9cie colonizadora mais comumente encontrada. Este trabalho tem o intuito de identificar presuntivamente as esp\u00e9cies f\u00fangicas mais prevalentes em cavidade bucal de adultos sem manifesta\u00e7\u00f5es cl\u00ednicas de candidose. Para isso, ser\u00e3o colhidas amostras da cavidade oral de adultos, que ser\u00e3o cultivadas em meio de cultura cromog\u00eanico, para identifica\u00e7\u00e3o presuntiva das esp\u00e9cies f\u00fangicas. Os dados ser\u00e3o analisados por estat\u00edstica descritiva. Todos os participantes assinar\u00e3o o Termo de Consentimento Livre e Esclarecido (TCLE) e esta pesquisa somente se iniciar\u00e1 ap\u00f3s aprova\u00e7\u00e3o pelo Comit\u00ea de \u00e9tica e Pesquisa (CEP) da Universidade Estadual da Para\u00edba (UEPB).<\/td>\n<td width=\"285\">Sandra Aparecida Marinho<\/td>\n<td width=\"125\">1<\/td>\n<td width=\"152\">1<\/td>\n<td width=\"180\">PIVIC<\/td>\n<td width=\"137\">Nenhum<\/td>\n<\/tr>\n<tr>\n<td width=\"285\">AVALIA\u00c7\u00c3O DOS N\u00cdVEIS DE ANSIEDADE E DEPRESS\u00c3O EM ESTUDANTES UNIVERSIT\u00c1RIOS NO CONTEXTO P\u00d3S-PANDEMIA DE COVID-19<\/td>\n<td width=\"499\">Os transtornos de ansiedade generalizada (TAG) e os transtornos depressivos constituem um grave problema de sa\u00fade p\u00fablica na atualidade. Sua alta preval\u00eancia e a natureza multifatorial tornam esses dist\u00farbios complexos e de dif\u00edcil resolu\u00e7\u00e3o. Estudantes universit\u00e1rios s\u00e3o considerados grupo de risco para o desenvolvimento de transtornos psicol\u00f3gicos, como TAG e depress\u00e3o. O objetivo desta pesquisa \u00e9 identificar a preval\u00eancia de ansiedade e depress\u00e3o e fatores associados, entre os estudantes do Centro de Ci\u00eancias, Tecnologia e Sa\u00fade (CCTS) do Campus VIII da UEPB. Trata-se de um estudo transversal e descritivo, realizado com discentes do CCTS. A coleta de dados ser\u00e1 conduzida por meio de um formul\u00e1rio previamente elaborado, dividido em quatro se\u00e7\u00f5es: a primeira aborda o perfil sociodemogr\u00e1fico dos estudantes; a segunda, o estado mental subjetivo; e a terceira e quarta se\u00e7\u00f5es avaliam ansiedade e depress\u00e3o, respectivamente, utilizando as escalas GAD-7 (ansiedade) e PHQ-9 (depress\u00e3o). Os dados ser\u00e3o analisados por meio de estat\u00edstica descritiva e anal\u00edtica, com suporte do software Statistical Package for the Social Sciences (SPSS), vers\u00e3o 22.0. A pesquisa ser\u00e1 conduzida em conformidade com a Resolu\u00e7\u00e3o n\u00ba 466\/12 do Conselho Nacional de Sa\u00fade\/Minist\u00e9rio da Sa\u00fade. Espera-se que os resultados forne\u00e7am informa\u00e7\u00f5es relevantes sobre o perfil dos estudantes e a preval6encia de ansiedade e depress\u00e3o no meio acad\u00eamico, orientando a cria\u00e7\u00e3o de estrat\u00e9gias para preven\u00e7\u00e3o, triagem e assist\u00eancia ao tratamento. Assim, espera-se contribuir para a melhoria da qualidade de vida dessa popula\u00e7\u00e3o.<\/td>\n<td width=\"285\">Dmitry Jos\u00e9 de Santana Sarmento<\/td>\n<td width=\"125\">1<\/td>\n<td width=\"152\">Nenhum<\/td>\n<td width=\"180\">PIBIC &#8211; UEPB\/CNPq com Bolsa<\/td>\n<td width=\"137\">Nenhum<\/td>\n<\/tr>\n<tr>\n<td width=\"285\">AN\u00c1LISE LABORATORIAL DE CANDIDA SP. EM SALIVA DE PACIENTES COM DOEN\u00c7A RENAL CR\u00d4NICA SUBMETIDOS \u00c0 HEMODI\u00c1LISE<\/td>\n<td width=\"499\">A doen\u00e7a renal cr\u00f4nica \u00e9 caracterizada pela incapacidade dos rins de remover produtos de degrada\u00e7\u00e3o metab\u00f3lica e realizar fun\u00e7\u00f5es reguladoras, condi\u00e7\u00f5es que podem favorecer o surgimento da candid\u00edase oral durante o tratamento de hemodi\u00e1lise, principalmente decorrente da desidrata\u00e7\u00e3o e baixa de imunidade. Estudos indicam que at\u00e9 90% dos pacientes com doen\u00e7a renal cr\u00f4nica apresentam les\u00f5es orais, destacando-se as infec\u00e7\u00f5es f\u00fangicas, tornando a manuten\u00e7\u00e3o da sa\u00fade bucal um desafio significativo para esses indiv\u00edduos. Este estudo objetiva analisar a presen\u00e7a de fungos do g\u00eanero C\u00e2ndida sp. em saliva de pacientes com doen\u00e7a renal cr\u00f4nica em hemodi\u00e1lise. Ser\u00e1 conduzida uma an\u00e1lise laboratorial da saliva para identificar a presen\u00e7a de microrganismos do g\u00eanero C\u00e2ndida sp. Pacientes e respons\u00e1veis ser\u00e3o informados sobre o estudo e convidados a participar. A coleta de saliva ser\u00e1 realizada atrav\u00e9s da t\u00e9cnica de baba passiva, com as amostras armazenadas e congeladas at\u00e9 a an\u00e1lise laboratorial. Os dados ser\u00e3o analisados estatisticamente usando o software Statistical Package for the Social Sciences (SPSS) vers\u00e3o 22.0. A pesquisa seguir\u00e1 as diretrizes da Resolu\u00e7\u00e3o n\u00ba 466\/12 do Conselho Nacional de Sa\u00fade\/Minist\u00e9rio da Sa\u00fade. Espera-se que os resultados desta pesquisa forne\u00e7am dados valiosos para a popula\u00e7\u00e3o-alvo e comunidade cient\u00edfica sobre o perfil de infec\u00e7\u00f5es por c\u00e2ndida nos pacientes com DRC em hemodi\u00e1lise, facilitando interven\u00e7\u00f5es precoces de controle da sa\u00fade bucal e contribuindo com dados relevantes para o desenvolvimento de modelos de assist\u00eancia preventiva.<\/td>\n<td width=\"285\">Dmitry Jos\u00e9 de Santana Sarmento<\/td>\n<td width=\"125\">1<\/td>\n<td width=\"152\">Nenhum<\/td>\n<td width=\"180\">PIBIC &#8211; UEPB\/CNPq com Bolsa<\/td>\n<td width=\"137\">Nenhum<\/td>\n<\/tr>\n<\/tbody>\n<\/table>\n","protected":false},"excerpt":{"rendered":"<p>TITULO RESUMO DOCENTES RESPONS\u00c1VEIS QUANTIDADE DE DISCENTES ENVOLVIDOS QUANTIDADE DE T\u00c9CNICOS ENVOLVIDOS TIPOLOGIA (PIBIC\/PIBIC_AF\/PIBIC_EM, PIBITI ou Outro) POSSUI FINANCIAMENTO? USO DA PDT (TERAPIA FOTODIN\u00c2MICA) COM AZUL DE METILENO A 0,1% ASSOCIADO AO PER\u00d3XIDO DE HIDROG\u00caNIO NO TRATAMENTO DA ESTOMATITE PROT\u00c9TICA: UM ESTUDO IN VIVO Objetiva-se avaliar a efic\u00e1cia da Terapia Fotodin\u00e2mica mediada por Azul de <a class=\"leiamais\" href=\"https:\/\/centros.uepb.edu.br\/ccts\/odontologia-pesquisa\/\">Leia Mais&#8230;<\/a><\/p>\n","protected":false},"author":57,"featured_media":0,"parent":0,"menu_order":0,"comment_status":"closed","ping_status":"closed","template":"","meta":{"jetpack_post_was_ever_published":false,"footnotes":""},"class_list":["post-490","page","type-page","status-publish","hentry"],"jetpack_sharing_enabled":true,"jetpack_shortlink":"https:\/\/wp.me\/P7WTEK-7U","_links":{"self":[{"href":"https:\/\/centros.uepb.edu.br\/ccts\/wp-json\/wp\/v2\/pages\/490","targetHints":{"allow":["GET"]}}],"collection":[{"href":"https:\/\/centros.uepb.edu.br\/ccts\/wp-json\/wp\/v2\/pages"}],"about":[{"href":"https:\/\/centros.uepb.edu.br\/ccts\/wp-json\/wp\/v2\/types\/page"}],"author":[{"embeddable":true,"href":"https:\/\/centros.uepb.edu.br\/ccts\/wp-json\/wp\/v2\/users\/57"}],"replies":[{"embeddable":true,"href":"https:\/\/centros.uepb.edu.br\/ccts\/wp-json\/wp\/v2\/comments?post=490"}],"version-history":[{"count":0,"href":"https:\/\/centros.uepb.edu.br\/ccts\/wp-json\/wp\/v2\/pages\/490\/revisions"}],"wp:attachment":[{"href":"https:\/\/centros.uepb.edu.br\/ccts\/wp-json\/wp\/v2\/media?parent=490"}],"curies":[{"name":"wp","href":"https:\/\/api.w.org\/{rel}","templated":true}]}}