{"id":14,"date":"2014-09-25T18:33:30","date_gmt":"2014-09-25T18:33:30","guid":{"rendered":"https:\/\/centros.uepb.edu.br\/cct\/?page_id=14"},"modified":"2025-04-06T18:05:50","modified_gmt":"2025-04-06T18:05:50","slug":"stricto-sensu","status":"publish","type":"page","link":"https:\/\/centros.uepb.edu.br\/cct\/stricto-sensu\/","title":{"rendered":"Stricto Sensu"},"content":{"rendered":"<p><strong>Mestrado Nacional Profissional em Ensino de F\u00edsica (MNPEF)<\/strong><\/p>\n<p><strong>Coordena\u00e7\u00e3o:<\/strong> Ana Paula Bispo da Silva \/ anabispo@servidor.uepb.edu.br<br \/>\n<strong>Coordena\u00e7\u00e3o Adjunta:<\/strong> Morgana Ligia de Farias Freire \/ morganafreire@uepb.edu.br<\/p>\n<p><strong>Contatos:<\/strong> 3315-3343 \/ mnpef.cg@setor.uepb.edu.br<\/p>\n<p>Site: <a href=\"https:\/\/sites.google.com\/site\/mnpefcampinagrande\/\">sites.google.com\/site\/mnpefcampinagrande<\/a><\/p>\n<p>&nbsp;<\/p>\n<p>&nbsp;<\/p>\n<p><strong>Mestrado Profissional em Matem\u00e1tica em Rede Nacional \u2013 PROFMAT<\/strong><\/p>\n<p><strong>Coordena\u00e7\u00e3o:<\/strong> Luciana Roze de Freitas \/ lucianarfreitas@servidor.uepb.edu.br<br \/>\n<strong>Coordena\u00e7\u00e3o Adjunta:<\/strong> Aldo Trajano Louredo \/ aldo@servidor.uepb.edu.br<\/p>\n<p><strong>Contatos:<\/strong> 3344-5332 \/ profmat@setor.uepb.edu.br<\/p>\n<p>Site: <a href=\"http:\/\/pos-graduacao.uepb.edu.br\/profmat\">http:\/\/pos-graduacao.uepb.edu.br\/profmat<\/a><\/p>\n<p>&nbsp;<\/p>\n<p>&nbsp;<\/p>\n<p><strong>Programa de P\u00f3s-Gradua\u00e7\u00e3o em Ci\u00eancia e Tecnologia Ambiental (PPGCTA)<\/strong><\/p>\n<p><strong>Coordena\u00e7\u00e3o:<\/strong> Carlos Ant\u00f4nio Pereira de Lima \/ caplima@servidor.uepb.edu.br<br \/>\n<strong>Coordena\u00e7\u00e3o Adjunta:<\/strong> Fernando Fernandes Vieira \/ fernando.desa@servidor.uepb.edu.br<\/p>\n<p><strong>Contatos:<\/strong> 3315-3311 \/ ppgcta@setor.uepb.edu.br<\/p>\n<p>Site: <a href=\"http:\/\/pos-graduacao.uepb.edu.br\/ppgcta\/\">http:\/\/pos-graduacao.uepb.edu.br\/ppgcta\/<\/a><\/p>\n<p>&nbsp;<\/p>\n<p>&nbsp;<\/p>\n<p><strong>Programa de P\u00f3s-Gradua\u00e7\u00e3o em Ensino de Ci\u00eancias e Educa\u00e7\u00e3o Matem\u00e1tica (PPGECEM)<\/strong><\/p>\n<p><strong>Coordena\u00e7\u00e3o:<\/strong> Jos\u00e9 Joelson Pimentel de Almeida \/ jjmat@servidor.uepb.edu.br<br \/>\n<strong>Coordena\u00e7\u00e3o Adjunta:<\/strong> Silvanio de Andrade \/ asiem@servidor.uepb.edu.br<\/p>\n<p><strong>Contatos:<\/strong> 3315-3409 \/ ppgecm@setor.uepb.edu.br<\/p>\n<p>Site: <a href=\"http:\/\/pos-graduacao.uepb.edu.br\/ppgecm\">http:\/\/pos-graduacao.uepb.edu.br\/ppgecm<\/a><\/p>\n<p>&nbsp;<\/p>\n<p>&nbsp;<\/p>\n<p><strong>Programa de P\u00f3s Gradua\u00e7\u00e3o em Qu\u00edmica (PPGQ)<\/strong><\/p>\n<p><strong>Coordena\u00e7\u00e3o:<\/strong> Simone da Sila Sim\u00f5es \/ simonesimoes@servidor.uepb.edu.br<br \/>\n<strong>Coordena\u00e7\u00e3o Adjunta:<\/strong> Juracy Regis de Lucena Junior \/ juracylucena@servidor.uepb.edu.br<\/p>\n<p><strong>Contatos:<\/strong> 3315-3343 \/ ppgq@setor.uepb.edu.br<\/p>\n<p>Site: <a href=\"http:\/\/pos-graduacao.uepb.edu.br\/ppgq\/\">http:\/\/pos-graduacao.uepb.edu.br\/ppgq\/<\/a><\/p>\n<p>&nbsp;<\/p>\n<p>&nbsp;<\/p>\n<p><strong>Programa de P\u00f3s Gradua\u00e7\u00e3o em Ci\u00eancia e Tecnologia em Sa\u00fade (PPGCTS)<\/strong><\/p>\n<p><strong>Coordena\u00e7\u00e3o:<\/strong> Wellington Candeia de Araujo \/ wcandeia@servidor.uepb.edu.br<br \/>\n<strong>Coordena\u00e7\u00e3o Adjunta:<\/strong> Daniel Scherer \/ scherer@servidor.uepb.edu.br<\/p>\n<p><strong>Contatos:<\/strong> 3315-3336 \/ ppgcts@setor.uepb.edu.br<\/p>\n","protected":false},"excerpt":{"rendered":"<p>Mestrado Nacional Profissional em Ensino de F\u00edsica (MNPEF) Coordena\u00e7\u00e3o: Ana Paula Bispo da Silva \/ anabispo@servidor.uepb.edu.br Coordena\u00e7\u00e3o Adjunta: Morgana Ligia de Farias Freire \/ morganafreire@uepb.edu.br Contatos: 3315-3343 \/ mnpef.cg@setor.uepb.edu.br Site: sites.google.com\/site\/mnpefcampinagrande &nbsp; &nbsp; Mestrado Profissional em Matem\u00e1tica em Rede Nacional \u2013 PROFMAT Coordena\u00e7\u00e3o: Luciana Roze de Freitas \/ lucianarfreitas@servidor.uepb.edu.br Coordena\u00e7\u00e3o Adjunta: Aldo Trajano Louredo \/ <a class=\"leiamais\" href=\"https:\/\/centros.uepb.edu.br\/cct\/stricto-sensu\/\">Leia Mais&#8230;<\/a><\/p>\n","protected":false},"author":26,"featured_media":0,"parent":0,"menu_order":0,"comment_status":"open","ping_status":"open","template":"","meta":{"jetpack_post_was_ever_published":false,"footnotes":""},"class_list":["post-14","page","type-page","status-publish","hentry"],"jetpack_sharing_enabled":true,"jetpack_shortlink":"https:\/\/wp.me\/P7WTHl-e","_links":{"self":[{"href":"https:\/\/centros.uepb.edu.br\/cct\/wp-json\/wp\/v2\/pages\/14","targetHints":{"allow":["GET"]}}],"collection":[{"href":"https:\/\/centros.uepb.edu.br\/cct\/wp-json\/wp\/v2\/pages"}],"about":[{"href":"https:\/\/centros.uepb.edu.br\/cct\/wp-json\/wp\/v2\/types\/page"}],"author":[{"embeddable":true,"href":"https:\/\/centros.uepb.edu.br\/cct\/wp-json\/wp\/v2\/users\/26"}],"replies":[{"embeddable":true,"href":"https:\/\/centros.uepb.edu.br\/cct\/wp-json\/wp\/v2\/comments?post=14"}],"version-history":[{"count":0,"href":"https:\/\/centros.uepb.edu.br\/cct\/wp-json\/wp\/v2\/pages\/14\/revisions"}],"wp:attachment":[{"href":"https:\/\/centros.uepb.edu.br\/cct\/wp-json\/wp\/v2\/media?parent=14"}],"curies":[{"name":"wp","href":"https:\/\/api.w.org\/{rel}","templated":true}]}}