{"id":83,"date":"2014-06-26T13:32:06","date_gmt":"2014-06-26T13:32:06","guid":{"rendered":"\/ccsa\/?page_id=83"},"modified":"2024-02-01T12:33:24","modified_gmt":"2024-02-01T12:33:24","slug":"comunicacao-social","status":"publish","type":"page","link":"https:\/\/centros.uepb.edu.br\/ccsa\/departamentos\/comunicacao-social\/","title":{"rendered":"Comunica\u00e7\u00e3o Social"},"content":{"rendered":"<div class=\"wpb-content-wrapper\"><p>[vc_row gap=&#8221;30&#8243;][vc_column width=&#8221;1\/3&#8243;][vc_column_text]<strong>Chefe do Departamento<\/strong><br \/>\nProf.\u00aa Maria Salete Vidal da Silva[\/vc_column_text][\/vc_column][vc_column width=&#8221;1\/3&#8243;][vc_column_text]<strong>Chefe Adjunto do Departamento<\/strong><br \/>\nProf. Lu\u00eds Adriano Mendes Costa[\/vc_column_text][\/vc_column][vc_column width=&#8221;1\/3&#8243;][vc_column_text]<strong>Secret\u00e1rio<\/strong><br \/>\nThiago D\u2019angelo Ribeiro Almeida[\/vc_column_text][\/vc_column][\/vc_row][vc_row gap=&#8221;30&#8243; css=&#8221;.vc_custom_1654002359162{margin-top: 30px !important;}&#8221;][vc_column width=&#8221;1\/3&#8243;][vc_column_text]<strong>Contatos<\/strong><br \/>\nTelefone: (83) 3344-5316<br \/>\nEmail: decom.uepb@gmail.com\/depto.comunicacao.ccsa@setor.uepb.edu.br[\/vc_column_text][\/vc_column][vc_column width=&#8221;1\/3&#8243;][vc_column_text]<strong>Localiza\u00e7\u00e3o<\/strong><br \/>\nSala 307, Central de Integra\u00e7\u00e3o Acad\u00eamica.[\/vc_column_text][\/vc_column][vc_column width=&#8221;1\/3&#8243;][\/vc_column][\/vc_row][vc_row gap=&#8221;30&#8243; css=&#8221;.vc_custom_1654000305132{margin-top: 30px !important;}&#8221;][vc_column width=&#8221;1\/2&#8243;][vc_text_separator title=&#8221;Corpo Docente (Efetivos)&#8221; title_align=&#8221;separator_align_left&#8221;][vc_column_text]<\/p>\n<ul>\n<li><a href=\"http:\/\/lattes.cnpq.br\/3758878371663831\" target=\"_blank\" rel=\"noopener\">Dra. Ada K\u00e9sea Guedes Bezerra<\/a><\/li>\n<li><a href=\"http:\/\/lattes.cnpq.br\/1754382039697071\" target=\"_blank\" rel=\"noopener\">Ma. Agda Patr\u00edcia Pontes de Aquino<\/a><\/li>\n<li><a href=\"http:\/\/lattes.cnpq.br\/7402346165525365\" target=\"_blank\" rel=\"noopener\">Dr. Antonio Roberto Faustino da Costa<\/a><\/li>\n<li><a href=\"http:\/\/lattes.cnpq.br\/0036094469253959\" target=\"_blank\" rel=\"noopener\">Dr. Antonio Sim\u00f5es Menezes<\/a><\/li>\n<li><a href=\"http:\/\/lattes.cnpq.br\/0039088369785518\" target=\"_blank\" rel=\"noopener\">Ms. Ar\u00e3o de Azevedo de Souza<\/a><\/li>\n<li><a href=\"http:\/\/lattes.cnpq.br\/3118233868976623\" target=\"_blank\" rel=\"noopener\">Dra. C\u00e1ssia Lob\u00e3o Assis<\/a><\/li>\n<li><a href=\"http:\/\/lattes.cnpq.br\/0573233540937425\" target=\"_blank\" rel=\"noopener\">Dr. Cidoval Morais de Sousa<\/a><\/li>\n<li><a href=\"http:\/\/lattes.cnpq.br\/1095395084173623\" target=\"_blank\" rel=\"noopener\">Dr. Fernando Firmino da Silva<\/a><\/li>\n<li><a href=\"http:\/\/lattes.cnpq.br\/5216811675541316\" target=\"_blank\" rel=\"noopener\">Dra. Goretti Maria Sampaio de Freitas<\/a><\/li>\n<li><a href=\"http:\/\/lattes.cnpq.br\/9005885556566471\" target=\"_blank\" rel=\"noopener\">PhD. Ingrid Farias Fechine<\/a><\/li>\n<li><a href=\"http:\/\/lattes.cnpq.br\/5756242240346822\" target=\"_blank\" rel=\"noopener\">Dr. Lu\u00eds Adriano Mendes Costa<\/a><\/li>\n<li><a href=\"http:\/\/lattes.cnpq.br\/4218432912255127\" target=\"_blank\" rel=\"noopener\">Dr. Luiz Cust\u00f3dio da Silva<\/a><\/li>\n<li><a href=\"http:\/\/lattes.cnpq.br\/9315205947145704\" target=\"_blank\" rel=\"noopener\">Ma. Maria de F\u00e1tima Cavalcante Luna<\/a><\/li>\n<li><a href=\"http:\/\/lattes.cnpq.br\/7836241033377011\" target=\"_blank\" rel=\"noopener\">Dra. Maria do Socorro Tomaz Palit\u00f3 Santos<\/a><\/li>\n<li>Maria Salete Vidal da Silva<\/li>\n<li>Esp. Massilon Gonzaga de Luna<\/li>\n<li><a href=\"http:\/\/lattes.cnpq.br\/5088029082462400\" target=\"_blank\" rel=\"noopener\">Dr. Mois\u00e9s de Ara\u00fajo Silva<\/a><\/li>\n<li><a href=\"http:\/\/lattes.cnpq.br\/1133839134804697\" target=\"_blank\" rel=\"noopener\">Ms. Orlando \u00c2ngelo da Silva<\/a><\/li>\n<li><a href=\"http:\/\/lattes.cnpq.br\/6523026037457097\" target=\"_blank\" rel=\"noopener\">Ms. Raimundo Cavalcante Rodrigues<\/a><\/li>\n<li><a href=\"http:\/\/lattes.cnpq.br\/9966633992626905\" target=\"_blank\" rel=\"noopener\">Dra. Rob\u00e9ria N\u00e1dia Ara\u00fajo Nascimento<\/a><\/li>\n<li><a href=\"http:\/\/lattes.cnpq.br\/1070320381035559\" target=\"_blank\" rel=\"noopener\">Ms. R\u00f4mulo Ferreira de Azevedo Filho<\/a><\/li>\n<li><a href=\"http:\/\/lattes.cnpq.br\/4472013919602082\" target=\"_blank\" rel=\"noopener\">Dr. Rostand de Albuquerque Melo<\/a><\/li>\n<li><a href=\"http:\/\/lattes.cnpq.br\/5434150244440013\" target=\"_blank\" rel=\"noopener\">Dra. Ver\u00f4nica Almeida de Oliveira<\/a><\/li>\n<\/ul>\n<p>[\/vc_column_text][\/vc_column][vc_column width=&#8221;1\/2&#8243;][vc_text_separator title=&#8221;Corpo Docente (Substitutos)&#8221; title_align=&#8221;separator_align_left&#8221;][\/vc_column][\/vc_row]<\/p>\n<\/div>","protected":false},"excerpt":{"rendered":"<p>[vc_row gap=&#8221;30&#8243;][vc_column width=&#8221;1\/3&#8243;][vc_column_text]Chefe do Departamento Prof.\u00aa Maria Salete Vidal da Silva[\/vc_column_text][\/vc_column][vc_column width=&#8221;1\/3&#8243;][vc_column_text]Chefe Adjunto do Departamento Prof. Lu\u00eds Adriano Mendes Costa[\/vc_column_text][\/vc_column][vc_column width=&#8221;1\/3&#8243;][vc_column_text]Secret\u00e1rio Thiago D\u2019angelo Ribeiro Almeida[\/vc_column_text][\/vc_column][\/vc_row][vc_row gap=&#8221;30&#8243; css=&#8221;.vc_custom_1654002359162{margin-top: 30px !important;}&#8221;][vc_column width=&#8221;1\/3&#8243;][vc_column_text]Contatos Telefone: (83) 3344-5316 Email: decom.uepb@gmail.com\/depto.comunicacao.ccsa@setor.uepb.edu.br[\/vc_column_text][\/vc_column][vc_column width=&#8221;1\/3&#8243;][vc_column_text]Localiza\u00e7\u00e3o Sala 307, Central de Integra\u00e7\u00e3o Acad\u00eamica.[\/vc_column_text][\/vc_column][vc_column width=&#8221;1\/3&#8243;][\/vc_column][\/vc_row][vc_row gap=&#8221;30&#8243; css=&#8221;.vc_custom_1654000305132{margin-top: 30px !important;}&#8221;][vc_column width=&#8221;1\/2&#8243;][vc_text_separator title=&#8221;Corpo Docente (Efetivos)&#8221; title_align=&#8221;separator_align_left&#8221;][vc_column_text] Dra. Ada K\u00e9sea <a class=\"leiamais\" href=\"https:\/\/centros.uepb.edu.br\/ccsa\/departamentos\/comunicacao-social\/\">Leia Mais&#8230;<\/a><\/p>\n","protected":false},"author":19,"featured_media":0,"parent":1752,"menu_order":0,"comment_status":"open","ping_status":"open","template":"","meta":{"jetpack_post_was_ever_published":false,"footnotes":""},"class_list":["post-83","page","type-page","status-publish","hentry"],"jetpack_sharing_enabled":true,"jetpack_shortlink":"https:\/\/wp.me\/P6eGxq-1l","_links":{"self":[{"href":"https:\/\/centros.uepb.edu.br\/ccsa\/wp-json\/wp\/v2\/pages\/83","targetHints":{"allow":["GET"]}}],"collection":[{"href":"https:\/\/centros.uepb.edu.br\/ccsa\/wp-json\/wp\/v2\/pages"}],"about":[{"href":"https:\/\/centros.uepb.edu.br\/ccsa\/wp-json\/wp\/v2\/types\/page"}],"author":[{"embeddable":true,"href":"https:\/\/centros.uepb.edu.br\/ccsa\/wp-json\/wp\/v2\/users\/19"}],"replies":[{"embeddable":true,"href":"https:\/\/centros.uepb.edu.br\/ccsa\/wp-json\/wp\/v2\/comments?post=83"}],"version-history":[{"count":0,"href":"https:\/\/centros.uepb.edu.br\/ccsa\/wp-json\/wp\/v2\/pages\/83\/revisions"}],"up":[{"embeddable":true,"href":"https:\/\/centros.uepb.edu.br\/ccsa\/wp-json\/wp\/v2\/pages\/1752"}],"wp:attachment":[{"href":"https:\/\/centros.uepb.edu.br\/ccsa\/wp-json\/wp\/v2\/media?parent=83"}],"curies":[{"name":"wp","href":"https:\/\/api.w.org\/{rel}","templated":true}]}}