{"id":1340,"date":"2021-05-14T17:53:10","date_gmt":"2021-05-14T20:53:10","guid":{"rendered":"https:\/\/centros.uepb.edu.br\/ccj\/?page_id=1340"},"modified":"2025-09-15T20:48:33","modified_gmt":"2025-09-15T23:48:33","slug":"discentes","status":"publish","type":"page","link":"https:\/\/centros.uepb.edu.br\/ccj\/discentes\/","title":{"rendered":"Discentes"},"content":{"rendered":"<div class=\"wpb-content-wrapper\"><p>[vc_row][vc_column][vc_column_text css=&#8221;&#8221;]<a href=\"https:\/\/centros.uepb.edu.br\/ccj\/files\/2021\/05\/WhatsApp-Image-2021-05-21-at-09.34.35.jpeg\"><img loading=\"lazy\" decoding=\"async\" class=\"wp-image-1360 alignleft img-responsive\" src=\"https:\/\/centros.uepb.edu.br\/ccj\/files\/2021\/05\/WhatsApp-Image-2021-05-21-at-09.34.35-300x291.jpeg\" alt=\"\" width=\"173\" height=\"168\" srcset=\"https:\/\/centros.uepb.edu.br\/ccj\/files\/2021\/05\/WhatsApp-Image-2021-05-21-at-09.34.35-300x291.jpeg 300w, https:\/\/centros.uepb.edu.br\/ccj\/files\/2021\/05\/WhatsApp-Image-2021-05-21-at-09.34.35-1024x994.jpeg 1024w, https:\/\/centros.uepb.edu.br\/ccj\/files\/2021\/05\/WhatsApp-Image-2021-05-21-at-09.34.35-768x746.jpeg 768w, https:\/\/centros.uepb.edu.br\/ccj\/files\/2021\/05\/WhatsApp-Image-2021-05-21-at-09.34.35-370x359.jpeg 370w, https:\/\/centros.uepb.edu.br\/ccj\/files\/2021\/05\/WhatsApp-Image-2021-05-21-at-09.34.35-840x816.jpeg 840w, https:\/\/centros.uepb.edu.br\/ccj\/files\/2021\/05\/WhatsApp-Image-2021-05-21-at-09.34.35.jpeg 1280w\" sizes=\"auto, (max-width: 173px) 100vw, 173px\" \/><\/a><\/p>\n<p>O <strong>Centro Acad\u00eamico Sobral Pinto<\/strong> cumpre a representa\u00e7\u00e3o do corpo discente da Faculdade de Direito da UEPB, atua\u00e7\u00e3o permanente desde a d\u00e9cada de 80 do S\u00e9culo XX, como Institui\u00e7\u00e3o Estudantil aut\u00f4noma, sem fins lucrativos, com dura\u00e7\u00e3o indeterminada, constitu\u00edda pelos alunos regularmente matriculados neste Curso de Direito no Campus I da Universidade Estadual da Para\u00edba, na cidade de Campina Grande-PB.<\/p>\n<p>O Centro Acad\u00eamico carrega o sobrenome de Her\u00e1clito Fontoura Sobral Pinto (1893-1991), Advogado que marcou a hist\u00f3ria da classe no Brasil, como ferrenho defensor dos Direitos Humanos, sendo defensor de perseguidos pol\u00edticos como Lu\u00eds Carlos Prestes e tamb\u00e9m advogando em defesa de\u00a0 Juscelino Kubitschek, chegando a recusar um convite para fazer parte do Supremo Tribunal Federal, recusa feita para que n\u00e3o houvesse suposi\u00e7\u00e3o de interesses pessoais de Sobral Pinto em sua rela\u00e7\u00e3o com JK. Sobral Pinto \u00e9 enaltecido dentro da classe da Advocacia, pela sua presteza, luta herc\u00falea e resili\u00eancia enquanto Advogado. Uma c\u00e9lere frase sua ecoa at\u00e9 hoje, sendo lema encorajador para advogados de todo o pa\u00eds: \u201cA Advocacia n\u00e3o \u00e9 profiss\u00e3o de covardes.\u201d.<\/p>\n<p>Com a participa\u00e7\u00e3o, durante sua hist\u00f3ria, de diversos nomes que hoje fazem parte do cotidiano pol\u00edtico, judici\u00e1rio, advogados de renome, professores, e diversos outros, na diretoria executiva, o Centro Acad\u00eamico Sobral Pinto sempre pugnou pelo atendimento \u00e0s demandas estudantis por parte da Diretoria da Faculdade de Direito, assim como junto \u00e0 Reitoria e \u00e0s Pr\u00f3-Reitorias da Universidade Estadual da Para\u00edba, tamb\u00e9m prezando pelo bom cumprimento das disposi\u00e7\u00f5es estatut\u00e1rias do Diret\u00f3rio Central de Estudantes (DCE-UEPB), para que este sempre realizasse uma gest\u00e3o capaz de representar os estudantes de toda a UEPB.<\/p>\n<p>O Centro Acad\u00eamico Sobral Pinto da Faculdade de Direito da UEPB tamb\u00e9m organiza eventos, promove a recep\u00e7\u00e3o e acolhimento dos discentes novatos no Curso de Direito do CCJ-UEPB, conduz atividades referentes \u00e0 representa\u00e7\u00e3o e participa\u00e7\u00e3o pol\u00edtica do Corpo Discente e atua como corpo pol\u00edtico, em conformidade com a opini\u00e3o de seus membros constituintes, ou seja, os estudantes de Direito do Campus I da UEPB.<\/p>\n<p><strong>Redes Sociais do Centro Acad\u00eamico Sobral Pinto:<\/strong><br \/>\n<strong>Instagram:<\/strong> <a href=\"https:\/\/www.instagram.com\/casobralpinto\/\" target=\"_blank\" rel=\"noopener\">https:\/\/instagram.com\/casobralpinto<\/a><br \/>\n<strong>Facebook: <\/strong><a href=\"https:\/\/www.facebook.com\/caspccj\" target=\"_blank\" rel=\"noopener\">https:\/\/www.facebook.com\/caspccj<\/a><br \/>\n<strong>E-mail:<\/strong> casp.ccj@gmail.com<\/p>\n<p>&nbsp;<\/p>\n<p>[\/vc_column_text][\/vc_column][\/vc_row]<\/p>\n<\/div>","protected":false},"excerpt":{"rendered":"<p>[vc_row][vc_column][vc_column_text css=&#8221;&#8221;] O Centro Acad\u00eamico Sobral Pinto cumpre a representa\u00e7\u00e3o do corpo discente da Faculdade de Direito da UEPB, atua\u00e7\u00e3o permanente desde a d\u00e9cada de 80 do S\u00e9culo XX, como Institui\u00e7\u00e3o Estudantil aut\u00f4noma, sem fins lucrativos, com dura\u00e7\u00e3o indeterminada, constitu\u00edda pelos alunos regularmente matriculados neste Curso de Direito no Campus I da Universidade Estadual da <a class=\"leiamais\" href=\"https:\/\/centros.uepb.edu.br\/ccj\/discentes\/\">Leia Mais&#8230;<\/a><\/p>\n","protected":false},"author":46,"featured_media":0,"parent":0,"menu_order":7,"comment_status":"closed","ping_status":"closed","template":"","meta":{"jetpack_post_was_ever_published":false,"footnotes":""},"class_list":["post-1340","page","type-page","status-publish","hentry"],"jetpack_sharing_enabled":true,"jetpack_shortlink":"https:\/\/wp.me\/P7WTDo-lC","_links":{"self":[{"href":"https:\/\/centros.uepb.edu.br\/ccj\/wp-json\/wp\/v2\/pages\/1340","targetHints":{"allow":["GET"]}}],"collection":[{"href":"https:\/\/centros.uepb.edu.br\/ccj\/wp-json\/wp\/v2\/pages"}],"about":[{"href":"https:\/\/centros.uepb.edu.br\/ccj\/wp-json\/wp\/v2\/types\/page"}],"author":[{"embeddable":true,"href":"https:\/\/centros.uepb.edu.br\/ccj\/wp-json\/wp\/v2\/users\/46"}],"replies":[{"embeddable":true,"href":"https:\/\/centros.uepb.edu.br\/ccj\/wp-json\/wp\/v2\/comments?post=1340"}],"version-history":[{"count":1,"href":"https:\/\/centros.uepb.edu.br\/ccj\/wp-json\/wp\/v2\/pages\/1340\/revisions"}],"predecessor-version":[{"id":2583,"href":"https:\/\/centros.uepb.edu.br\/ccj\/wp-json\/wp\/v2\/pages\/1340\/revisions\/2583"}],"wp:attachment":[{"href":"https:\/\/centros.uepb.edu.br\/ccj\/wp-json\/wp\/v2\/media?parent=1340"}],"curies":[{"name":"wp","href":"https:\/\/api.w.org\/{rel}","templated":true}]}}