{"id":24,"date":"2011-08-15T18:44:11","date_gmt":"2011-08-15T18:44:11","guid":{"rendered":"http:\/\/centros.ascom.uepb.edu.br\/cche\/?page_id=24"},"modified":"2026-02-05T21:15:33","modified_gmt":"2026-02-06T00:15:33","slug":"matematica-lic","status":"publish","type":"page","link":"https:\/\/centros.uepb.edu.br\/cche\/cursos\/matematica-lic\/","title":{"rendered":"Licenciatura Plena em Matem\u00e1tica"},"content":{"rendered":"<div class=\"wpb-content-wrapper\"><p>[vc_row gap=&#8221;30&#8243;][vc_column][vc_column_text]<strong>Nome do curso<\/strong>: Licenciatura Plena em\u00a0Matem\u00e1tica<\/p>\n<p><strong>Modalidade<\/strong>: Licenciatura<\/p>\n<p><strong>Cria\u00e7\u00e3o<\/strong>: Criado pela Resolu\u00e7\u00e3o\/UEPB\/CONSUNI\/011\/2006 e reconhecido Resolu\u00e7\u00e3o No. 261\/2010\/CEE\/PB de 26\/10\/2010 \u2013 DOE de 16\/12\/2010.<\/p>\n<p><b>Regime Escolar:<\/b> Seriado semestral com duas entradas<\/p>\n<p><b>Carga Hor\u00e1ria (h\/a*):<\/b> 3.270 h\/a<\/p>\n<p><b>Turno(s) de Funcionamento:<\/b> Diurno e Noturno<\/p>\n<p><b>Dura\u00e7\u00e3o Do Curso:<\/b> Tempo m\u00ednimo de 8 semestres e m\u00e1ximo de 15 semestres para os turnos diurno e noturno<\/p>\n<p><b>Endere\u00e7o:<\/b> Rua Abelardo Pereira dos Santos, 131 \u2013 Centro \u2013 Monteiro\/PB \u2013 CEP: 58500-000 &#8211; Ponto de refer\u00eancia: Pr\u00f3ximo \u00e0 prefeitura municipal e f\u00f3rum<\/p>\n<p><b>Telefone:<\/b> (83) 3351-2348<\/p>\n<p><b>E-mail:<\/b> coord.matematica.cche@setor.uepb.edu.br[\/vc_column_text][vc_column_text][\/vc_column_text][vc_btn title=&#8221;Projeto Pedag\u00f3gico de Curso \u2013 PPC&#8221; shape=&#8221;square&#8221; color=&#8221;primary&#8221; align=&#8221;left&#8221; link=&#8221;url:https%3A%2F%2Fcentros.uepb.edu.br%2Fcche%2Fdownload%2Fppc-matematica-licenciatura%2F%3Fwpdmdl%3D3622%26masterkey%3D85qtzViQi63KDPLmZAVZ03CCjN83qxWbYwynJbQpAwp-TvPBAdNWwjE1T65VfbHiDX1sLvwceBQwA1JBhLpJvxJwqlZoI4JGFsv33-Dbzao|title:PPC%20Matem%C3%A1tica%20%E2%80%93%20Licenciatura&#8221;][\/vc_column][\/vc_row][vc_row css=&#8221;.vc_custom_1656519548255{margin-top: 30px !important;}&#8221;][vc_column][vc_text_separator title=&#8221;CAMPO DE ATUA\u00c7\u00c3O PROFISSIONAL&#8221; title_align=&#8221;separator_align_left&#8221;][vc_column_text]<\/p>\n<p>O egresso do curso de Licenciatura em Matem\u00e1tica ir\u00e1 atuar, principalmente, no ensino de Matem\u00e1tica no Ensino Fundamental e M\u00e9dio, em escolas t\u00e9cnicas, em cursos profissionalizantes, na Educa\u00e7\u00e3o de Jovens e Adultos e na Educa\u00e7\u00e3o a Dist\u00e2ncia. Poder\u00e1 desenvolver em atividades t\u00e9cnico-educativas, estudos, an\u00e1lises e pesquisas ou organizar programas de atualiza\u00e7\u00e3o e aperfei\u00e7oamento para docentes da \u00e1rea. Ainda poder\u00e1 prestar atendimento como consultor, analista de dados, analista de tend\u00eancias de mercado e de riscos de investimentos, desde que seja feita uma p\u00f3s-gradua\u00e7\u00e3o na \u00e1rea. Essas \u00faltimas, combinam atua\u00e7\u00f5es em parceria com f\u00edsicos, qu\u00edmicos, bi\u00f3logos, engenheiros, administradores, entre outros.<\/p>\n<p>[\/vc_column_text][\/vc_column][\/vc_row][vc_row css=&#8221;.vc_custom_1656519548255{margin-top: 30px !important;}&#8221;][vc_column][vc_text_separator title=&#8221;COORDENA\u00c7\u00c3O DO CURSO&#8221; title_align=&#8221;separator_align_left&#8221;][vc_row_inner gap=&#8221;30&#8243;][vc_column_inner][vc_column_text]<\/p>\n<h3>COORDENADORA<\/h3>\n<p><b><a href=\"http:\/\/buscatextual.cnpq.br\/buscatextual\/visualizacv.do?id=K4717768Y6\" target=\"_blank\" rel=\"noopener\">Dra. ANA EM\u00cdLIA VICTOR BARBOSA COUTINHO<\/a><\/b><br \/>\n<b>E-mail:<\/b> anaemilia@servidor.uepb.edu.br<\/p>\n<h3>COORDENADORA ADJUNTA<\/h3>\n<p><b><a href=\"http:\/\/buscatextual.cnpq.br\/buscatextual\/visualizacv.do?id=K4299566Y6\" target=\"_blank\" rel=\"noopener\">Dra. MAR\u00cdLIA LIDIANE CHAVES DA COSTA<\/a><\/b><br \/>\n<b>E-mail:<\/b> marilialidiane@servidor.uepb.edu.br<\/p>\n<h3>SECRET\u00c1RIO<\/h3>\n<p><b><a target=\"_target\" rel=\"noopener\">JHONATAN PALLMER NASCIMENTO OLIVEIRA<\/a><\/b><br \/>\n<b>E-mail:<\/b> jpoliveira@servidor.uepb.edu.br<\/p>\n<h3>ASSISTENTE ADMINISTRATIVO<\/h3>\n<p><b><a target=\"_target\" rel=\"noopener\">VALCEIR DE SOUSA SILVA<\/a><\/b><br \/>\n<b>E-mail:<\/b> valceir@servidor.uepb.edu.br[\/vc_column_text][\/vc_column_inner][\/vc_row_inner][\/vc_column][\/vc_row][vc_row css=&#8221;.vc_custom_1656519548255{margin-top: 30px !important;}&#8221;][vc_column][vc_text_separator title=&#8221;DOCENTES EFETIVOS POR \u00c1REA&#8221; title_align=&#8221;separator_align_left&#8221;][vc_row_inner gap=&#8221;30&#8243;][vc_column_inner width=&#8221;1\/2&#8243;][vc_text_separator title=&#8221;EDUCA\u00c7\u00c3O MATEM\u00c1TICA&#8221; title_align=&#8221;separator_align_left&#8221;][vc_column_text css=&#8221;&#8221;]<b><a href=\"http:\/\/buscatextual.cnpq.br\/buscatextual\/visualizacv.do?id=K4215548P3\" target=\"_blank\" rel=\"noopener\">Dr. JOS\u00c9 LUIZ CAVALCANTE<\/a><\/b><br \/>\n<b>E-mail:<\/b> zeluiz@servidor.uepb.edu.br<\/p>\n<p><b><a href=\"http:\/\/buscatextual.cnpq.br\/buscatextual\/visualizacv.do?id=K4299566Y6\" target=\"_blank\" rel=\"noopener\">Dra. MAR\u00cdLIA LIDIANE CHAVES DA COSTA<\/a><\/b><br \/>\n<b>E-mail:<\/b> marilialidiane@servidor.uepb.edu.br<\/p>\n<p><b><a href=\"http:\/\/lattes.cnpq.br\/8533267292498956\" target=\"_blank\" rel=\"noopener\">Dra\u00a0DAIANA ESTRELA FERREIRA BARBOSA<\/a><\/b><\/p>\n<p><b><a>Dr. TI\u00caGO DOS SANTOS FREITAS<\/a><\/b><br \/>\n<b>E-mail:<\/b> tiego@servidor.uepb.edu.br[\/vc_column_text][\/vc_column_inner][vc_column_inner width=&#8221;1\/2&#8243;][vc_text_separator title=&#8221;MATEM\u00c1TICA&#8221; title_align=&#8221;separator_align_left&#8221;][vc_column_text]<b><a href=\"http:\/\/buscatextual.cnpq.br\/buscatextual\/visualizacv.do?id=K4418634Y9\" target=\"_blank\" rel=\"noopener\">Dr. CL\u00c1DIO ODAIR PEREIRA DA SILVA<\/a><\/b><br \/>\n<b>E-mail:<\/b> cladio@cche.uepb.edu.br<\/p>\n<p><b><a href=\"http:\/\/buscatextual.cnpq.br\/buscatextual\/visualizacv.do?id=K4772697P1\" target=\"_blank\" rel=\"noopener\">Me. LUCIANO DOS SANTOS FERREIRA<\/a><\/b><br \/>\n<b>E-mail:<\/b> luciano1a1a@servidor.uepb.edu.br<\/p>\n<p><b><a href=\"http:\/\/buscatextual.cnpq.br\/buscatextual\/visualizacv.do?id=K4769418Y5\" target=\"_blank\" rel=\"noopener\">Me. LUIZ LIMA DE OLIVEIRA JUNIOR<\/a><\/b><br \/>\n<b>E-mail:<\/b> luizlimauepb@servidor.uepb.edu.br<\/p>\n<p><b><a href=\"http:\/\/buscatextual.cnpq.br\/buscatextual\/visualizacv.do?id=K4270437U4\" target=\"_blank\" rel=\"noopener\">Dr. NATAN DE ASSIS LIMA<\/a><\/b><br \/>\n<b>E-mail:<\/b> natan.mat@servidor.uepb.edu.br<\/p>\n<p><b><a href=\"http:\/\/buscatextual.cnpq.br\/buscatextual\/visualizacv.do?id=K4759351D3\" target=\"_blank\" rel=\"noopener\">Me. TIAGO MARQUES MADUREIRA<\/a><\/b><br \/>\n<b>E-mail:<\/b> tiago.madureira@servidor.uepb.edu.br[\/vc_column_text][\/vc_column_inner][\/vc_row_inner][vc_row_inner gap=&#8221;30&#8243;][vc_column_inner width=&#8221;1\/2&#8243;][vc_text_separator title=&#8221;F\u00cdSICA&#8221; title_align=&#8221;separator_align_left&#8221;][vc_column_text]<b><a href=\"http:\/\/buscatextual.cnpq.br\/buscatextual\/visualizacv.do?id=K4238467Y8\" target=\"_blank\" rel=\"noopener\">Me. ROBSON BATISTA DE SOUSA<\/a><\/b><br \/>\n<b>E-mail:<\/b> robson@servidor.uepb.edu.br[\/vc_column_text][\/vc_column_inner][vc_column_inner width=&#8221;1\/2&#8243;][vc_text_separator title=&#8221;INFORM\u00c1TICA&#8221; title_align=&#8221;separator_align_left&#8221;][vc_column_text]<b><a href=\"http:\/\/buscatextual.cnpq.br\/buscatextual\/visualizacv.do?id=K4717768Y6\" target=\"_blank\" rel=\"noopener\">Dra. ANA EM\u00cdLIA VICTOR BARBOSA COUTINHO<\/a><\/b><br \/>\n<b>E-mail:<\/b> anaemilia@servidor.uepb.edu.br<\/p>\n<p><b><a href=\"http:\/\/buscatextual.cnpq.br\/buscatextual\/visualizacv.do?id=K4768547E0\" target=\"_blank\" rel=\"noopener\">Dr. BRAUNER GON\u00c7ALVES COUTINHO<\/a><\/b><br \/>\n<b>E-mail:<\/b> brauner@servidor.uepb.edu.br[\/vc_column_text][\/vc_column_inner][\/vc_row_inner][\/vc_column][\/vc_row][vc_row css=&#8221;.vc_custom_1656519548255{margin-top: 30px !important;}&#8221;][vc_column][vc_text_separator title=&#8221;DOCENTES CONTRATADOS&#8221; title_align=&#8221;separator_align_left&#8221;][vc_column_text css=&#8221;&#8221;]<b><a href=\"http:\/\/lattes.cnpq.br\/1179666315239229\" target=\"_blank\" rel=\"noopener\">Ma. FL\u00c1VIA APARECIDA BEZERRA DA SILVA<\/a><\/b><br \/>\n<b>E-mail:<\/b> flaviabezerra@servidor.uepb.edu.br<\/p>\n<p>[\/vc_column_text][\/vc_column][\/vc_row]<\/p>\n<\/div>","protected":false},"excerpt":{"rendered":"<p>[vc_row gap=&#8221;30&#8243;][vc_column][vc_column_text]Nome do curso: Licenciatura Plena em\u00a0Matem\u00e1tica Modalidade: Licenciatura Cria\u00e7\u00e3o: Criado pela Resolu\u00e7\u00e3o\/UEPB\/CONSUNI\/011\/2006 e reconhecido Resolu\u00e7\u00e3o No. 261\/2010\/CEE\/PB de 26\/10\/2010 \u2013 DOE de 16\/12\/2010. Regime Escolar: Seriado semestral com duas entradas Carga Hor\u00e1ria (h\/a*): 3.270 h\/a Turno(s) de Funcionamento: Diurno e Noturno Dura\u00e7\u00e3o Do Curso: Tempo m\u00ednimo de 8 semestres e m\u00e1ximo de 15 semestres <a class=\"leiamais\" href=\"https:\/\/centros.uepb.edu.br\/cche\/cursos\/matematica-lic\/\">Leia Mais&#8230;<\/a><\/p>\n","protected":false},"author":52,"featured_media":0,"parent":6,"menu_order":0,"comment_status":"open","ping_status":"open","template":"","meta":{"jetpack_post_was_ever_published":false,"footnotes":""},"class_list":["post-24","page","type-page","status-publish","hentry"],"jetpack_sharing_enabled":true,"jetpack_shortlink":"https:\/\/wp.me\/P7WTCj-o","_links":{"self":[{"href":"https:\/\/centros.uepb.edu.br\/cche\/wp-json\/wp\/v2\/pages\/24","targetHints":{"allow":["GET"]}}],"collection":[{"href":"https:\/\/centros.uepb.edu.br\/cche\/wp-json\/wp\/v2\/pages"}],"about":[{"href":"https:\/\/centros.uepb.edu.br\/cche\/wp-json\/wp\/v2\/types\/page"}],"author":[{"embeddable":true,"href":"https:\/\/centros.uepb.edu.br\/cche\/wp-json\/wp\/v2\/users\/52"}],"replies":[{"embeddable":true,"href":"https:\/\/centros.uepb.edu.br\/cche\/wp-json\/wp\/v2\/comments?post=24"}],"version-history":[{"count":2,"href":"https:\/\/centros.uepb.edu.br\/cche\/wp-json\/wp\/v2\/pages\/24\/revisions"}],"predecessor-version":[{"id":5021,"href":"https:\/\/centros.uepb.edu.br\/cche\/wp-json\/wp\/v2\/pages\/24\/revisions\/5021"}],"up":[{"embeddable":true,"href":"https:\/\/centros.uepb.edu.br\/cche\/wp-json\/wp\/v2\/pages\/6"}],"wp:attachment":[{"href":"https:\/\/centros.uepb.edu.br\/cche\/wp-json\/wp\/v2\/media?parent=24"}],"curies":[{"name":"wp","href":"https:\/\/api.w.org\/{rel}","templated":true}]}}