{"id":128,"date":"2014-08-26T19:19:57","date_gmt":"2014-08-26T19:19:57","guid":{"rendered":"https:\/\/centros.uepb.edu.br\/ccha\/?page_id=128"},"modified":"2024-07-22T12:01:51","modified_gmt":"2024-07-22T12:01:51","slug":"departamento-de-letras-e-humanidades","status":"publish","type":"page","link":"https:\/\/centros.uepb.edu.br\/ccha\/departamento-de-letras-e-humanidades\/","title":{"rendered":"Departamento de Letras e Humanidades"},"content":{"rendered":"<div class=\"wpb-content-wrapper\"><p>[vc_row][vc_column][vc_tta_tabs][vc_tta_section title=&#8221;Chefia&#8221; tab_id=&#8221;1655300725229-12808840-0230&#8243;][vc_column_text css=&#8221;&#8221;]<strong>Chefe do Departamento<\/strong><br \/>\nProf. MSc. R\u00f4mulo C\u00e9sar Ara\u00fajo Lima<br \/>\nromulolima64@servidor.uepb.edu.br<br \/>\ndepto.letrasehumanidades.ccha@setor.uepb.edu.br<\/p>\n<p><strong>Chefe Adjunto do Departamento<\/strong><br \/>\nProf. MSc. F\u00e1bio Pereira Figueiredo<br \/>\nfabiofigueiredo@servidor.uepb.edu.br<\/p>\n<p><strong>Secret\u00e1rio do Departamento<\/strong><br \/>\nS\u00f3stenes Pereira de Oliveira Lopes<br \/>\nsostenes_pol@hotmail.com ou sostenes@ccha.uepbedu.br[\/vc_column_text][\/vc_tta_section][vc_tta_section title=&#8221;Professores&#8221; tab_id=&#8221;1655300725241-55dd1b5f-4892&#8243;][vc_column_text]\n<table id=\"tablepress-1\" class=\"tablepress tablepress-id-1\">\n<tbody>\n<tr class=\"row-1\">\n\t<td class=\"column-1\">Ana Paula Lima Carneiro<\/td><td class=\"column-2\">anapaula@servidor.uepb.edu.br<\/td>\n<\/tr>\n<tr class=\"row-2\">\n\t<td class=\"column-1\">Anderson Rany Cardoso da Silva<\/td><td class=\"column-2\">andersonrany@servidor.uepb.edu.br<\/td>\n<\/tr>\n<tr class=\"row-3\">\n\t<td class=\"column-1\">Aur\u00edbio Farias Concei\u00e7\u00e3o<\/td><td class=\"column-2\">auribiofarias@servidor.uepb.edu.br<\/td>\n<\/tr>\n<tr class=\"row-4\">\n\t<td class=\"column-1\">Clara Regina Rodrigues de Souza<\/td><td class=\"column-2\">clararegina@servidor.uepb.edu.br<\/td>\n<\/tr>\n<tr class=\"row-5\">\n\t<td class=\"column-1\">Ediumar da Silva Mesquita<\/td><td class=\"column-2\">ediumar.silva@servidor.uepb.edu.br<\/td>\n<\/tr>\n<tr class=\"row-6\">\n\t<td class=\"column-1\">F\u00e1bio Pereira Figueiredo<\/td><td class=\"column-2\">fabiofigueiredo@servidor.uepb.edu.br<\/td>\n<\/tr>\n<tr class=\"row-7\">\n\t<td class=\"column-1\">Jairo Bezerra Silva<\/td><td class=\"column-2\">jairrobezerra@hotmail.com \/ jairrobezerra@servidor.uepb<\/td>\n<\/tr>\n<tr class=\"row-8\">\n\t<td class=\"column-1\">Jeferson Silva da Cruz<\/td><td class=\"column-2\">jeferson.cruz@servidor.uepb.edu.br<\/td>\n<\/tr>\n<tr class=\"row-9\">\n\t<td class=\"column-1\">Jos\u00e9 Helber Tavares de  Ara\u00fajo<\/td><td class=\"column-2\">josehelber@servidor.uepb.edu.br<\/td>\n<\/tr>\n<tr class=\"row-10\">\n\t<td class=\"column-1\">Keila Lairiny C\u00e2mara Xavier<\/td><td class=\"column-2\">keila_lairiny@servidor.uepb.edu.br<\/td>\n<\/tr>\n<tr class=\"row-11\">\n\t<td class=\"column-1\">Maria Lara Alves Rocha<\/td><td class=\"column-2\"><\/td>\n<\/tr>\n<tr class=\"row-12\">\n\t<td class=\"column-1\">Maria Karoliny Lima de Oliveira<\/td><td class=\"column-2\">karolinylima@servidor.uepb.edu.br<\/td>\n<\/tr>\n<tr class=\"row-13\">\n\t<td class=\"column-1\">Mauriene Silva de Freitas<\/td><td class=\"column-2\">maurienefreitas@servidor.uepb.edu.br<\/td>\n<\/tr>\n<tr class=\"row-14\">\n\t<td class=\"column-1\">Natan Severo de Sousa<\/td><td class=\"column-2\">natan.severo@servidor.uepb.edu.br<\/td>\n<\/tr>\n<tr class=\"row-15\">\n\t<td class=\"column-1\">Rafael Jos\u00e9 de Melo<\/td><td class=\"column-2\">rafaelmelo@servidor.uepb.edu.br<\/td>\n<\/tr>\n<tr class=\"row-16\">\n\t<td class=\"column-1\">R\u00f4mulo C\u00e9sar Ara\u00fajo Lima<\/td><td class=\"column-2\">romulolima64@servidor.uepb.edu.br<\/td>\n<\/tr>\n<tr class=\"row-17\">\n\t<td class=\"column-1\">Sanzio Mike Cortez de Medeiros<\/td><td class=\"column-2\">sanzio.mike@servidor.uepb.edu.br<\/td>\n<\/tr>\n<tr class=\"row-18\">\n\t<td class=\"column-1\">Vaneide Lima Silva<\/td><td class=\"column-2\">vaneidel.professora@gmail.com\/vaneidelima@servidor.uepb<\/td>\n<\/tr>\n<\/tbody>\n<\/table>\n<!-- #tablepress-1 from cache -->[\/vc_column_text][\/vc_tta_section][\/vc_tta_tabs][\/vc_column][\/vc_row]<\/p>\n<\/div>","protected":false},"excerpt":{"rendered":"<p>[vc_row][vc_column][vc_tta_tabs][vc_tta_section title=&#8221;Chefia&#8221; tab_id=&#8221;1655300725229-12808840-0230&#8243;][vc_column_text css=&#8221;&#8221;]Chefe do Departamento Prof. MSc. R\u00f4mulo C\u00e9sar Ara\u00fajo Lima romulolima64@servidor.uepb.edu.br depto.letrasehumanidades.ccha@setor.uepb.edu.br Chefe Adjunto do Departamento Prof. MSc. F\u00e1bio Pereira Figueiredo fabiofigueiredo@servidor.uepb.edu.br Secret\u00e1rio do Departamento S\u00f3stenes Pereira de Oliveira Lopes sostenes_pol@hotmail.com ou sostenes@ccha.uepbedu.br[\/vc_column_text][\/vc_tta_section][vc_tta_section title=&#8221;Professores&#8221; tab_id=&#8221;1655300725241-55dd1b5f-4892&#8243;][vc_column_text][\/vc_column_text][\/vc_tta_section][\/vc_tta_tabs][\/vc_column][\/vc_row]<\/p>\n","protected":false},"author":26,"featured_media":0,"parent":0,"menu_order":0,"comment_status":"open","ping_status":"open","template":"","meta":{"jetpack_post_was_ever_published":false,"footnotes":""},"class_list":["post-128","page","type-page","status-publish","hentry"],"jetpack_sharing_enabled":true,"jetpack_shortlink":"https:\/\/wp.me\/P7QIsS-24","_links":{"self":[{"href":"https:\/\/centros.uepb.edu.br\/ccha\/wp-json\/wp\/v2\/pages\/128","targetHints":{"allow":["GET"]}}],"collection":[{"href":"https:\/\/centros.uepb.edu.br\/ccha\/wp-json\/wp\/v2\/pages"}],"about":[{"href":"https:\/\/centros.uepb.edu.br\/ccha\/wp-json\/wp\/v2\/types\/page"}],"author":[{"embeddable":true,"href":"https:\/\/centros.uepb.edu.br\/ccha\/wp-json\/wp\/v2\/users\/26"}],"replies":[{"embeddable":true,"href":"https:\/\/centros.uepb.edu.br\/ccha\/wp-json\/wp\/v2\/comments?post=128"}],"version-history":[{"count":0,"href":"https:\/\/centros.uepb.edu.br\/ccha\/wp-json\/wp\/v2\/pages\/128\/revisions"}],"wp:attachment":[{"href":"https:\/\/centros.uepb.edu.br\/ccha\/wp-json\/wp\/v2\/media?parent=128"}],"curies":[{"name":"wp","href":"https:\/\/api.w.org\/{rel}","templated":true}]}}