{"id":1163,"date":"2022-04-11T12:26:57","date_gmt":"2022-04-11T12:26:57","guid":{"rendered":"https:\/\/centros.uepb.edu.br\/ccha\/?page_id=1163"},"modified":"2025-06-27T13:04:49","modified_gmt":"2025-06-27T13:04:49","slug":"cursos-de-de-pos-graduacao","status":"publish","type":"page","link":"https:\/\/centros.uepb.edu.br\/ccha\/cursos-de-de-pos-graduacao\/","title":{"rendered":"Cursos de P\u00f3s-Gradua\u00e7\u00e3o"},"content":{"rendered":"<div class=\"wpb-content-wrapper\"><p>[vc_row][vc_column][\/vc_column][\/vc_row][vc_row][vc_column][vc_tta_tabs active_section=&#8221;1&#8243; title=&#8221;Especializa\u00e7\u00e3o em Sistemas Produtivos Sustent\u00e1veis para o Semi\u00e1rido&#8221;][vc_tta_section title=&#8221;Objetivo do curso&#8221; tab_id=&#8221;1681752932362-37ab483f-c62e&#8221;][vc_column_text css=&#8221;&#8221;]Auxiliar o aprimoramento dos meios produtivos familiares, com a capacita\u00e7\u00e3o dos atores sociais para a realiza\u00e7\u00e3o de uma agropecu\u00e1ria com princ\u00edpios sustent\u00e1veis, desenvolvendo, nos P\u00f3s-Graduandos, habilidades para atuarem em planejamento, coordena\u00e7\u00e3o e assessoria de projetos que envolvam a agricultura e a pecu\u00e1ria familiar.<\/p>\n<p>E-mail para contato: sps.ccha@gmail.com<\/p>\n<p><a href=\"https:\/\/centros.uepb.edu.br\/ccha\/download\/projeto-pedagogico-do-curso-de-especializacao-em-sistemas-produtivos-sustentaveis-para-o-semiarido-turma-iii\/\">Projeto Pedag\u00f3gico do Curso<\/a>[\/vc_column_text][\/vc_tta_section][vc_tta_section title=&#8221;Grade Curricular&#8221; tab_id=&#8221;1681752932378-7f246825-70b0&#8243;][vc_column_text]O regime did\u00e1tico do Curso de Especializa\u00e7\u00e3o em Sistemas Produtivos Sustent\u00e1veis para o Semi\u00e1rido prev\u00ea o cumprimento de 480 horas, em car\u00e1ter n\u00e3o presencial, em que 360 horas ser\u00e3o destinadas \u00e0s aulas de 6 (seis) disciplinas obrigat\u00f3rias, com carga hor\u00e1ria individual de 60 horas; e 120 horas em aulas de 4 (quatro) disciplinas optativas, com carga hor\u00e1ria individual de 30 horas, que ser\u00e3o escolhidas num universo de 11 disciplinas optativas ofertadas.<\/p>\n<p>Abaixo, encontra-se o quadro de disciplinas:<\/p>\n\n<table id=\"tablepress-3\" class=\"tablepress tablepress-id-3\">\n<thead>\n<tr class=\"row-1\">\n\t<th class=\"column-1\">DISCIPLINAS OBRIGAT\u00d3RIAS<\/th>\n<\/tr>\n<\/thead>\n<tbody class=\"row-striping row-hover\">\n<tr class=\"row-2\">\n\t<td class=\"column-1\">Semin\u00e1rio<\/td>\n<\/tr>\n<tr class=\"row-3\">\n\t<td class=\"column-1\">Metodologia da Pesquisa Cient\u00edfica<\/td>\n<\/tr>\n<tr class=\"row-4\">\n\t<td class=\"column-1\">Estat\u00edstica Experimental<\/td>\n<\/tr>\n<tr class=\"row-5\">\n\t<td class=\"column-1\">Tecnologias Produtivas Sustent\u00e1veis para o Semi\u00e1rido<\/td>\n<\/tr>\n<tr class=\"row-6\">\n\t<td class=\"column-1\">Agricultura de Base Ecol\u00f3gica<\/td>\n<\/tr>\n<tr class=\"row-7\">\n\t<td class=\"column-1\">Manejo Sustent\u00e1vel dos Solos Agr\u00edcolas<\/td>\n<\/tr>\n<\/tbody>\n<\/table>\n<!-- #tablepress-3 from cache -->\n<p>\n<table id=\"tablepress-4\" class=\"tablepress tablepress-id-4\">\n<thead>\n<tr class=\"row-1\">\n\t<th class=\"column-1\">DISCIPLINAS OPTATIVAS<\/th>\n<\/tr>\n<\/thead>\n<tbody class=\"row-striping row-hover\">\n<tr class=\"row-2\">\n\t<td class=\"column-1\">Animais Dom\u00e9sticos Explorados no Semi\u00e1rido<\/td>\n<\/tr>\n<tr class=\"row-3\">\n\t<td class=\"column-1\">Biologia Floral<\/td>\n<\/tr>\n<tr class=\"row-4\">\n\t<td class=\"column-1\">Biologia da Conserva\u00e7\u00e3o da Fauna e Flora da Caatinga<\/td>\n<\/tr>\n<tr class=\"row-5\">\n\t<td class=\"column-1\">Produ\u00e7\u00e3o de Mudas para Recupera\u00e7\u00e3o de \u00c1reas Degradadas<\/td>\n<\/tr>\n<tr class=\"row-6\">\n\t<td class=\"column-1\">Produ\u00e7\u00e3o de Sementes<\/td>\n<\/tr>\n<tr class=\"row-7\">\n\t<td class=\"column-1\">Produ\u00e7\u00e3o e Utiliza\u00e7\u00e3o de Plantas Bioativas<\/td>\n<\/tr>\n<tr class=\"row-8\">\n\t<td class=\"column-1\">Produ\u00e7\u00e3o e Manejo de Forrageiras Nativas<\/td>\n<\/tr>\n<tr class=\"row-9\">\n\t<td class=\"column-1\">Bioqu\u00edmica e Fisiologia da Nutri\u00e7\u00e3o e Fotoassimila\u00e7\u00e3o <\/td>\n<\/tr>\n<tr class=\"row-10\">\n\t<td class=\"column-1\">Fisiologia de Plantas Oleaginosas<\/td>\n<\/tr>\n<tr class=\"row-11\">\n\t<td class=\"column-1\">Manejo Agroecol\u00f3gico de Pragas e Doen\u00e7as<\/td>\n<\/tr>\n<tr class=\"row-12\">\n\t<td class=\"column-1\">Climatologia Agr\u00edcola<\/td>\n<\/tr>\n<\/tbody>\n<\/table>\n<!-- #tablepress-4 from cache -->[\/vc_column_text][\/vc_tta_section][vc_tta_section title=&#8221;Professores&#8221; tab_id=&#8221;1681752975786-9d703a8d-c48d&#8221;][vc_column_text]\n<table id=\"tablepress-5\" class=\"tablepress tablepress-id-5\">\n<thead>\n<tr class=\"row-1\">\n\t<th class=\"column-1\">Professor (a)<\/th><th class=\"column-2\">Curr\u00edculo Lattes<\/th>\n<\/tr>\n<\/thead>\n<tbody class=\"row-striping row-hover\">\n<tr class=\"row-2\">\n\t<td class=\"column-1\">Dalila Regina Mota de Melo<\/td><td class=\"column-2\"><a href=\"http:\/\/lattes.cnpq.br\/0549978228674874\">http:\/\/lattes.cnpq.br\/0549978228674874<\/a><\/td>\n<\/tr>\n<tr class=\"row-3\">\n\t<td class=\"column-1\">Danielly da Silva Lucena<\/td><td class=\"column-2\"><a href=\"http:\/\/lattes.cnpq.br\/8712324210694939\">http:\/\/lattes.cnpq.br\/8712324210694939<\/a><\/td>\n<\/tr>\n<tr class=\"row-4\">\n\t<td class=\"column-1\">Edivan da Silva Nunes J\u00fanior<\/td><td class=\"column-2\"><a href=\"http:\/\/lattes.cnpq.br\/6260330086896443\">http:\/\/lattes.cnpq.br\/6260330086896443<\/a><\/td>\n<\/tr>\n<tr class=\"row-5\">\n\t<td class=\"column-1\">Elaine Gon\u00e7alves Rech<\/td><td class=\"column-2\"><a href=\"http:\/\/lattes.cnpq.br\/7512737755238240\">http:\/\/lattes.cnpq.br\/7512737755238240<\/a><\/td>\n<\/tr>\n<tr class=\"row-6\">\n\t<td class=\"column-1\">Evandro Franklin de Mesquita<\/td><td class=\"column-2\"><a href=\"http:\/\/lattes.cnpq.br\/3678539134744796\">http:\/\/lattes.cnpq.br\/3678539134744796<\/a><\/td>\n<\/tr>\n<tr class=\"row-7\">\n\t<td class=\"column-1\">Francisco Ademilton Vieira Damaceno<\/td><td class=\"column-2\"><a href=\"http:\/\/lattes.cnpq.br\/0855080156904980\">http:\/\/lattes.cnpq.br\/0855080156904980<\/a><\/td>\n<\/tr>\n<tr class=\"row-8\">\n\t<td class=\"column-1\">Jos\u00e9 Geraldo Rodrigues dos Santos<\/td><td class=\"column-2\"><a href=\"http:\/\/lattes.cnpq.br\/9997719586676775\">http:\/\/lattes.cnpq.br\/9997719586676775<\/a><\/td>\n<\/tr>\n<tr class=\"row-9\">\n\t<td class=\"column-1\">Kelina Bernardo Silva<\/td><td class=\"column-2\"><a href=\"http:\/\/lattes.cnpq.br\/5041276033484137\">http:\/\/lattes.cnpq.br\/5041276033484137<\/a><\/td>\n<\/tr>\n<tr class=\"row-10\">\n\t<td class=\"column-1\">Lays Kl\u00e9cia Silva Lins<\/td><td class=\"column-2\"><a href=\"http:\/\/lattes.cnpq.br\/6043810026186964\">http:\/\/lattes.cnpq.br\/6043810026186964<\/a><\/td>\n<\/tr>\n<tr class=\"row-11\">\n\t<td class=\"column-1\">Luciano Campos Targino<\/td><td class=\"column-2\"><a href=\"http:\/\/lattes.cnpq.br\/7318314620126541\">http:\/\/lattes.cnpq.br\/7318314620126541<\/a><\/td>\n<\/tr>\n<tr class=\"row-12\">\n\t<td class=\"column-1\">Maria do Socorro de Caldas Pinto<\/td><td class=\"column-2\"><a href=\"http:\/\/lattes.cnpq.br\/6605967531247827\">http:\/\/lattes.cnpq.br\/6605967531247827<\/a><\/td>\n<\/tr>\n<tr class=\"row-13\">\n\t<td class=\"column-1\">Rayane Nunes Gomes<\/td><td class=\"column-2\"><a href=\"http:\/\/lattes.cnpq.br\/2234095265829069\">http:\/\/lattes.cnpq.br\/2234095265829069<\/a><\/td>\n<\/tr>\n<tr class=\"row-14\">\n\t<td class=\"column-1\">Ros\u00e2ngela da Silva Figueredo dos Santos<\/td><td class=\"column-2\"><a href=\"http:\/\/lattes.cnpq.br\/7314386687011508\">http:\/\/lattes.cnpq.br\/7314386687011508<\/a><\/td>\n<\/tr>\n<\/tbody>\n<\/table>\n<!-- #tablepress-5 from cache -->[\/vc_column_text][\/vc_tta_section][vc_tta_section title=&#8221;Coordena\u00e7\u00e3o&#8221; tab_id=&#8221;1681752993613-a97e76ba-56c1&#8243;][vc_column_text css=&#8221;&#8221;]<\/p>\n<p style=\"text-align: left\"><strong>Coordenador<\/strong><\/p>\n<p>Prof. Dr. Roseano Medeiros da Silva &#8211; Mat.: 431575-8 &#8211; E-mail: roseano.medeiros@servidor.uepb.edu.br<\/p>\n<p style=\"text-align: left\"><strong>Subcoordenadora<\/strong><\/p>\n<p>Prof. MSc. Alcides Almeida Ferreira &#8211; Mat.: 421167-7 -E-mail: alcides@servidor.uepb.edu.br<\/p>\n<p style=\"text-align: left\"><strong>Secret\u00e1rio<\/strong><\/p>\n<p>Me. Mathews Henrique Marinho Gurgel &#8211; Mat.: 406264-5 &#8211; E-mail: mathewsgurgel@servidor.uepb.edu.br[\/vc_column_text][\/vc_tta_section][\/vc_tta_tabs][\/vc_column][\/vc_row]<\/p>\n<\/div>","protected":false},"excerpt":{"rendered":"<p>[vc_row][vc_column][\/vc_column][\/vc_row][vc_row][vc_column][vc_tta_tabs active_section=&#8221;1&#8243; title=&#8221;Especializa\u00e7\u00e3o em Sistemas Produtivos Sustent\u00e1veis para o Semi\u00e1rido&#8221;][vc_tta_section title=&#8221;Objetivo do curso&#8221; tab_id=&#8221;1681752932362-37ab483f-c62e&#8221;][vc_column_text css=&#8221;&#8221;]Auxiliar o aprimoramento dos meios produtivos familiares, com a capacita\u00e7\u00e3o dos atores sociais para a realiza\u00e7\u00e3o de uma agropecu\u00e1ria com princ\u00edpios sustent\u00e1veis, desenvolvendo, nos P\u00f3s-Graduandos, habilidades para atuarem em planejamento, coordena\u00e7\u00e3o e assessoria de projetos que envolvam a agricultura e a <a class=\"leiamais\" href=\"https:\/\/centros.uepb.edu.br\/ccha\/cursos-de-de-pos-graduacao\/\">Leia Mais&#8230;<\/a><\/p>\n","protected":false},"author":29,"featured_media":0,"parent":0,"menu_order":0,"comment_status":"closed","ping_status":"closed","template":"","meta":{"jetpack_post_was_ever_published":false,"footnotes":""},"class_list":["post-1163","page","type-page","status-publish","hentry"],"jetpack_sharing_enabled":true,"jetpack_shortlink":"https:\/\/wp.me\/P7QIsS-iL","_links":{"self":[{"href":"https:\/\/centros.uepb.edu.br\/ccha\/wp-json\/wp\/v2\/pages\/1163","targetHints":{"allow":["GET"]}}],"collection":[{"href":"https:\/\/centros.uepb.edu.br\/ccha\/wp-json\/wp\/v2\/pages"}],"about":[{"href":"https:\/\/centros.uepb.edu.br\/ccha\/wp-json\/wp\/v2\/types\/page"}],"author":[{"embeddable":true,"href":"https:\/\/centros.uepb.edu.br\/ccha\/wp-json\/wp\/v2\/users\/29"}],"replies":[{"embeddable":true,"href":"https:\/\/centros.uepb.edu.br\/ccha\/wp-json\/wp\/v2\/comments?post=1163"}],"version-history":[{"count":0,"href":"https:\/\/centros.uepb.edu.br\/ccha\/wp-json\/wp\/v2\/pages\/1163\/revisions"}],"wp:attachment":[{"href":"https:\/\/centros.uepb.edu.br\/ccha\/wp-json\/wp\/v2\/media?parent=1163"}],"curies":[{"name":"wp","href":"https:\/\/api.w.org\/{rel}","templated":true}]}}