{"id":5088,"date":"2018-06-13T12:47:59","date_gmt":"2018-06-13T12:47:59","guid":{"rendered":"https:\/\/centros.uepb.edu.br\/ccbsa\/?page_id=5088"},"modified":"2022-05-10T17:20:10","modified_gmt":"2022-05-10T17:20:10","slug":"memorias","status":"publish","type":"page","link":"https:\/\/centros.uepb.edu.br\/ccbsa\/memorias\/","title":{"rendered":"Mem\u00f3rias"},"content":{"rendered":"<p>[wptabs mode=&#8221;horizontal&#8221; type=&#8221;accordion&#8221;]<br \/>\n<strong>Informa\u00e7\u00f5es<\/strong><br \/>\n[wptabtitle]Sobre[\/wptabtitle]<\/p>\n<p>[wptabcontent]<\/p>\n<p>Devido o ingresso cont\u00ednuo nos corpos discente, docente e t\u00e9cnico-administrativo do Campus V, a falta de uma r\u00e1pida divulga\u00e7\u00e3o de arquivos especiais evidenciando o hist\u00f3rico do Campus desde a sua cria\u00e7\u00e3o acarreta no desconhecimento local tanto do crescimento e desenvolvimento sociais quanto materiais. Al\u00e9m disso, como a Universidade divulga os acontecimentos em cada Campi para a sociedade de forma cont\u00ednua, \u00e9 importante que a comunidade em geral tenha acesso aos acontecimentos atrav\u00e9s de fotografias e de forma reunida, pois, para o senso comum, uma imagem fotogr\u00e1fica \u00e9 um documento levando em considera\u00e7\u00e3o a rela\u00e7\u00e3o com o alusivo que esteve \u00e0 sua frente na hora da captura da imagem, que representa uma ocorr\u00eancia, um conte\u00fado, uma tese, uma situa\u00e7\u00e3o que foi publicada digitalmente.<\/p>\n<p>No projeto &#8220;Passado e Presente do Campus V: mem\u00f3rias fotogr\u00e1ficas&#8221;, tem-se o objetivo de apresentar os eventos realizados desde a cria\u00e7\u00e3o do Campus V e refletir sobre a evolu\u00e7\u00e3o do patrim\u00f4nio edificado, trazendo um cat\u00e1logo fotogr\u00e1fico <em>online<\/em> que demarca as mudan\u00e7as sociais e materiais. Pretende-se ainda obter uma intera\u00e7\u00e3o arquiv\u00edstica entre a Universidade e a comunidade a partir da hist\u00f3ria do Campus V. Este projeto foi premiado em 3\u00ba Lugar na VII Mostra Cient\u00edfica do Campus V na categoria Extens\u00e3o.<\/p>\n<p>[\/wptabcontent]<\/p>\n<p>[wptabtitle]Equipe[\/wptabtitle]<\/p>\n<p>[wptabcontent]<\/p>\n<p><strong>Coordenador do Projeto:<\/strong>\u00a0Prof. Jos\u00e9 Wilker de Lima Silva<\/p>\n<p><strong>Colaboradores:<\/strong>\u00a0Adriana Viegas de Freitas\/ Juliana Ferreira Marques\/ Rafael Melo G. de Ara\u00fajo<\/p>\n<p>[\/wptabcontent]<\/p>\n<p>[wptabtitle]Contato[\/wptabtitle]<\/p>\n<p>[wptabcontent]<\/p>\n<p><strong>e-mail:<\/strong>\u00a0<a href=\"mailto:memoriauepbcampusv@gmail.com\">memoriauepbcampusv@gmail.com<\/a><\/p>\n<p>[\/wptabcontent]<\/p>\n<p>[wptabtitle]Participe[\/wptabtitle]<\/p>\n<p>[wptabcontent]<\/p>\n<p>Possui imagens de momentos no Campus V e quer compartilhar conosco? Entre em contato atrav\u00e9s do e-mail <a href=\"mailto:memoriauepbcampusv@gmail.com\">memoriauepbcampusv@gmail.com<\/a>.<\/p>\n<p>[\/wptabcontent]<\/p>\n<p>[\/wptabs]<\/p>\n<p>[wptabs mode=&#8221;horizontal&#8221; type=&#8221;accordion&#8221;]<br \/>\n<strong>2006<\/strong><br \/>\n[wptabtitle]Inaugura\u00e7\u00e3o do Campus V [\/wptabtitle]<\/p>\n<p>[wptabcontent]<\/p>\n<p>Criado em 2006, ap\u00f3s a conquista da autonomia financeira que viabilizou a expans\u00e3o da UEPB, o Campus V \u2013 Ministro Alcides Carneiro trouxe para o litoral do Estado cursos pioneiros e forma\u00e7\u00f5es com o intuito de atender a uma demanda local, como os Bacharelados em Arquivologia, Rela\u00e7\u00f5es Internacionais e Ci\u00eancias Biol\u00f3gicas. A escolha de Alcides Carneiro para nomear o Campus V da UEPB deu-se por ocasi\u00e3o do centen\u00e1rio de nascimento do ilustre paraibano, completado em 2006. Al\u00e9m disso, foi considerada a relevante atua\u00e7\u00e3o do homenageado, tanto como homem p\u00fablico, tendo sido Deputado Constituinte em 1946, assumido interinamente a Presid\u00eancia da Rep\u00fablica e exercido outros cargos no \u00e2mbito federal, e tamb\u00e9m como homem das letras, tendo sido imortalizado pela Academia Paraibana de Letras. A aula inaugural aconteceu em 28 de agosto de 2006, com a palestra \u201cA Na\u00e7\u00e3o brasileira\u201d, sobre a fun\u00e7\u00e3o social da universidade p\u00fablica, proferida pelo professor doutor Manoel Domingos Neto, consultor da institui\u00e7\u00e3o e ex-vice-presidente do Conselho Nacional de Pesquisa (CNPq). Naquele momento, a reitora da Universidade Estadual da Para\u00edba (UEPB), Prof\u00aa. Marlene Alves Sousa Luna, em sua sauda\u00e7\u00e3o aos alunos, desejou as boas vindas e afirmou que o objetivo da UEPB era de formar jovens comprometidos e contribuir com o desenvolvimento do Litoral. Ela destacou que o curso de Rela\u00e7\u00f5es Internacionais s\u00f3 existia na Universidade de Bras\u00edlia (UnB), na Universidade Federal da Bahia e naquele momento estava sendo instalado em Jo\u00e3o Pessoa, no Campus V da UEPB. Em sua fala a reitora avaliou ainda a import\u00e2ncia do curso de Arquivologia para a regi\u00e3o e do curso de Biologia, com \u00eanfase em Ecologia, comemorando o fato de que os alunos teriam a oportunidade de conhecer melhor o litoral, a mata atl\u00e2ntica, o mar, a flora, a fauna.<\/p>\n<p><strong>Clique na foto para ver o \u00e1lbum completo.<\/strong><\/p>\n<p align=\"justify\"><a href=\"https:\/\/photos.app.goo.gl\/hiDep5rJA83TXJbC3\" target=\"_blank\" rel=\"noopener noreferrer\"><img loading=\"lazy\" decoding=\"async\" class=\"aligncenter size-medium img-responsive\" src=\"https:\/\/lh3.googleusercontent.com\/YmAbzKQm55mTtaW6kJD4CBCHa4_KPfjgUvokS23pX7U6ku8B897ROZ4fPKARMsRRJ3lJ3Z1HPBmMbgWQjrbgHivCITIiPA4oL-zq-6GCDc0nU8E0bGOV8XDEN0sGQrCIj8DbORE8qCNrprqNl30xOkpPEcB8hkjhttHpK4xyFm3mCuttjBxjOesTkEhrxmgyiDRIAkwPzPF3FgTX8PCT3LZaExNTZ8qb_-Qm2bYVsrDkA04zROyyj-mwi7HFoK2TcVBSgaTIpCbqEE8L9lLQ43aNDQxN08fBMo_nZt5WG14XIFjbcSUvlR0i5BWhkqKAKWxjumbZIuVHo_8UPLWymWP7nYfpqsI8TLhM5jWEvs7TLe5Ni1l4FKVNCY877jPDKHsOy_o57o5gZL6VQVmtgaYHLQsxWwvMTUB604KN4--I1jusd0QUFk3wniFEskEJBZp8gbjPShfxWbD0mZoC2DU6FHi5wxrm6H5C1Nvt4O-wp3fdNTwW_jT_5FGyGlERgi1_3M2Kn3aMcvcXMx1J6sTqsUzFmOlYQslhf6EM5JLSROfMqzk-4Xr2sX3oiSa5ZE96plOyzfm7K7dfaDH2hAQxGmVZpaI2trnLcqb6S8nylunkN9yw6N2tEbVSxWWzya7QpVqsAC2xfpAJz7203iYQ4Y8-yRI=w951-h637-no\" width=\"951\" height=\"637\" \/><\/a>[\/wptabcontent]<\/p>\n<p>[wptabs mode=&#8221;horizontal&#8221; type=&#8221;accordion&#8221;]<br \/>\n[wptabtitle]Festival das Na\u00e7\u00f5es[\/wptabtitle]<\/p>\n<p>[wptabcontent]<\/p>\n<p><strong>Clique na foto para ver o \u00e1lbum completo.<\/strong><\/p>\n<p><a href=\"https:\/\/photos.app.goo.gl\/FCnvnzSZ8EcgZA5U7\" target=\"_blank\" rel=\"noopener noreferrer\"><img loading=\"lazy\" decoding=\"async\" class=\"aligncenter img-responsive\" src=\"https:\/\/lh3.googleusercontent.com\/oRIJjhJEb9jLAzYpF5Y2IiZdVq6h6M2OEqkvKodfJtHGMmkTIaDUha5T1hm7mrxLCsPeI2zSCzKOtsYeCTU3_ktYuPjBhwxMzgj_luR8eW5FB_MvktngAqGSbjjwXWqpj8wYIwNpwxVIJdXILRKJJfQUUqW31T4KNgXPmHBT_eMXh3Z00n60dNbrC21CBRcHvQ6JKA5WPwR7Jc_VSWEpuIU0t-bWz1sSXnP9XTR0QFlop2pNPSxtkBF4Ud5MnqylXslgwYeETnA1Knu4Ix4XCJmPGUaCq-IGM6m5soa0ph-p2IBgvJ6BnNOLjFM0VVW9RzKicizj5lYfjRB12kaaZUMI8O1_eNWhV8RxcbCeDvgLXagLcfS1Xcp47tjr1nTKqvIbTanBxGN1Haw8J1kJhMwRZukmVoiKBjETxzCfu8wdx90EcKgpZCzR4vWs7eO3RwGWGzGsiEyn1g94qsboemd7MB6UJoVzug_QYpR-vqrCLdB8to9IBu3B-FLjhBs1DmhhfavcT-z14JwciVkJSQO_Cove3dcntIKhKHwaI7f4eq0gH34We2__c4RU-GkTZamw9DmTgusKg40quznwO2kfM0aM85BXgt1BevQ0x65BGz7Qxfi7d5D0Kss4Ur3r3Q0Sxp5UPUEFj7HUVvAZM0FNS-wTvDmR=w850-h637-no\" alt=\"\" width=\"951\" height=\"637\" \/><\/a>[\/wptabcontent]<\/p>\n<p>[\/wptabs]<\/p>\n<p>[wptabs mode=&#8221;horizontal&#8221; type=&#8221;accordion&#8221;]<br \/>\n<strong>2007<\/strong><br \/>\n[wptabtitle]1\u00ba Anivers\u00e1rio do Campus V[\/wptabtitle]<\/p>\n<p>[wptabcontent]<\/p>\n<p><strong>Clique na foto para ver o \u00e1lbum completo.<\/strong><\/p>\n<p><a href=\"https:\/\/photos.app.goo.gl\/4sIHdgornB5A7G4u2\" target=\"_blank\" rel=\"noopener noreferrer\"><img loading=\"lazy\" decoding=\"async\" class=\"aligncenter size-medium img-responsive\" src=\"https:\/\/lh3.googleusercontent.com\/yydpkCR5iZluVqlH6gHv-1WO9I4Aumth_Ljrgl127I7WzMGJheYNKZjsJnF9iEC2P82QfglDt2xnb8r06qDh78N1A0F5MsTbu1edjR3dTOwD3WU3GuwsShCjPPhoRkFMaR7RtGhD-tA_8tH2libqPEWoaB24ZQ-bIUFiZx6Q9s692EdLCra9cme9GEPXgnnMDIqypSrm7ZIv08NUC1q3CS7_Md1_BLnIyRgyvu2iWrv8a5kwYshu5Q5mD5NaI_OkuvEjNICdZuq1UrqN60YpZYD3RexB61yvIZiv8aVzGNlN_lW-KC3YJ2KyXTbMqnYVdcU7rUTFEWr9isT95Sb_jWETOQOTc1jW9GKDKN2_9nGlavvO4mQR4sU-IQ0xHeY1-a1XIcCUilsydK6nbpCss-bc8lk-3yPHtJ4HznzthGgvNkG99Xa89FFEiTMb6MdoOE4p_pdgyOtelwMj68cgKcyLKaMeURUeEdVDcabgpYYMtljAESXmRHyv6Kn_af5N3i4fx1eE2YTxHGYmsW5LxjNuV_kAm17cALtqABjs7i72WS09lGS2C1umrI8IrtfmLjbbJllBozE7pjwJuEx3kMMsz_Y-K1gLJTrJ4i2TEuDUNBvGldrWuNhTYnPs1cOp5JUTfy0AufLIVPv1lMxpZ8je5l7pmSQ-=w850-h637-no\" width=\"849\" height=\"637\" \/><\/a>[\/wptabcontent]<\/p>\n<p>[wptabs mode=&#8221;horizontal&#8221; type=&#8221;accordion&#8221;]<\/p>\n<p>[wptabtitle]1\u00ba Encontro Pedag\u00f3gico do Campus V[\/wptabtitle]<\/p>\n<p>[wptabcontent]<\/p>\n<p><strong>Clique na foto para ver o \u00e1lbum completo.<\/strong><\/p>\n<p align=\"justify\"><a href=\"https:\/\/photos.app.goo.gl\/GrhnoBfVgjbN4cGJ6\" target=\"_blank\" rel=\"noopener noreferrer\"><img loading=\"lazy\" decoding=\"async\" class=\"aligncenter size-medium img-responsive\" src=\"https:\/\/lh3.googleusercontent.com\/9f_WZNoQxZ0E7l7ku4WTKVZPOoojBjWXXAssbGzfknmjiYBitI58apBs2F4vGuuodxs9cgkv9yrthHECAFX-0cBNpLC3TlJtBNihVdpfhRmGFJVwguIPzjncQ5Blku42G0lHu5etehZXbB5ZD9cKmkp87v_l4TNaPhEORqWA8LX1zO8kSwv6QQxP0fjOdftTTE7IgOI-9Hp_iUjoymrSmcfDeyP-atZOVMPC2vfaCm-YHKVpaO6gOKJy701i30iw9RdiOgOgL9lGmxyAukb6N3W08QUFe9g9FdpWnl8XCziWOJGsrPQZ9bXUPKsRAS6I1nz-ExjhotN36IjPZfA7hp8-oIFbZtowtZUZawe9tQW14TA5VN_tQea_PPGsbrF3JpGcy5n-Y2UQTencEZ8oCA6SpPanQGVpjLk6w0oMsulIegq0UThwCiIdB4SRNcUxKSTLuIpRPS8npv21Cgip6-7rE3JoLNgs4p_UN82OYWOEfREiSwAivnJPKdR_siEv1JbvOyg00GGnfoZijjhhJeez9LkRvCZ83eeX9WvlE3QSo26F4Ev1mWxliYBy1rPgTveHZoCN5qsYLp9REEgCwsd_AzfmVQ_xTTI756M=w850-h637-no\" width=\"849\" height=\"637\" \/><\/a>[\/wptabcontent]<\/p>\n<p>[wptabs mode=&#8221;horizontal&#8221; type=&#8221;accordion&#8221;]<br \/>\n[wptabtitle]Sede Epit\u00e1cio Pessoa[\/wptabtitle]<\/p>\n<p>[wptabcontent]<\/p>\n<p>Segunda sede do Campus V<span style=\"color: black;\">. Localizado na Avenida Epit\u00e1cio Pessoa, n\u00ba1090 &#8211; Torre, esse pr\u00e9dio foi alugado pela UEPB uma vez que as instala\u00e7\u00f5es do pr\u00e9dio da ESPEP n\u00e3o comportavam mais os tr\u00eas cursos de gradua\u00e7\u00e3o. Desse modo, foram transferidos os cursos de Rela\u00e7\u00f5es Internacionais e as gradua\u00e7\u00f5es realizadas na modalidade a dist\u00e2ncia, de Administra\u00e7\u00e3o e de Geografia, tamb\u00e9m oferecidos no Campus V, para o pr\u00e9dio da avenida Epit\u00e1cio Pessoa.<\/span><\/p>\n<p><b><span style=\"color: black;\">Clique na foto para ver o \u00e1lbum completo.<\/span><\/b><\/p>\n<p align=\"justify\"><a href=\"https:\/\/photos.app.goo.gl\/o7KpiSKDDvjrmoFq6\" target=\"_blank\" rel=\"noopener noreferrer\"><img loading=\"lazy\" decoding=\"async\" class=\"aligncenter size-medium img-responsive\" src=\"https:\/\/lh3.googleusercontent.com\/6GI1_zusL9N9Gg9aSEWoA97TUfvCvDj3zXEvJz4ZNUS4lj75NLXYA9j2XPF44fZtiEf67l9dEqS916ndEdt--ahmi-vEcZgoHmvsli8qT_m_j7aMz6WjmdV2LK9RTB_PveCPSaYlQWfK7zbleaCVHPeYGRmC6PizkCbEH9TznFXH24JAMBthWEKS1i4hphQrhjOKcU4sv8wrwbhwnPKdfAA3gv3Io_JNaZwoazqff23_hUFGbR5D10WIYGrqqpI6C6A7fpiwECmsAiZUP1wFM-30xWIHIDAtF35kiCerPcxn4AbEyCKIefMcBeIgIjO2MP3bhcSZ6yotL5C35dc_2-OT_NU-wzSTdaLpxEMf8WIF1eRSxpZLv7jrPi1IAS3iXgQRyk-yDm6saxfOD0ToxggGpn7NFuTW7DKatZZHT7LtPRGwoLNaefrd4yvZQk3IhLJsG45Rm6Fkzy8m3_vLWs2h9kzj3shQJvKCLoo2aujRQjOiCroiO7rmGW82rruUHOrsuTFc7GdzbqecAMxmYNriLzTXmOpzGr5Bg7s_e3zzTOoQL8VErOPl7-XXb4cBsYcYRUoPBSJhfQr4TErKvbCokbSmw1jykDX1QqY=w326-h245-no\" width=\"951\" height=\"637\" \/><\/a>[\/wptabcontent]<\/p>\n<p>[\/wptabs]<\/p>\n<p>[wptabs mode=&#8221;horizontal&#8221; type=&#8221;accordion&#8221;]<br \/>\n<strong>2008<\/strong><br \/>\n[wptabtitle]1\u00aa Corrida de Rua Interativa da UEPB Campus V[\/wptabtitle]<\/p>\n<p>[wptabcontent]<\/p>\n<p>O Campus V da Universidade Estadual da Para\u00edba, em Jo\u00e3o Pessoa, realizou no dia 31 de Agosto de 2008 a \u201c1\u00aa Corrida de Rua Interativa UEPB Campus V Jo\u00e3o Pessoa\u201d. A atividade fez parte das comemora\u00e7\u00f5es alusivas ao anivers\u00e1rio de dois anos de funda\u00e7\u00e3o do Campus.<br \/>\nA largada foi da antiga unidade II da UEPB de Jo\u00e3o Pessoa (Av. Epit\u00e1cio Pessoa), \u00e0s 9 horas, com chegada no Busto de Tamandar\u00e9. A corrida, com percurso de 4,5 km, foi aberta \u00e0 comunidade em geral. Os 100 primeiros inscritos receberam camisas do evento.<br \/>\nOs primeiros colocados da Corrida na classifica\u00e7\u00e3o geral masculina foram Anderson Rodrigues Viana e Severino da Silva Santos. Na classifica\u00e7\u00e3o geral feminina as primeiras colocadas foram Severina Gomes da Silva e Luzia dos Santos Viana. Por categoria, os primeiros colocados no masculino foram Jos\u00e9 H\u00e9lder Nunes Lima, na categoria juvenil, de 15 a 19 anos; e Jos\u00e9 Cristiano da Costa, na categoria adulto, de 20 a 29 anos.<br \/>\nE, ainda, foram vencedores Jos\u00e9 Roberto Luiz de Ara\u00fajo, na categoria pr\u00e9-veterano, de 30 a 39 anos; Valberto Pessoa, na categoria veterano, de 40 a 49 anos; e Jos\u00e9 Roberto da Silva, na categoria S\u00eanior, acima de 50 anos. No feminino adulto, de 20 a 29 anos, a vencedora foi Leilane Mendes Uchoa. Ao fim da corrida foi realizado um caf\u00e9 da manh\u00e3 para todos os participantes. Os primeiros colocados receberam trof\u00e9us e medalhas.<\/p>\n<p><strong>Clique na foto para ver o \u00e1lbum completo.<\/strong><\/p>\n<p><a href=\"https:\/\/photos.app.goo.gl\/FnkKOSYt4wf8x16D3\" target=\"_blank\" rel=\"noopener noreferrer\"><img loading=\"lazy\" decoding=\"async\" class=\"aligncenter size-medium img-responsive\" src=\"https:\/\/lh3.googleusercontent.com\/PdFrgN23y0topUXbg_KibCnK3hXFTwB74TT4oyBr0U1X_hC4s6PZjUvFzt2p_CL408y2ZTl0hzr2_vHynDHrbzxSItg3-aM5elNofmhrAnLDJm6ly5YzSgr4o8BPCs7R9Y324BdXHIbRxOs9Nbr1NIZTDM_hywmybnfKXsGxE0e_9lSx47npkY9zsXgAuWSfWL-t3UG1SzmLacgIe9EKpugIkZmGczBokm1DNF1-ehbc_bbhvA9KX1h0ylHyBb7j3WeMtWE59U2AZRNEQFbwvTTmAHd38Q9cy8vRR7wSUOcAbXcp3gOgP1oDDrsML1V9oqC7htgV9kcTU_Vkvkhta1ka0SFZ7KCXgE93_fUgPNTQD_KShikNyZuEHfeEwv4cMSgTJH4ZHFdm2iIgPj1wkkMW0Qn2AY7blhbpluS2c-staUmwVh3m0mzxi2uC--nl2uo088HHKx9577mVEy0gp38LYwr616Xo0B5RX7G8v6k_xnhlMqbYBZRfo-5EZfWFHeX8ppTtI82EzjC_gqpaUGT8YfgdTN6tuWqnhctd_1e6nKJNnmVroPj4zpL7Q07zytelCWoVbLYexQ65kdemJBA_VtbxaEFJVGbShcs=w850-h637-no\" width=\"849\" height=\"637\" \/><\/a>[\/wptabcontent]<\/p>\n<p>[\/wptabs]<\/p>\n<p>[wptabs mode=&#8221;horizontal&#8221; type=&#8221;accordion&#8221;]<br \/>\n<strong>2009<\/strong><br \/>\n[wptabtitle]Movimento Estudantil (Protesto)[\/wptabtitle]<\/p>\n<p>[wptabcontent]<\/p>\n<p>Protesto dos estudantes do Campus V. Reivindica\u00e7\u00e3o pela constru\u00e7\u00e3o do Campus V, pela melhoria na qualidade do ensino como contrata\u00e7\u00e3o de professores, por respeito a autonomia financeira da institui\u00e7\u00e3o, pelo congelamento das passagens e por uma educa\u00e7\u00e3o p\u00fablica de qualidade. Os alunos sairam em protesto pela Av. Monsenhor Walfredo Leal, e percorreram as ruas do centro da cidade em dire\u00e7\u00e3o ao parque solon de Lucena.<\/p>\n<p><strong>Clique na foto para ver o \u00e1lbum completo.<\/strong><\/p>\n<p><a href=\"https:\/\/photos.app.goo.gl\/gPxdmTnjeEknYGjI3\" target=\"_blank\" rel=\"noopener noreferrer\"><img loading=\"lazy\" decoding=\"async\" class=\"aligncenter size-medium img-responsive\" src=\"https:\/\/lh3.googleusercontent.com\/3YfqOSWYC18s2Dw_P_JNATiY8akemGzqK_FpfbXQKL3qmH7XyiFJlLgSXSYrzIAZjUeajKo-vTK4aNVoRrpQLPLH5winIXCbpi77F_OH6yCekosY5BKzyfjM8cSWLagqzwMxQwGL5WvFErrB-ft34qhz9ZcPC6P8dXX7J7LeSmEQMU2lpCcBo28PGtFynNoGmJ1rJc3vOmmOqQIcGXpSyz-O93hUmO9ATF3PudbHlKG-lkoPnufOuhPpxq7ujEPgIfSKJVtSLXA7euO8ffIv2o1Wb6U_dLYO6K5wSxPQ_WnkM6ticvbO3-B5fT43CJsiqnmpUSRkkT1kY5hduRsYBDu3Ygmcm2Vr1FheccxetRVvyaszzG_iHo9uED3hJ0S5fX8rL9LyA84oWp9UVZXvyIwnK7YFzCa1ClYGi8GeJrHoQLNu4DILPzvazvvWDGJymZcy6JObJbS1Fwoo4rU47UptP7GgZvTa5KSxTutehV5wyT_TAeiZPEGdCYFXUypISxOva4fw-uYpuhrDeTgmjDoCjQFa0je1OGcKLqin4q4aFe5Kfo1vam5VJy885CUTm-RYn7NrHE9NI-nQstdtu8Rs5HgF6jYq4UN2q3g=w800-h600-no\" width=\"800\" height=\"600\" \/><\/a>[\/wptabcontent]<\/p>\n<p>[wptabs mode=&#8221;horizontal&#8221; type=&#8221;accordion&#8221;]<br \/>\n[wptabtitle]Sede Walfredo Leal[\/wptabtitle]<\/p>\n<p>[wptabcontent]<\/p>\n<p>Terceira sede do Campus V. Localizado no centro da cidade, o pr\u00e9dio da Monsenhor Walfredo Leal, 487, bairro de Tambi\u00e1, foi alugado pela Universidade com o intuito de reunir novamente os tr\u00eas cursos numa mesma unidade. O espa\u00e7o contava com salas de aula, audit\u00f3rio, biblioteca, laborat\u00f3rio de inform\u00e1tica, etc.<\/p>\n<p><strong>Clique na foto para ver o \u00e1lbum completo.<\/strong><\/p>\n<p><a href=\"https:\/\/photos.app.goo.gl\/vXT6vrmbo9SyVTuG2\" target=\"_blank\" rel=\"noopener noreferrer\"><img loading=\"lazy\" decoding=\"async\" class=\"aligncenter size-medium img-responsive\" src=\"https:\/\/lh3.googleusercontent.com\/UBjuStXrSC7yF6D1obPQ6NgUNx8aFBw45jr1qsAS6itcq4xSDRtav-JsZwJ8sOhdBPLsgwXNJQYEYYKgLNqUwsK5TifytF72C2Ym7jKWNnxfRb-SDxpU753FTfP78siARSLw7HTGSIquC4Od8K3TRDL6HcEN7ewF4xdDCbxapDMlr5oc47U8N42OfaAT5lD3KTHAl9cSyZxNc59ELp7nLx5hgdNJKRQwvZX4dY2upfh2VDwdyo8bnRkrBO2ZQ1DowkGu2zfH73nftckHyt5zRvLikOzAwMHPreXGNVlBC31zsRasZzDzTsWRqAVRjdYzMBBf6DPJIRfCAEJP_tqoyja8vZrMJ63C-rXxiX5SuDJu-rJjVN5P59Q71HNOiqQMv1WbPcZQ-gIyecNQ9G217Y-vgjGGqjqAQDUW8OHxNEcX4rH1H0za7exCghxZCKGzHHggbmljULnMGZgvcbfZlCVfEKkh0semvAf0XGcwNGC2clC_ZnaeQpyIY28rlvKuCrSEOp3rhjlr_edMrc-vSEKqC0XfnRUht_ThOhXReU40pZlFsf3VYMnofKvX7hSsBimjHW6loaITEm2_nRkU4R2zhQMbYnf3tPJIjJc=w600-h450-no\" width=\"951\" height=\"637\" \/><\/a>[\/wptabcontent]<\/p>\n<p>[wptabs mode=&#8221;horizontal&#8221; type=&#8221;accordion&#8221;]<br \/>\n[wptabtitle]Simp\u00f3sio &#8211; Constitui\u00e7\u00e3o Federal de 1988[\/wptabtitle]<\/p>\n<p>[wptabcontent]<\/p>\n<p><strong>Clique na foto para ver o \u00e1lbum completo.<\/strong><\/p>\n<p><a href=\"https:\/\/photos.app.goo.gl\/9nANnnppBYSTWms62\" target=\"_blank\" rel=\"noopener noreferrer\"><img loading=\"lazy\" decoding=\"async\" class=\"aligncenter size-medium img-responsive\" src=\"https:\/\/lh3.googleusercontent.com\/NJDxVlJQgSF0u0gKaw6vgNFRRpe9VmNR0OSn7Ofuabr4lBQimp6RWdD37NdpkvqRMUIzKJbsHHR8hPPaH4MN-bGCLdBbSBfksmF4EKghE9_z3DbLrOcqZBVwwzBYgbm8NUgEEQieg0154lvPKw1EO-7X9-WqFOC2AfThRcfsT2tFpy6YkCWjNexgt6GfuC2UkDNZsXy1T9CxEafsbSRF7VC8nHdgl5hhT06AvQgnVk_059rCmOa12Gtz2zw8CuknLEgnCKfRzveK7sPj0nUDPVSjvbOgJXMLXrzb41XA3cCfzoQWzpA2Uq5Bv_nmAd8nnBxNlPq4hOHl8eDcvbz3bfp3GQD3weov-xscHvuxCgLvVuBDxjUIAMRkZZtdLCQpLAxzJX4yuYoyv-hy3iD9183FQ_e3MDH2qMrtrygfpS2jjXIJ-2xvrkzUMkLpK_v_hrr03OcnlbzxLppKwebi4C1jj_3E63jZaDRwu_ugaNDaLpxdXbYwHmqc7bRC6s1jTBNWueo0aXhN1ZHV5MohFa7SqIYAFh_Epk3lZwYhfUexFYeitsytTeWnSP8bug0pz_zCH6TuNNREVNMhLZSd1k-uM2GgIFKUR_vmR9mufA6q0GE_HsTLPBOldcFouAaKjp8R8NhHCPxd__FdRGJxgxt98_zq-kco=w850-h637-no\" width=\"849\" height=\"637\" \/><\/a>[\/wptabcontent]<\/p>\n<p>[\/wptabs]<\/p>\n<p>[wptabs mode=&#8221;horizontal&#8221; type=&#8221;accordion&#8221;]<br \/>\n<strong>2010<\/strong><br \/>\n[wptabtitle]3\u00aa Corrida e 1\u00aa Caminhada Interativa do Campus V da UEPB[\/wptabtitle]<\/p>\n<p>[wptabcontent]<\/p>\n<p><strong>Clique na foto para ver o \u00e1lbum completo.<\/strong><\/p>\n<p><a href=\"https:\/\/photos.app.goo.gl\/dfyB9cGxrtxvYwyW2\" target=\"_blank\" rel=\"noopener noreferrer\"><img loading=\"lazy\" decoding=\"async\" class=\"aligncenter size-medium img-responsive\" src=\"https:\/\/lh3.googleusercontent.com\/2No37KwL6eTu0utG_RlubNlbx6gh0-n7Wa40lAfW3UHpSiTGgA2zIuNDs1VCn3cLXDEunhbQ2Cj3PE7zfE4w6APyRuwHjrUxBUZ1SH6fYl2WB1ClKGehCyfyNOCC1gMVqDPfC6KqsqiItOtAl3Q4lzFlghDOeePW4hS6xqMgRR5U11ZTaDsbeWttM8D1oNdm0b7VoRHcLQVyTGvtOOvyi8BPdfeGDdbavaG52lv13JhnSeLSpZHd-NXFnDxFp8yWBCko7uh4FyeSYttZtewlRTR-NqxqkISVcF4Zw0ykOw5O2G_yyslyoVjkJHaDtQWv2dHfLiOYyVNA6ETllbiXAnFXoWgv0iSruMBlF4PvG3UFa78nWePXzbDZ5g1u9CnnQGEul5SAco3RmWb4izZAs3FPkJJekwisfSviQor0ggRkEZrAmQnfYbIQ40sJ2sv-nhewTDlgv1499zG9beZWcoWMy80YZdiij4Y6HkK5__GcT0wCrS4hwVxdDNmYwXyJfRtEvVXF-o3jeUzNeheGSzDbw_wed-vSGQfdL-SU5vrjLQ9aQs3-TRr4KPlbHyc7PWicHq_OiUW8BpjuJat1rhJRSFOLIZ5_c3mrinrDvMELPIl-7dJR58gqX_Mf1n-X7PEe71VbUedQOi4NqtWDyCcrhp1ipOwb=w437-h328-no\" width=\"951\" height=\"637\" \/><\/a><\/p>\n<p>[\/wptabcontent]<\/p>\n<p>[wptabs mode=&#8221;horizontal&#8221; type=&#8221;accordion&#8221;]<br \/>\n[wptabtitle]Cola\u00e7\u00e3o de Grau das Turmas 2010.1 do Campus V[\/wptabtitle]<\/p>\n<p>[wptabcontent]<\/p>\n<p><strong>Clique na foto para ver o \u00e1lbum completo.<\/strong><\/p>\n<p><a href=\"https:\/\/photos.app.goo.gl\/KLbjSPjWx71XCS2o8\"><img loading=\"lazy\" decoding=\"async\" class=\"aligncenter size-medium img-responsive\" src=\"https:\/\/lh3.googleusercontent.com\/twiC7BU8gli0lg9vCIMMrTSdVuB7A73UJzR55xG7Vbq7CwaxE_fnZcFbu6Z61nqVOT-itufMkZgCT5sW0s4YHuue08S0x3jQauX0O2H4AfAm6HQWycJk0rNsGGOCPq8oQvjPmT2EP2uAaOed-6ueRGCanWKIovni7cCQ8jFtPvDZCZ1AlbcXKAMkKZmBl-XnKbRMVTp412bL1UqeFHjVQoDRDDPGIb8HmvyJ7b-Guyv84jrvJxZKOt16Ofx-dAmTSNFdSd_pX6KNgVLGiLl_EYJXAWqyYqxWXgrXLr8sRht9Zdi7MtemPeevUlQrcw4hgJGs4JZIjawqyS_QfWfFERhdRLhi_udmprFAD3DV1cimse9FnR6hETXRz9pduqMhX6mSLJShUq3TaxIFpoEegKDX51TGgytb9BPw3CFt2_-wyFczlyelWgeGfonZXsNI_vBGSY7ehf-0RFRT_hkZDa1WaKCGIhTsTGTekG8xz6B96a3QNxSABFmtsvaNlXDvArMXYyztVoFZUuSUX1x391neltDoFjvbz2VmPVFtK4bduM3wCwV-fA835DM2ZBMcsGYVlGMOKCl3la7uV3C2ip6fkWA4NuAGLDfY_ZEdXaNjTukqslNrWZ_9qlV9M_gBIZzWW2LAMX7zSqQqU49ZeiOuijsb1u69=w437-h328-no\" width=\"951\" height=\"637\" \/><\/a><\/p>\n<p>[\/wptabcontent]<\/p>\n<p>[wptabs mode=&#8221;horizontal&#8221; type=&#8221;accordion&#8221;]<br \/>\n[wptabtitle]Elei\u00e7\u00f5es 2010 do Campus V[\/wptabtitle]<\/p>\n<p>[wptabcontent]<\/p>\n<p><strong>Clique na foto para ver o \u00e1lbum completo.<\/strong><\/p>\n<p><a href=\"https:\/\/photos.app.goo.gl\/HVcaZ6dNRHqSJx3v6\"><img loading=\"lazy\" decoding=\"async\" class=\"aligncenter size-medium img-responsive\" src=\"https:\/\/lh3.googleusercontent.com\/o3CGL_-PSrzWl-KlgvguMShcTadbjZltNcKM9oWfhXRpy2qQloHkxZeiI-zDbhOlrSMW8Cfz5LJ_jzOMo-FDwpHiARRPiDq7-NGV45sYU1GbQlifOH5oaPMUVucqhcLZTE65w5LqSExV-gxya7AUDNCJYU1BYVN171TpFbnXOxn4444smk71oxuKwOnseeO1Q0fueRFA2RmuOLgHr7C_ET4o2ZXMxt_axTFWdCcWSyp9hE6Po9Zv1Wn2RNJ30Dni2e1zgXrvypluFIYsJD-T6q4mR6ugfaYrvjgbQsgds21PXAC-8QAeFjZT5cWAyJY6LhIYLcDAB7pJrI6j8PXtb9z5mDYIhLGwP_cBI7gGhk9INCpG9-LWZVtzMujG4K0AMq8WLp3-Q3eifMylPtxShgPaBzl5IBi1fW2It2Mff6tqK2zmOjlx6UJwyPxCjgXT8boeDDQ0xdt2v92lWV2E5tjU83fMhAhGblI1QMDiYdVMrbgoYjy5_75StsY3ncPLT5m5Go6G23T0L7_wc8U8XY1jdZhsSi8VQOcHuYe0l3S6eACb5V9xQfUWLmvbQ-VC6_SMaNEjRI4JuY6J8ppY2fDIfoq7QTdYTQ7mxdQBaP3IGv6ebbzVOlsMbcNax_4QznPiA-Iq7ID3_oR2UWIehtzawL6E7FPl=w850-h637-no\" width=\"849\" height=\"637\" \/><\/a>[\/wptabcontent]<\/p>\n<p>[\/wptabs]<\/p>\n<p>[wptabs mode=&#8221;horizontal&#8221; type=&#8221;accordion&#8221;]<br \/>\n<strong>2011<\/strong><br \/>\n[wptabtitle]1\u00aa Aula do Laborat\u00f3rio de Arquivologia[\/wptabtitle]<\/p>\n<p>[wptabcontent]<\/p>\n<p><strong>Clique na foto para ver o \u00e1lbum completo.<\/strong><\/p>\n<p><a href=\"https:\/\/photos.app.goo.gl\/FsiXFWTLdf9mrTV89\" target=\"_blank\" rel=\"noopener noreferrer\"><img loading=\"lazy\" decoding=\"async\" class=\"aligncenter size-medium img-responsive\" src=\"https:\/\/lh3.googleusercontent.com\/3b0_Cgr7XqMVeHGgzvLwJf3rcyvdHr-29IQmh2ATc0dT4wA0SjlneJUqDO75kwYyglDKKIGp52ChdgpRJWWD7Oeg76JVSLtdeFnfSV8E1gXhsDUuIXsSaLpqZUdOJRBw_-6nDgFzvBmRvL4zORyF_HkI7nwIcEe_wT0ScMsp5PgaWdHYsM2XNBTK1ZyUKdMS6EutnGkiK7aeIMEd3vJq5HxXehcc9O9LSxcbYD9ftlw8UWUN-liBKRa6Q86lU7Z2MhcF18KRSCfniF1462qNO49cYmuE3ujdrd5arYq1jkmCmFOhfzd81u-6n4pxFw4C_HAq0aM0HETRU-Iu9m-lPJgud0USSfLwgFOUkMWj9-E7YUk-iQHwPtb4j6PRlU3gimvCTWkkgsYVh3W6ZhvadfBzQ0SXHd1RyaQA8FR3Rc_y4t4PY9Pxf61hwXX54-JuSnk8gmgQNhSYN2UXBQyrizUMz29NTCyeVkftyThXPfLqcT9QxE8ilpVWMeZujctzgFgUGuwFBsuZ5PGtRMg78SYt5fM5U1SCB0iTU63ZHDuo1vkfVxImYpCXvahsvo5e6m9cMXA1gKnwua1fsLB1kay6u5FuUyZq8weWGGohh8PXP_dheX1EaF4CTJKWkUB6IFqOqZSKhgxTNQ5ezIYUyjV6fh98otUj=w850-h637-no\" width=\"849\" height=\"637\" \/><\/a>[\/wptabcontent]<\/p>\n<p>[wptabs mode=&#8221;horizontal&#8221; type=&#8221;accordion&#8221;]<br \/>\n[wptabtitle]Chegada do Campus V na Escola Jos\u00e9 Lins[\/wptabtitle]<\/p>\n<p>[wptabcontent]<\/p>\n<p><strong>Clique na foto para ver o \u00e1lbum completo.<\/strong><\/p>\n<p><a href=\"https:\/\/photos.app.goo.gl\/Csm3LKB1YCdARMUD9\" target=\"_blank\" rel=\"noopener noreferrer\"><img loading=\"lazy\" decoding=\"async\" class=\"aligncenter size-medium img-responsive\" src=\"https:\/\/lh3.googleusercontent.com\/F7gapPARRJlvEphiQk207c7KAD_-B31HokiGICNh1CNjA_eTb5_YLnN1d3Hhpk3rD2q74nv_MoDFErigNfbnRzkHgc-OGxaK_PdNthv3MlM7KuM002lTEpYWpQl94AQri3HssEjDMvHmJoQJP5mBQXG_fNXao80LnFb8PiH7A6eLha-273p2jDJe6To8lw4ArCBg4oLmPnC_s-pitm9Z-CRcX1gq4rchDyXjt6ifioY8yKdFmoKjyzdtMeYK_59j-aJP6uBfM0rM4Lz_5HsFAiUhKD3W9Vvtb9gHGGqg7SojyX7cFwgDXsVLG0RBe6gW81P_AEN99EMq08_llYE0zrdnOQL051EB0oK1YSBpRwXpKu82LyF9p_3nyc7x4YEKX2NiUB6CjtmFtIgIux-F6hhGq0XPbtiHc2ICZ8wVkOyiadjm64Am-DlTWy3ge25Xi8FLPBlJyGroiiwQ3UfrMshV9qrXXsu6U64zrwohz4Gh6wwSPAvTtoJ2XeyM80XUHnGlJyx7qrOHnz78RvMxCtg_g0UmoMB3Fgtzx0iTr4V1WbTkK52r1iZPe9hYbLgdJ12tO52JdrRL-8Plgg7CMUr37QVd1fYwqK1DFaU=w850-h637-no\" width=\"849\" height=\"637\" \/><\/a>[\/wptabcontent]<\/p>\n<p>[wptabs mode=&#8221;horizontal&#8221; type=&#8221;accordion&#8221;]<br \/>\n[wptabtitle]Cola\u00e7\u00e3o de Grau das Turmas 2011.1 do Campus V[\/wptabtitle]<\/p>\n<p>[wptabcontent]<\/p>\n<p><strong>Clique na foto para ver o \u00e1lbum completo.<\/strong><\/p>\n<p><a href=\"https:\/\/photos.app.goo.gl\/3fKlf4wZkOVLvMHp2\" target=\"_blank\" rel=\"noopener noreferrer\"><img loading=\"lazy\" decoding=\"async\" class=\"aligncenter size-medium img-responsive\" src=\"https:\/\/lh3.googleusercontent.com\/kIMBE2pNpVgHzSJH5xxhDKx-ar7WtXNrmVPgI4bGgzAUEBrZsxDyDVMzTcXrONEimmxe3Z39qma8hFWRaeWjGSrtgZh6NXen4bNTj8q5fI679ZJJETmDcPM8U0Zrh_Cbyq1AVUKt_MtrFpb8S-6TRQ6TURYVlhA0aOe1f0C5DqYpCM9oS_m59wGJgIz02BhRhIsmIzkvELryRU5gAthWgoAPcGRauws9PmG9OKGh80LKPG4h1jVb0T_QqHCv9qnvIGiLIPp2jBB4wgsmLTG1BC--lcx07Ebop-DUbrBLKWwI3OD6YGhYsU4z-g1uFKhq7qKR_CweKOZh5GdkJBQQI4Y2-hY8oedfqZvw1_vmhXogOnAop8MVQ4WH_fzx7jSP8SrROyyN-z9HTkwnv5ffvggA0--xRuu6HErObHWIPgkKLxkDcHJRPDDXCO70jNFQ43ud6bnEv95ubkPFEC34tVRe1leqZFZZ1AiodrpYd7mnsgx8ICNlwQm7BBoZaHWb1UFDJUmPTahTW1oUznYOfggxTLs-WzGSQ0R7Gs4Pb8U_6-hQ5AH_rSp4qa4f-dd5czwDvvxbNHcxZHVveIVkDx2QtA6FV9Gb25VS078=w850-h637-no\" width=\"849\" height=\"637\" \/><\/a>[\/wptabcontent]<\/p>\n<p>[wptabs mode=&#8221;horizontal&#8221; type=&#8221;accordion&#8221;]<br \/>\n[wptabtitle]Inaugura\u00e7\u00f5es do Audit\u00f3rio Pioneiros e Laborat\u00f3rio de Arquivologia[\/wptabtitle]<\/p>\n<p>[wptabcontent]<\/p>\n<p><strong>Clique na foto para ver o \u00e1lbum completo.<\/strong><\/p>\n<p><a href=\"https:\/\/photos.app.goo.gl\/VeL55saO7sTBDsRS2\" target=\"_blank\" rel=\"noopener noreferrer\"><img loading=\"lazy\" decoding=\"async\" class=\"aligncenter size-medium img-responsive\" src=\"https:\/\/lh3.googleusercontent.com\/-9_A8kAKgAuiWCSavjDdgRGh83C72KcPyWTwO9fOE0rszZ6nOZG26Y825yVe6KDcC0P8Q6KcFSa3L2r5Z_cmK7m9xK7FAuYcTEAneX3URuA17vJCDSGOkLzsFNp54XyYyK5dg-gNcQJaaZ-ZaIiPwPMRGk8hwSB-JVOY314jGHcakRy2sahN9bl9HFhPv-fG7KQy4pMsbF-MFyy4YxUcT56ZEvDVBY0K_DWpFFA5-2TU6Ifn6qaRLaBGfr6JSO58l5yEiN8_7qYeliEU9WXHf3FiFoUXI9PD_qURwBCACTTayTqfqd2G6qX7gUQtzQo1VxbzS4Nf_vK5w7AhWTa1ljejTxpZ3E1r1pVdlk_WFcnBJ1KxGWT6jGRrRen1lW22ayHYqICYvm04F4tttirbCAweIP239y798m5Nx6HCPApDaI4sVJ63T6hAg42X7fJeJ1CxEka27LuD1GyrZUjTbAinpcR6liul91cGIpqtoSXRur7c9s3xT31R7D4eKMoZtYMe6pnfrKN7oYh4m2Iw1xDLKhEAMQhh2ojT7w75bQXt1nuEvHrZ9JKVg5at9NcH4Ay_bzAqlTdNhSgnLTFzz79haoOQCmPUTF1UE-rHmA3dk8DjGYNTWtoPDRYz9beqrRuoM96_p-JFraxWRRjFOl0NrMtXL36G=w850-h637-no\" width=\"849\" height=\"637\" \/><\/a>[\/wptabcontent]<\/p>\n<p>[wptabs mode=&#8221;horizontal&#8221; type=&#8221;accordion&#8221;]<br \/>\n[wptabtitle]XV ENEARQ[\/wptabtitle]<\/p>\n<p>[wptabcontent]<\/p>\n<p><strong>Clique na foto para ver o \u00e1lbum completo.<\/strong><\/p>\n<p><a href=\"https:\/\/photos.app.goo.gl\/dEP8Jzqp5deryR1r1\" target=\"_blank\" rel=\"noopener noreferrer\"><img loading=\"lazy\" decoding=\"async\" class=\"aligncenter size-medium img-responsive\" src=\"https:\/\/lh3.googleusercontent.com\/2K2JaquQHrkN71hvVOjhxDTvk7tlLBj9h9Idmg9pQ4Eg7UKJBsbP1iX0y_MZusrvQCdD9cE-lN6eCs4LAsDwYxBBHBb2TeKWQE-1LCnXHDKESmLSkZu9IFXVdUUAWtvvf7PIKLw3MgDFckG2yVTsp2h2slVsiSG2AwOuFy-7kkl8QfescM1ijOn4f9jj7191_0R4W3VA12QGZMvuo1J-QAQN5zmSGRVCP90TxUNo-YeTvGn9rB_ZM-g5_oD-Ib4-KyepR_d3miLbAkEO3wwQEi8Xg9_YzjFtYW7b7J1lk_wTJcHVQlcLiIQ260un5JJeBBM6A6-nzZD1RXB773VEE4E3_p3N1p04eN-gSSO1MlCI2U-kSQhUL_NF66fv8K1fcXIzlrQ_ivVMSEJEcPunJ7hQulQM_mQoVVS8TAw36_y69ji1E6-9GVRrjX7ydyP7hVyk-a8557yTcvMc3kpESGEiJTRChF-yJipzfiRQhk3F9-3sFvsWESUAM1K2J4v_OGoD4ZJjPMBGo1JSfCxM0U7-EI-sCfxcsOrTGBY13AYB1v5HorG5WNsKWFeIecPNPHbM_8DkipVTYcJ6FoViHnrA_GmlKgYZkeI7sdeVOBI3tYsRLpRtF8_UtcSwxobiMRWJkNX2ssbnYLQwlbu4mVOrtHaugxDE=w850-h637-no\" width=\"849\" height=\"637\" \/><\/a>[\/wptabcontent]<\/p>\n<p>[\/wptabs]<\/p>\n<p>[wptabs mode=&#8221;horizontal&#8221; type=&#8221;accordion&#8221;]<br \/>\n<strong>2012<\/strong><br \/>\n[wptabtitle]1\u00ba JACRO &#8211; Jornada Arquiv\u00edstica e seus Acervos Raros[\/wptabtitle]<\/p>\n<p>[wptabcontent]<\/p>\n<p>O 1\u00ba JACRO contou com a participa\u00e7\u00e3o de estudantes e professores, al\u00e9m de cordelistas e poetas conceituados na Para\u00edba. Foi realizada no Campus V da Universidade Estadual da Para\u00edba, em Jo\u00e3o Pessoa, tecendo o di\u00e1logo das pr\u00e1ticas arquiv\u00edsticas em acervo de cordel. O evento que contou com palestras, mesa-redonda e exposi\u00e7\u00e3o voltadas a apresentar reflex\u00f5es sobre a literatura de cordel.<\/p>\n<p><strong>Clique na foto para ver o \u00e1lbum completo.<\/strong><\/p>\n<p><a href=\"https:\/\/photos.app.goo.gl\/saA5W6WUCOIwu0oH3\" target=\"_blank\" rel=\"noopener noreferrer\"><img loading=\"lazy\" decoding=\"async\" class=\"aligncenter size-medium img-responsive\" src=\"https:\/\/lh3.googleusercontent.com\/7SBfiEVrye-XLbjsAYU7Cxh77PTSaNYDd3Wf_LcsdOWtyVbQl6iTrl_CYGmbO-3z9Z8hCM6A4SGHAjtN0XB-f-DaZmufTJP91t3jMYXx7ulmx467CavCL5G7FW9LKDW1ZxOkGPKFd8_8R87G7axSSUzBzV5H7_6TmnH-TLFrQX_T_gkY_pG71HzOMUHvCEZFS6677eiYMxe057Cgcv-SXzD9m-rTyY1u1y7a3p0rlKUMvNr36CpYp0yNJjROXzWSXpwH_GMw0SjsQVu5U-S5NanLGAVxMUFd0lNKVb-UCT0Sb3KHfu30ZG-oO3E3wxSLUjLtVy1jQcTVQZbE3zQYx96uRUmKoR_yV0CAaLdzmy0U-hF8k1gG_6iEUj29T0omuwvZFQZBL-lmWsfuQy6Ldkbgxc23Rri36MQWUAqb0pLT8L78_5nW6RlWGMP73aXrRKoDOc8dHX95oIEkEX-Y2_R77IQUcxYrdhvLInlDuHFVOeAD7AhswjOMEVo7PocR3sxJjhT43axWNGSulyjdiezvA5qmukuNMJgzacWNZ1TmLIrBiDd8ptGtUQtPYz63BpCMFI8bp9lTi0qO2lA1JS32PgUhaFm88_ZD61o=w850-h637-no\" width=\"849\" height=\"637\" \/><\/a>[\/wptabcontent]<\/p>\n<p>[wptabs mode=&#8221;horizontal&#8221; type=&#8221;accordion&#8221;]<br \/>\n[wptabtitle]7\u00ba SEMEX &#8211; Semana de Extens\u00e3o da UEPB[\/wptabtitle]<\/p>\n<p>[wptabcontent]<\/p>\n<p>Aconteceu no Campus I da Universidade Estadual da Para\u00edba, em Campina Grande, a 7\u00aa Semana de Extens\u00e3o (Semex) que abordou a tem\u00e1tica \u201cSustentabilidade Regional no S\u00e9culo XXI: tecendo di\u00e1logos e construindo novos cen\u00e1rios\u201d. A professora da Universidade Federal do Rio Grande do Sul (UFRGS), Sandra de F\u00e1tima Batista de Deus, foi convidada a ministrar a confer\u00eancia de abertura, que aconteceu no audit\u00f3rio do Curso de Psicologia.<\/p>\n<p><strong>Clique na foto para ver o \u00e1lbum completo.<\/strong><\/p>\n<p><a href=\"https:\/\/photos.app.goo.gl\/glu9IHWpxW8q3GZI3\" target=\"_blank\" rel=\"noopener noreferrer\"><img loading=\"lazy\" decoding=\"async\" class=\"aligncenter size-medium img-responsive\" src=\"https:\/\/lh3.googleusercontent.com\/HFJMYgw5sSPXGa8kkPjGsxin_MNrdvf_NT5V8mU01391z93qIHHwVRYRNP5Akh7BhLPU_QF9Hias_Yvgqua4HjuPOPEkliK6nl-6uZ0SHn-BMuoJBLsWJJrm_-Z2kHfjK-hNFAqgP9cn9D2IQUtC3SbaHJWSmIfj1hAWIwmXrzT2MHXvsHxJ0ONsunYJMbKZLyjqL0XoP-_sjAqgFLCehl51k2os-NIUDIjfaDfUiopeXDqYDMkbZVehCHItMSAhmmo4XK0869rR_Ln-uHc0DLigc_xZ1xgpK0qyGevVBeiqgIHq72vrcrt1hRBjKuwIvSM4lHbWLV13YGtygM52HucDmQYvquMppbEDy3_N_MSPnEXsttNeHMubNlKM-8q0cNtsLBHxil0JdMgKb5VsMxpjEHFmkbUk5K3JIxBLbuYGEaWlO77XClgxq9bekx8xi9Jon5w8i5pp1UqPiuSz0P6PWeLTuznCD_y102vaQJYOGLoHRH89JfkScLWp4OSrqMOwal9qcRhrTVDa2J-ZiRQfi7CQPDfirCudw9OmKOGGD8-JS0MfFoQVQiL5uhnAQw1QEYL9gD1XW7CdDkcwDSd9oChbX-9Us2PM3Vg=w850-h637-no\" width=\"849\" height=\"637\" \/><\/a>[\/wptabcontent]<\/p>\n<p>[wptabs mode=&#8221;horizontal&#8221; type=&#8221;accordion&#8221;]<br \/>\n[wptabtitle]Cola\u00e7\u00e3o de Grau 2012.2[\/wptabtitle]<\/p>\n<p>[wptabcontent]<\/p>\n<p>Democracia, paz, justi\u00e7a social, f\u00e9 e esperan\u00e7a foram termos que estiveram presentes nos discursos e homenagens dos formandos do Campus V da Universidade Estadual da Para\u00edba, localizado em Jo\u00e3o Pessoa, que participaram da Cerim\u00f4nia de Cola\u00e7\u00e3o de Grau do per\u00edodo letivo 2012.2. Sendo presidida pelo reitor Rangel J\u00fanior, a solenidade colocou \u00e0 disposi\u00e7\u00e3o do mercado de trabalho 37 profissionais de Arquivologia, Ci\u00eancias Biol\u00f3gicas e Rela\u00e7\u00f5es Internacionais.<\/p>\n<p><strong>Clique na foto para ver o \u00e1lbum completo.<\/strong><\/p>\n<p><a href=\"https:\/\/photos.app.goo.gl\/AkINFD2UGGVkRkhT2\" target=\"_blank\" rel=\"noopener noreferrer\"><img loading=\"lazy\" decoding=\"async\" class=\"aligncenter size-medium img-responsive\" src=\"https:\/\/lh3.googleusercontent.com\/ZDClZOWROtkspVdlq7gA3CcKDQ0dAP8OfiJkMknu6epATNK6BJ9uqIGwgQmXKtwGJ1a15oEJTyi9ThTICKy0wjubE81_RZvT2k8T5XODHde3ivNedYJ2k8MBcaZXgd3MFSP098qQUWVvo8gJFOxRj0DNFjVnPLBXlQ979rKHBJrcvQUZlBuB7uAxtW3uQ09xNx-lc3GiQzeJvRJW_ztqsI7v3OaZR98-iPvaNVvTXQPC8k_HIowFMBR0hV5fCtlrrqVy2VW-P_cp6EDBNQB6E8uodWk9I1wXWJZh185bvvTkVww4_MBfDbmKZ8IFG23PAPXY5RgCxxAF19PXR5yeK9Hl_ZzVwqlCqo6MrbZYn6B7tW8AbTDL54djvsxb1Grd7NkG8t3kNyvflloGPWQLauh7fNofY_VuEZFYDmDr7XqXPMkCsn3O93sqWFDHpyMQ86yklyy0vkz4-U61NSRQ44jzCEph0HQpGLUKMlJmNjd8vm6UM-X9ngkaHslVcZBwrcjYbQl2XGrGtH91g9IBZdsz-72ShsMjfxySYCeHVqIHLFmkCk1e1OJxQvDMh_zDBzt3em7OXwU9793MLmXETWR06x_179b_hxE9n2I=w850-h637-no\" width=\"849\" height=\"637\" \/><\/a>[\/wptabcontent]<\/p>\n<p>[wptabs mode=&#8221;horizontal&#8221; type=&#8221;accordion&#8221;]<br \/>\n[wptabtitle]Conv\u00eanio UEPB &#8211; Universidade do Porto[\/wptabtitle]<\/p>\n<p>[wptabcontent]<\/p>\n<p>Idealizado por docentes e discentes de Arquivologia do Campus V da Universidade Estadual da Para\u00edba, em Jo\u00e3o Pessoa, o acordo de coopera\u00e7\u00e3o acad\u00eamica, cient\u00edfica e cultural firmado entre a UEPB e a Universidade do Porto, em Portugal, trouxe novas perspectivas para os graduandos e professores do bacharelado da \u00e1rea. O conv\u00eanio foi firmado por interm\u00e9dio da Coordenadoria de Assuntos Institucionais e Internacionais (CAII), ap\u00f3s algumas reuni\u00f5es, eventos, lan\u00e7amentos de livros e diversas atividades realizadas em parceria, desde 2008.<\/p>\n<p><strong>Clique na foto para ver o \u00e1lbum completo.<\/strong><\/p>\n<p><a href=\"https:\/\/photos.app.goo.gl\/YQePAvI2x7wyw7Bs2\" target=\"_blank\" rel=\"noopener noreferrer\"><img loading=\"lazy\" decoding=\"async\" class=\"aligncenter size-medium img-responsive\" src=\"https:\/\/lh3.googleusercontent.com\/0WQbK_m2r5mOqtAQQrO3BTaN_v0B9ua2gfvSssJSrmiXSiHptugKkSOQdYDATdNEAyOJQ8rvKCrcZx5k1_OOsoScQfCNvh_RFAkRRnFbRqpRFEKA8-Xj3-obb00MF91PGYJW2VKlWdWXD3KAQVOzrzaBKAfv_IyUPYTKdOEGvP9WjfIuq8tu0g7apkctQt78fkzM5qsT7YMH7T19alLWDfVrqBLR0RDJv4vOFOr3h_fv0A8MZkEEkKDcyUO0tFVsDm3oJ-Vdm2RTJLKFC5V_6NSQexJEgiJm4y95nyvpaAOSOIyjO8Se__GADCz7ZR7JalmxYzidPNqE7H4kUMsqQ7s3o4M6bz7RuKq0RRaUR-_Mva1gxa8SvPICbtzOyBptFSW1Asx2GHqjSiudAEM9LRq9ouWtuVVwlqu5cl7qpDJwJAzhHB68BY8V-Uy1vOHZN1H2we67ccmbEvI1zV96fK8RnyHgStF-O1FEYMQb4FSt9iXLxIGWwr1wCVvCY79oVQjzGrQO45ZxTCypzPp4P-ebGTmU9BD9AH9uZVdcloqV11OSZpN6IZPFXdM6mHgIM9a2dcXosxHaY2I2Wwa97Ma48dDkSczNcsJwE94=w850-h637-no\" width=\"849\" height=\"637\" \/><\/a>[\/wptabcontent]<\/p>\n<p>[\/wptabs]<\/p>\n<p>[wptabs mode=&#8221;horizontal&#8221; type=&#8221;accordion&#8221;]<br \/>\n<strong>2014<\/strong><br \/>\n[wptabtitle]7\u00ba Mostra da Mem\u00f3ria Cultural Junina[\/wptabtitle]<\/p>\n<p>[wptabcontent]<\/p>\n<p>Stands demonstrativos, exibi\u00e7\u00e3o de v\u00eddeos, oficinas, apresenta\u00e7\u00f5es de m\u00fasica e dan\u00e7a foram algumas das atividades que integraram a 7\u00aa edi\u00e7\u00e3o da Mostra da Mem\u00f3ria Cultural Junina, realizada no C\u00e2mpus V da Universidade Estadual da Para\u00edba (UEPB), em Jo\u00e3o Pessoa. Mesmo com a visita\u00e7\u00e3o dos stands, al\u00e9m disso houve a apresenta\u00e7\u00e3o das comidas t\u00edpicas e religiosidade t\u00edpicos desse per\u00edodo junino, possibilitaram uma reflex\u00e3o sobre os gastos com a Copa do Mundo em detrimento dos investimentos realizados no Brasil nas \u00e1reas de educa\u00e7\u00e3o, sa\u00fade, infraestrutura e combate \u00e0 seca.<\/p>\n<p><strong>Clique na foto para ver o \u00e1lbum completo.<\/strong><\/p>\n<p><a href=\"https:\/\/photos.app.goo.gl\/MjKmTgHn2iQ0VLwL2\" target=\"_blank\" rel=\"noopener noreferrer\"><img loading=\"lazy\" decoding=\"async\" class=\"aligncenter size-medium img-responsive\" src=\"https:\/\/lh3.googleusercontent.com\/D3a2fq4cwOwIcrUPSlTDyHPpHhYVFigK9OW6hUFYu6YTbB1svdQvY0KtccDLh6FkiXM7yLNeBXH8SA_AiE63Dlq1Zcpz85ho268DhsFOE67hRaxMnxI_UdbIiqlfSJhxK6-sAL6vblVt4_sr5e9lMMYQiacMcI-LA3RdjXnV68AyfNFVhCtZO6OQhTvUb7A2bFqyAsez_gqilEs2cUyJXGmmrmWbT8ypSbBDDOUzaqngF4gy1si6sxihJ2I6zd-ErYxOZk71p_T0aJlXahJQeZjbZsByREmXi2r9FRe7iDNHSk1aipwlscWS7TPsixnJXfmIbWCOCq-9PWK7I6gxK37aWxDSAPT9W46fIliIECWTgG-opUSiGsCpIWxN4oh-GGBbeu57_mqD7jov9GRloFW2NF7pp_00Z1RW6x22-ZxLQVZPuiqkjM6TnLgv-s5m6Cozmg1MQYXKzAIwdyXCkjouB1MPfTwOu72dDcGBG3wxmp9mVLB5KU9VebUcW3T_wYXLE7S6t01GDqcTsks8f5l3KFx1k09IKvZROcyBHZ8Fobkmyuqti4TmZKmNUnqmARrMPUxYvS8rRFR6CrNW8FS7JTAcpkDpBoLjWog=w850-h637-no\" width=\"849\" height=\"637\" \/><\/a>[\/wptabcontent]<\/p>\n<p>[\/wptabs]<\/p>\n<p>[wptabs mode=&#8221;horizontal&#8221; type=&#8221;accordion&#8221;]<br \/>\n<strong>2015<\/strong><br \/>\n[wptabtitle]1\u00ba Encontro de Limnologia e Bot\u00e2nica[\/wptabtitle]<\/p>\n<p>[wptabcontent]<\/p>\n<p>Com o tema \u201cCen\u00e1rio de pesquisas e perspectivas\u201d, o encontro buscou expressar o atual estado de conhecimento da limnologia e bot\u00e2nica no \u00e2mbito regional, al\u00e9m de expor as principais linhas de pesquisas e projetos desenvolvidos. Para tanto, foram realizadas palestras, mesas redondas e apresenta\u00e7\u00f5es orais desenvolvidos nas \u00e1reas de Bot\u00e2nica e Limnologia.<\/p>\n<p><strong>Clique na foto para ver o \u00e1lbum completo.<\/strong><\/p>\n<p><a href=\"https:\/\/photos.app.goo.gl\/BXX29pjlsSNcpMN63\" target=\"_blank\" rel=\"noopener noreferrer\"><img loading=\"lazy\" decoding=\"async\" class=\"aligncenter size-medium img-responsive\" src=\"https:\/\/lh3.googleusercontent.com\/tsTVCnDpCocXDZzupNnSuVgeyRYlrVJ9fe3TMHIve_A7CTPSO7Huwkl1OznudSIz-_ZrmjIh4w2y2BgW2p48Q54KfomaXmCUHffpHreJYsZEiX8XHfRnK2ejRwpwu5gnjEeMNCaq5QhifGvhGLXejWhy3DgrO_sBhclOMZmByZB-1opvtMWMc37g8nU7dOfX4fHKsEEo14_PeJf5twNvoAQhABK2nDpPeTVirs9nZWM1jlNyeZxWTN_5kMHRJ12DlRKmnfbUPFQKLzZ_69Qa-wSqfoMqBlcQVBaukfuekuMXxCMVHVOYkJluGziejfOKV5fICST3aypK7N2JRXHb5j2fUTZ9oAB9nl5_ipdmXBYHZktTLtP3J7vVp5sxVHT7LashCdPa5JIyAcZM06E4vpuKBeLlBIYON0NtcIHAqUF6HS2vRr6tkjRYiQlZUQ3RAhQmq3iAGbgyHjO37ondt-pPUP1IjVAS2u8WMqATCZJgiSGwzkQmotGImD6wgnXKtEvT7uvyvchne6FlLqgDHPh88SsF-fuoIFH2IXFzkwf_zWZ52HmTlqXONCH081Qm_LmRWToz-uh1vQRJFMBVNiTejhiHlhSavEh2asM=w1134-h637-no\" width=\"1134\" height=\"637\" \/><\/a>[\/wptabcontent]<\/p>\n<p>[wptabs mode=&#8221;horizontal&#8221; type=&#8221;accordion&#8221;]<br \/>\n[wptabtitle]4\u00aa REPARQ &#8211; Reuni\u00e3o Brasileira de Ensino e Pesquisa em Arquivologia[\/wptabtitle]<\/p>\n<p>[wptabcontent]<\/p>\n<p>Comunica\u00e7\u00f5es orais, oficinas, confer\u00eancias, workshop, lan\u00e7amento de livros, foram algumas das atividades que integraram a programa\u00e7\u00e3o da 4\u00aa Reuni\u00e3o Brasileira de Ensino e Pesquisa em Arquivologia (REPARQ), evento organizado pelo curso de Arquivologia da Universidade Estadual da Para\u00edba (UEPB), em parceria com o bacharelado em Arquivologia da Universidade Federal da Para\u00edba (UFPB), entre os dias 3 e 6 de agosto de 2015, no C\u00e2mpus I da UFPB, em Jo\u00e3o Pessoa.<\/p>\n<p><strong>Clique na foto para ver o \u00e1lbum completo.<\/strong><\/p>\n<p><a href=\"https:\/\/photos.app.goo.gl\/sUhWxov2B9hNouYI3\" target=\"_blank\" rel=\"noopener noreferrer\"><img loading=\"lazy\" decoding=\"async\" class=\"aligncenter size-medium img-responsive\" src=\"https:\/\/lh3.googleusercontent.com\/MZGonFged4d3GUrpNJcq0pDxG5wtKeADuiYZNNCvvQrHs_a4D5ni6ZoTYDEDPxEGpgYYl_N6xMDRdJ7DGa17qVIqgBhttAcQ48M83grPzfDwB4E7UzoitFH4k7i5KMSbuZ5V9nhpeeCw2Nbbw3YnF2iPp7RBB7P7ZajZzmbjXlrSoh4o9isg49prLM0H6FN3tWxP5Hi8VfLQf5RMcMEK6W9c0ii_fis77ezP22QdEdOCoYMxRy2esWdi88zxZP8VmH1Ilp4xCilLpicvVApx8VO4YMRrLeiHiRIrHNHJ_g1iPQbUnZ0LvydbTrXOzLB8mhRS1NVuI8RdhqEmR00SeUAoumfKLy2e53xyj9kJujD48AAKSt7fI_3TGeKJD5Pfuonj1UB8DLuxx4wkPH1BVwodvjVSMpLqwHZt6UYEP0-r-EP2lHceBT3BYlSvYqsxaR5wwfyj422W9Z0Fa0WkiR2s93ALkaobxmzTYqUXlHMctE65bk7TKHpXh3a80Cu7kHn_675lw9R_crCYLUElJr0cdL_E7PFTQqdIRCaB1JiWOUQgnE5qXB3WoOJpnNyV-NrLEEmonqDfd1xkTh1-lmpR1f8reKei9thaN_g=w657-h369-no\" width=\"951\" height=\"637\" \/><\/a>[\/wptabcontent]<\/p>\n<p>[wptabs mode=&#8221;horizontal&#8221; type=&#8221;accordion&#8221;]<br \/>\n[wptabtitle]Posse na AAPB &#8211; Associa\u00e7\u00e3o dos Arquivistas do Estado da Para\u00edba[\/wptabtitle]<\/p>\n<p>[wptabcontent]<\/p>\n<p>A associa\u00e7\u00e3o auxilia na fiscaliza\u00e7\u00e3o dos arquivos paraibanos, divulga\u00e7\u00e3o junto \u00e0 sociedade sobre o perfil e a import\u00e2ncia do arquivista nas institui\u00e7\u00f5es, mobiliza\u00e7\u00e3o de estudantes e profissionais da \u00e1rea na luta por causas comuns \u00e0 categoria, entre outros encaminhamentos.<\/p>\n<p><strong>Clique na foto para ver o \u00e1lbum completo.<\/strong><\/p>\n<p><a href=\"https:\/\/photos.app.goo.gl\/8BlGCMnj6Y1254Q43\" target=\"_blank\" rel=\"noopener noreferrer\"><img loading=\"lazy\" decoding=\"async\" class=\"aligncenter size-medium img-responsive\" src=\"https:\/\/lh3.googleusercontent.com\/LB6kjORgEj73z7BFTkU7tl0QMjtifiqxqBKhtYKnD-o-Sj79Mp6qpVYVrrmBxHTjW6Ru-hfemAQbXOaAFRSySD0UT_Gwq0IS_5kPwNX94iUI5jkproozIwWj6QK7JJDsZkowF9GmNQRn653UQm3VErrXQLgd2Dz4-3B70PQVG4q3GQNH0jI5OC3bRYhQs4wf5aeWy8yulRZ-4vOikFXZBWgP_9ZX70WrnG98OSuEgNXU84ctL4T4eED-NpdM7rXkZfaCe7c0ZRPknY0pY3EicqQPqHZe0A6Xgo3OQjOIP9BBJygi660AXvZACzkUt-8_8rNO9P1obCVz4EDSaP_MSYIS23Vev4UsiAuTdMg27QDMc15K-xOaDE2411VuesP2G6VGXHj3-7FI1sdiincBp2gAixfLn0slJSCcoIew0nkoyaGeT-d0o3vd5reesMc9Eqc_vzOIFEeSjK90ZaCUqwnvJ47kMbwX22fDABsyPdlxElKe9eXrdFcT7RV5T9tOwIk9hXIdo-9LyUg2uO0Vz6JlBtVXird3D9Xzp2o_xuhOdZNRE9f_718ZoC9U9bZjtJZFPCDhC-R3dIoUa80f4CL3sQAVNF6YHtTq6e0=w657-h369-no\" width=\"951\" height=\"637\" \/><\/a>[\/wptabcontent]<\/p>\n<p>[wptabs mode=&#8221;horizontal&#8221; type=&#8221;accordion&#8221;]<br \/>\n[wptabtitle]PUA &#8211; Projeto UEPB em A\u00e7\u00e3o[\/wptabtitle]<\/p>\n<p>[wptabcontent]<\/p>\n<p>Coordenado pelo professor de Rela\u00e7\u00f5es Internacionais Paulo Kulhmann, o PUA realiza atividades que permitem a articula\u00e7\u00e3o entre o conhecimento produzido na academia e as car\u00eancias da sociedade, difundindo uma cultura de paz por meio de atividades l\u00fadicas e recreativas.<\/p>\n<p><strong>Clique na foto para ver o \u00e1lbum completo.<\/strong><\/p>\n<p><a href=\"https:\/\/photos.app.goo.gl\/syCucklcHu8DLGXH2\" target=\"_blank\" rel=\"noopener noreferrer\"><img loading=\"lazy\" decoding=\"async\" class=\"aligncenter size-medium img-responsive\" src=\"https:\/\/lh3.googleusercontent.com\/EtBYKroFY3dHJE7idxM6orJYENmdDuWpD16DpafvlIw7xPZYe6r1MtQRo3VuS60OMLEPxO1-i8GhyJq7mbs74hWCmrbVi7r6NZs62zES61HAN8jKsbIfshqSUCWyM9Xi3dr2dil9hd-3k4WqgqAou-Kv_oX2sip3oVYlEmVy_6LJVS_VSje1BvPvLzMO2J6ywLI2Palqb8eWWt7XYrBJRIJbaMkOmk-o1nUvPyaD44g5acLmjGM7Uy5dXQKrr3fnyR2v1E4OuXtAnYygU5MudiVfoRDe627zBvg3BHWu8nrnD-HHRy_NxMekkXq4JRX5lj6GtxPzqznH_XtCl-JZmG5chNqFhkKoZ_lrS8nIQK4wHOwIokTjuuZGjF45kaYmZne34PZYIIq2DEq4r1UOlgX1ENLa63oMKmAKqvSHUOtsRwhNQI1SLWwCg09BUfgSb4Y3UoqpzQVhlMx6EY76Vw9FvepSOoyFWCQ1nWSbPKSSctmnBk6i0wpDqDNvwR02vbCq8s1-SU0h7G4buqW9Utp7hUZpcFAlLq_HzfVfkbCOgOzr2wkMx3Hx7TnNi6JKhVfQNdbVlT7sejrhmA84Y9N7wjpF7JYhv86Js2A=w657-h369-no\" width=\"657\" height=\"369\" \/><\/a>[\/wptabcontent]<\/p>\n<p>[\/wptabs]<\/p>\n<p>[wptabs mode=&#8221;horizontal&#8221; type=&#8221;accordion&#8221;]<br \/>\n<strong>2016<\/strong><br \/>\n[wptabtitle]1\u00b0 ENGEB &#8211; Encontro de Gen\u00e9tica e Biotecnologia da PB[\/wptabtitle]<\/p>\n<p>[wptabcontent]<\/p>\n<p style=\"text-align: justify;\"><span style=\"color: black;\">O evento teve como objetivo reunir pesquisadores, professores e estudantes das \u00e1reas da gen\u00e9tica, biologia molecular e biotecnologia da Para\u00edba e de outras regi\u00f5es, o Centro Acad\u00eamico e coordena\u00e7\u00e3o da gradua\u00e7\u00e3o em Ci\u00eancias Biol\u00f3gicas do Campus V da Universidade Estadual da Para\u00edba, o Encontro de Gen\u00e9tica e Biotecnologia da Para\u00edba (ENGEB-PB), discutiu sobre o tema \u201cGenes e as tecnologias: estimulo cient\u00edfico rumo a novas e importantes descobertas\u201d. O evento contou com a apresenta\u00e7\u00e3o de trabalhos, palestras, minicursos, mesas-redondas com pesquisadores de destaque na \u00e1rea.<\/span><\/p>\n<p style=\"text-align: justify;\"><span style=\"color: black;\"><b>Clique na foto para ver o \u00e1lbum completo.<\/b> <\/span><\/p>\n<p><a href=\"https:\/\/photos.app.goo.gl\/UYRZysXejIN36MRr2\" target=\"_blank\" rel=\"noopener noreferrer\"><img loading=\"lazy\" decoding=\"async\" class=\"aligncenter size-medium img-responsive\" src=\"https:\/\/lh3.googleusercontent.com\/xb7R37MGx-AoRvUn0nUXz1WmyEu8l4uT2pOgdlckbOOpGVxwVVkFYR2FHucMkRg3is01Ms2-Ht1926kUdUbJQbUSWJGwrE9961RBZZUDh5tmWemhYG3I_dIBB2U6DlQxFjZMTSipl9KwzGR1g8mUEmUJ6GEeR2RCB9zanHKkDUskCMXfg90-pi0k-87_L6HuJ9QK9wmrlCkA5IxQ79NUfNeFXK6bXUUIA2zRI0H-GJGBLIXyhMLkCRD6FQokV3H9ElO_vzcCJ-DD7Gz-L022jpxNSIG-zsjTuyT-pvQGrWfGxh5inkeHPe-3L1g8K1xfha7niHEKTKLx3WgO8ohJ5juDGm0ZABJgEebuxhXzRrwfxKoKdflBG1I1PoxuhZyAqXGkSgDAwoa5pHbzELDSTQZq0e7Gv1wNfL-zN5Z_Nz7JJ37zl8F5z9FJtVjq7i2eetILVrlKd6WNdxpkimy8OtHb3Tn2mUcOX-KMGicQAykEbaeAQDV1MuqKTuAQuMApy11d3J3Wxif6H9I0lMa7fuuxBuRLAvezzrxrx4uaPl7tzMAqog2ftrTNuAtRO3aGrtQ0tAYH5Y2_jff381qUu4HJnD7Lhk6tLxPVqRg=w713-h401-no\" width=\"713\" height=\"401\" \/><\/a>[\/wptabcontent]<\/p>\n<p>[wptabs mode=&#8221;horizontal&#8221; type=&#8221;accordion&#8221;]<br \/>\n[wptabtitle]1\u00ba JONAP &#8211; Jornada de Administra\u00e7\u00e3o P\u00fablica[\/wptabtitle]<\/p>\n<p>[wptabcontent]<\/p>\n<p>Gest\u00e3o estrat\u00e9gica, planejamento de carreira, efici\u00eancia e inova\u00e7\u00e3o organizacional, foram alguns dos temas em ascens\u00e3o na \u00e1rea de administra\u00e7\u00e3o, mas geralmente atribu\u00eddos \u00e0 iniciativa privada. Durante a 1\u00aa Jornada Nacional de Administra\u00e7\u00e3o P\u00fablica (JONAP) promovida pelo curso de Administra\u00e7\u00e3o P\u00fablica da Universidade Estadual da Para\u00edba (UEPB), vinculado \u00e0 Pr\u00f3-Reitoria de Ensino M\u00e9dio, T\u00e9cnico e Educa\u00e7\u00e3o a Dist\u00e2ncia (PROEAD).<\/p>\n<p><strong>Clique na foto para ver o \u00e1lbum completo.<\/strong><\/p>\n<p><a href=\"https:\/\/photos.app.goo.gl\/bDafbaC3gUvzrU2L2\" target=\"_blank\" rel=\"noopener noreferrer\"><img loading=\"lazy\" decoding=\"async\" class=\"aligncenter size-medium img-responsive\" src=\"https:\/\/lh3.googleusercontent.com\/e7kdZmgwweFRTX23fcIl3s6gSWOPHlXix6QGluQ_6hWewd326ED79zShHusTE2KZRvCAdjSO6A8CY60WczYlj8fh6eLuzObRvegdpRAFuoPobnISqYdtwYKbyilNtfbK_ItErzTQFDNTHMXkd0Mkfx82f4KtAkZAggi9SK2bJ1Jrlevag-D_FNtXkOUpaeWiiC8oI6XT28nltHjFNf9jxnjVEkfVKqFbCtEgmC8uimcWAE4gLmbnTju3eC6gxCSlA03WfzvGRnmZnanjMg8KDaF6-8OY9S49NU0yNXNpVa-dDeF5oefGveTZoIc3Z_ECunlMjs7fWALC80qMxv0z_ayb0Q5uJbnZZzF2_HOsqgtniGxaMXArxZxgk5L2ATjHoXZNbB2sAor8GuvlP1sLeOdXerxKR1FXE7SBF_gFto3BynZG3ppd8kho9mpX_CsqqEbC69hiTZeUMoQ3LJNRvkYejHXfeKICdiSHHJJlE0T3NbAfKudoFcHVMljjZsKUKulGiTkkh1shuGvvwMYk1lf9CTbAPyQbRk7i8VkADg3_gP30nWQ0GIKPo5jj_HB1ayVGYBn0rqhTdmPWFm06RwZU35MjWagx5RBRMlo=w713-h401-no\" width=\"713\" height=\"401\" \/><\/a>[\/wptabcontent]<\/p>\n<p>[wptabs mode=&#8221;horizontal&#8221; type=&#8221;accordion&#8221;]<br \/>\n[wptabtitle]2\u00aa Semana Acad\u00eamica de Arquivologia[\/wptabtitle]<\/p>\n<p>[wptabcontent]<\/p>\n<p>Estudantes, professores e profissionais da Universidade Estadual da Para\u00edba, e de outras institui\u00e7\u00f5es do Estado, participaram da 2\u00aa Semana Acad\u00eamica de Arquivologia, no Campus V da Universidade Estadual da Para\u00edba. O evento comp\u00f4s as atividades comemorativas pelo m\u00eas do arquivista, e foi promovido pelo Centro Acad\u00eamico de Arquivologia da UEPB, Associa\u00e7\u00e3o dos Arquivistas da Para\u00edba (AAPB) e o componente curricular de Gest\u00e3o de Servi\u00e7os Arquiv\u00edsticos.<\/p>\n<p><strong>Clique na foto para ver o \u00e1lbum completo.<\/strong><\/p>\n<p><a href=\"https:\/\/photos.app.goo.gl\/p78NqqwmfDevUA492\" target=\"_blank\" rel=\"noopener noreferrer\"><img loading=\"lazy\" decoding=\"async\" class=\"aligncenter size-medium img-responsive\" src=\"https:\/\/lh3.googleusercontent.com\/Bo1VV9DGpx6R8_68NeOI-ZhM0u1lvl7GsZwCx7HExQme2E0t-0QdPtv_FJTmn-jIyeAOrtEMVu9epIx_F1VRoMnsOqdVA2X4RNiugNUhCvHFxXyq6yJ69FaJP8Dxea899-facnDq3SO4vd2XNGshz73s6WcYXyL0ZhIiQcG0lghkXWJ2LQdmPwC775OeTycAD36-s7FVDnh8XnZFAy5qmHbMfBpytO-qoTTVR7Xii3KA5_HKOJ4q1a3C7ZYhzbMfgaIcbzzCTy5XpHJDBc--TgsiLUsgvUM2VRWnGRX-nk1hWl_YdwLZ9NIybEOsVRw-jMqzqYecNSD78m5I1JPkF0GDhMIlJJT0TrWWFbNTy9pAyHqguZmRYeY7PLrADOvUdZ8d6B0uwM54xmYspP0L_F8oVWrHy3-iXPfRCt3vM73AjSqL95R_-zEvriqCam-G9EEyDVj7u_XtwBorvhpDbKf3ONKqbHGxIJrKrV0NMwSzDcSwPQYlSUcmNulw6rYcnqeeZXCBSBra61kljKU-2dDIO1Dt_37oY0J8ZQC72cdOVj3pVCw64C5ixt6Wi1VvneJUzVh3A-Q361OBc9qK6Mu7Mly0IYOnmVlY51Q=w713-h401-no\" width=\"713\" height=\"401\" \/><\/a>[\/wptabcontent]<\/p>\n<p>[wptabs mode=&#8221;horizontal&#8221; type=&#8221;accordion&#8221;]<br \/>\n[wptabtitle]3\u00aa Semana Acad\u00eamica de Arquivologia[\/wptabtitle]<\/p>\n<p>[wptabcontent]<\/p>\n<p>\u201cPreserva\u00e7\u00e3o da mem\u00f3ria e difus\u00e3o cultural nos Arquivos\u201d, foi o tema discutido na 3\u00aa Semana Acad\u00eamica de Arquivologia da Universidade Estadual da Para\u00edba realizada no Campus V da UEPB que marcou a abertura do semestre letivo 2016.2 e a recep\u00e7\u00e3o aos novatos do curso de Arquivologia. A abertura do evento reuniu os ex-presos pol\u00edticos, Jos\u00e9 Emilson e Jos\u00e9 Calistrato, e a pesquisadora da UEPB, Nereida Martins, para uma discuss\u00e3o sobre \u201cMem\u00f3rias reveladas da ditadura militar\u201d. Durante a mesa redonda, Jos\u00e9 Emilson e Jos\u00e9 Calistrato, relembraram algumas experi\u00eancias do per\u00edodo em que ambos faziam parte de movimentos sociais, pol\u00edticos e sindicais contr\u00e1rios \u00e0 ditadura militar.<\/p>\n<p><strong>Clique na foto para ver o \u00e1lbum completo.<\/strong><\/p>\n<p><a href=\"https:\/\/photos.app.goo.gl\/udGddtc0LwC1VYGu2\" target=\"_blank\" rel=\"noopener noreferrer\"><img loading=\"lazy\" decoding=\"async\" class=\"aligncenter size-medium img-responsive\" src=\"https:\/\/lh3.googleusercontent.com\/sbb5WhPGyS-1NRc1FavST7BuwP0f-v8duZxVDY40GcOaQW9CO97J2NBUSHw3PADhNzt4GGaOjyJHGS1thPsNQj_lF65UP2v87yvaWFNcDeSotruyO3fcxovpgNWDniLMkAsNF2sdNWypVT62zJVsdaLqqhqxgGbHugySSECgg-zsSHvDSgAfuBXuHY43-D8-veRu11tnRgefSehScQSNuAyos6PX3Au8Z34_pRCQTUo-RtYCAvNOibAj3k3FD4FORsdlm6OczcNHUNsHcEbU16rEFR8ekbUJZt17qWCKjvRuAPKUmkt2MLJCD2L4DaO_43GtnoeJuRASgnk5maj3B4eu0LbtFaKhZcV9MerNSgOtLnDzhg2VKcP1wkV5Y8vQbdmTQRpk6vc4eVppZ-xg6jceRHXawxKtBdrZhMNXEVxBcCpIam6VCcr0JNE8eoP6L8slXSqnSng1-eUI_lTNTI2tl1bOZFaOgaFJEq5CzcX66vTwTS2SgeDzx6fDDk7p2zmsa86yNapsCJuiMjABYyPiZmIOe-8Z78agT-HmjFoZWM8ekQHHj2JSAIZeJ1zt7aVjO6au9Lz8XNJy6Hi38SzeDmR7AcqaOUaPvkI=w713-h401-no\" width=\"713\" height=\"401\" \/><\/a>[\/wptabcontent]<\/p>\n<p>[wptabs mode=&#8221;horizontal&#8221; type=&#8221;accordion&#8221;]<br \/>\n[wptabtitle]3\u00ba DEMOPRAXIS[\/wptabtitle]<\/p>\n<p>[wptabcontent]<\/p>\n<p>\u201cExiste pol\u00edtica depois das elei\u00e7\u00f5es?\u201d, foi o questionamento que marcou as apresenta\u00e7\u00f5es dos stands que compuseram a 3\u00aa edi\u00e7\u00e3o da DEMOPR\u00c1XIS, uma mostra promovida nas instala\u00e7\u00f5es do Centro de Ci\u00eancias Biol\u00f3gicas e Sociais Aplicadas da Universidade Estadual da Para\u00edba, em Jo\u00e3o Pessoa, pela turma de 1\u00ba per\u00edodo do componente curricular \u201cInforma\u00e7\u00e3o e Sociedade\u201d do Bacharelado em Arquivologia da UEPB e projeto de extens\u00e3o \u201cMem\u00f3ria, sociedade e cidadania (MUDDE): reflex\u00e3o para al\u00e9m dos muros acad\u00eamicos\u201d, como parte das atividades da 2\u00aa Semana Acad\u00eamica de Arquivologia.<\/p>\n<p><strong>Clique na foto para ver o \u00e1lbum completo.<\/strong><\/p>\n<p><a href=\"https:\/\/photos.app.goo.gl\/SpTP9iWLVyGaXR3D2\" target=\"_blank\" rel=\"noopener noreferrer\"><img loading=\"lazy\" decoding=\"async\" class=\"aligncenter size-medium img-responsive\" src=\"https:\/\/lh3.googleusercontent.com\/_SelAzZikWpyXVgTUnOI3Y1iVhJUrcy4VUd5FgtcXFagCqfG7fpGsI69iht9RihehyNBxy1M130CKL8iRkHCnWZlUEdWNVVUtSVrC-Jx470-rM-0tyYcMcIGvvm1l2AJFgkKNrTC5r7ORldDDMImqD2f-wN2atkMX13n7dIDkuF5JWWlYDyz_vaDsPLS892kpA7hzmPrQbnYitdPlgbT8IdmfAzTmr5IeWd5GY6hURn5ar3BxseyuPww_APAt8p1eoOnTBV2v4seKiVNhVdAOhcEcI3UkaFWWdb_OicDWCSDNQpCZYXuwa00C5bNi3eqBR12evXe4bVI-ybix8j2WEe5uIl1fkWQ_qqaYKgCwlUJ4C64dPZcAyscD9jA9iD2HAzxDHAuT27N1QnuKxgcWob_ulz_7THnuA7KL7nH9aZXr8hEP6qew2hNCP5FVm1036z5_GbMA6Btv_SBLh3t_ssuK5EaafjcggIO3cYXXc-1cn2xL2H4Ko31XdciB_W26XpkSleDCeetZd4qy7C7juBKnrGsNQRAjxQGFOZfCYcZuTQQFjY-vPm6oqMK2YvxQmFEj557vLUDYFLV_1LZURuHHuDn7ZwUfaIkWTQ=w713-h401-no\" width=\"713\" height=\"401\" \/><\/a>[\/wptabcontent]<\/p>\n<p>[wptabs mode=&#8221;horizontal&#8221; type=&#8221;accordion&#8221;]<br \/>\n[wptabtitle]7\u00ba SESA &#8211; Semin\u00e1rio de Saberes Arquiv\u00edsticos[\/wptabtitle]<\/p>\n<p>[wptabcontent]<\/p>\n<p>Com o objetivo de compreender a Arquivologia diante das inova\u00e7\u00f5es cient\u00edficas, demandas e entornos sociais, o Projeto SESA, vinculado ao curso de Arquivologia da Universidade Estadual da Para\u00edba (UEPB), promoveu no C\u00e2mpus V, em Jo\u00e3o Pessoa, o 7\u00ba Semin\u00e1rio de Saberes Arquiv\u00edsticos e o 1\u00ba Simp\u00f3sio do Grupo de Pesquisa Arquivologia e Sociedade.<\/p>\n<p><strong>Clique na foto para ver o \u00e1lbum completo.<\/strong><\/p>\n<p><a href=\"https:\/\/photos.app.goo.gl\/E2hlazTTSbWICiI63\" target=\"_blank\" rel=\"noopener noreferrer\"><img loading=\"lazy\" decoding=\"async\" class=\"aligncenter size-medium img-responsive\" src=\"https:\/\/lh3.googleusercontent.com\/4rcmqO5snB5YvTt0Os3b9AfvWpKG048SzCBkdqQlqMZZtfdHHeD1Z6O5mJf6YNOy5eKw8nwxo4h7xtXob7NJa0KWN4OukM2C8puuF1SiHeyBu4QtdqDn5lz-AUppynr-EaCatnB8YUL0Vx5O0S-x89Q4zqFAwsdeWlcU1ZuLNNrSMa4f4GtXmiKNltF8g-M47LdA3f-W1hon_xV8meELTZYulOG2OAMRd-bKhtDmXRODFnGnzBhPRk690GVOTFkXvANF083w8u5Tc-JppbRG1nRR_zR04RNnjmp-2pQx2GfjH9ZZ3KhakoVpr63ZvN8xrM20yUbMmgY_1EWJUFnNN44SZD3o5mHiL32pRNChB0aiDZQKA9xGnCOb0-2qFBnTTi8-iZp_esOa9Psgq24cmWzOzSf2v4QprvVg58RPkwSjPIckD894O-MfcsueNQkfoqXIWCvZqrT_6DxLjGSxV8OrUnjFpzmqoUpk1zVPitoLOp_VVu4aLf83tdkIje3eEbFNJCP214aVUXUXJhH05KNLKE8RtrXsMWmqTJo333ibYakkqgQ82xzWzRHYg2M_ed7rjGSDA00rSiRksEyfFrxH1kCjfjmX9k1A0PU=w713-h401-no\" width=\"713\" height=\"401\" \/><\/a>[\/wptabcontent]<\/p>\n<p>[wptabs mode=&#8221;horizontal&#8221; type=&#8221;accordion&#8221;]<br \/>\n[wptabtitle]Abertura do semestre 2016.2 &#8211; Curso de Rela\u00e7\u00f5es Internacionais[\/wptabtitle]<\/p>\n<p>[wptabcontent]<\/p>\n<p>Com uma exposi\u00e7\u00e3o de projetos de pesquisa e extens\u00e3o e uma discuss\u00e3o sobre pol\u00edtica nacional e internacional foi realizado, no Campus V da Universidade Estadual da Para\u00edba, o evento foi promovido pelo Centro Acad\u00eamico com o intuito de recepcionar os feras da gradua\u00e7\u00e3o em Rela\u00e7\u00f5es Internacionais do per\u00edodo letivo 2016.2.<\/p>\n<p><strong>Clique na foto para ver o \u00e1lbum completo.<\/strong><\/p>\n<p><a href=\"https:\/\/photos.app.goo.gl\/XtaTAPOIuOpnLoZW2\" target=\"_blank\" rel=\"noopener noreferrer\"><img loading=\"lazy\" decoding=\"async\" class=\"aligncenter size-medium img-responsive\" src=\"https:\/\/lh3.googleusercontent.com\/vJnKJi2Z1U8h44WJBhfqGgMpXmhtrrWNl7uO62jcuM-EEFvAkcleKxy0nCnRbCHWvz2_MDUbvXrHxIlKccotcL5eiW2gi4HXXWhHkKkbGKndhB3oW5XRu_UOMf6dGvLu2rFmoGPXrDSAecdKutc-9umIKbkgX1Dc6SlLI-5L8qJc5YdMbKzwCgDmYeiAThhxjwzFMxSWtxgWPS-556MEv-nRMFkrRLdQXpcWpW2aTLrADpT19ZeOjaaOzhVU_9oAe6TVFXd9OnO6NKXQCrfSqJC8YHs5HDmEcXUZiHbrryqfnY8OaO0uYLteP77xDEAgp7ZUTCTgiiec_Nf702cZhojgt4ipz0wHNYJQP8nQvp_db41h-VYwz9PLVqtujYCGMKXzNnOTDLS3XFWinWydfYChS85f32ip4dKPJ_5fzYX8jtR-RFR4ZIzo_IQ41JC8U3FiQw_4hGZ0YbixNrXw_cXqdGJEYshereOtHakARw2tqFySuLMlTv7Xr1UvlT9EI-eXSP1rlGfu8eYnasC5K9MbYrAjgVVCCKPCcio4YwbYeLOlXnpBFf3YoCUwRjInpzpQ9twTWgLQErqrRtFpLkvNNbGD14bXnjT6idQ=w713-h401-no\" width=\"713\" height=\"401\" \/><\/a>[\/wptabcontent]<\/p>\n<p>[wptabs mode=&#8221;horizontal&#8221; type=&#8221;accordion&#8221;]<br \/>\n[wptabtitle]Cola\u00e7\u00e3o de Grau 2015.2[\/wptabtitle]<\/p>\n<p>[wptabcontent]<\/p>\n<p>Alegria, coragem, determina\u00e7\u00e3o, responsabilidade, foram algumas das palavras que marcaram os discursos e o clima entre os formandos do Campus V da Universidade Estadual da Para\u00edba (UEPB), que participaram da cerim\u00f4nia de Cola\u00e7\u00e3o de Grau do per\u00edodo letivo 2015.2, realizada na manh\u00e3 desta ter\u00e7a-feira (07), no audit\u00f3rio da Reitoria da universidade Federal da Para\u00edba, Campus I. A solenidade colocou \u00e0 disposi\u00e7\u00e3o do mercado de trabalho 78 novos profissionais de Arquivologia, Ci\u00eancias Biol\u00f3gicas, Rela\u00e7\u00f5es Internacionais e Administra\u00e7\u00e3o P\u00fablica.<\/p>\n<p><strong>Clique na foto para ver o \u00e1lbum completo.<\/strong><\/p>\n<p><a href=\"https:\/\/photos.app.goo.gl\/eDUVkBqUj0XBZNt13\" target=\"_blank\" rel=\"noopener noreferrer\"><img loading=\"lazy\" decoding=\"async\" class=\"aligncenter size-medium img-responsive\" src=\"https:\/\/lh3.googleusercontent.com\/_IosApUXxUp9zHGjWEzgJ9cEQSnjJ3KhzhjG3Zal81ES3sYx_vKAnIEIRO1gzjuMqcC9oKemFzw0yWuIfR-1WAQgOaTzwOR4l1Atg_fyCQh42eatGFJcpZG1ykC4bkI0343IFaVNYeso5D-6Sp-Uotei5dWJd1eWpTGHZVj-0v-91dUgzXYt5n6rfzcfuChjqTb-uDADM89J0QkyCLCtvxbjoBJOHpvD8Hniyg5QxP25IV1QQ7tQHVS1z6EEBb27OtY2gIsBznl2BwygaGbupWdHyplDIMdimr4ISiPBueMzbJ64hLwRY_W2_8sPBxMLNnDX68jmtpLt5vS7UOwJ7cy5x5GV064c5zr6iiqKpgHiugi1QvQm8U7_jWsXGbYF6hzL2sny7-vbNYzQjyFW_M-QZWGIrkJ6LA3WWHabJjqIjB12cTW9XjKFXd837A68f_i-Xhs96yLWYLJR2hCR0a0EIK6NcGkpWOd0GMnDPuUvugKdpdmytCooK3JY_Td7rWhSPUt56ATcBDEfGwY_A-NNaEPAESKZvNLxqwIUX3lAKN3Wu6RgJbKhCAN6gd2o-CBjGHlCtp1EtzYUr_7gESGdEDWDMGsDracuA_GjDRWA7MKLv3ZQlT6BGQuVUzVCl4vD9mAr-eYs4m_HAvxviIOmZIWs7mD8=w657-h369-no\" width=\"951\" height=\"637\" \/><\/a>[\/wptabcontent]<\/p>\n<p>[wptabs mode=&#8221;horizontal&#8221; type=&#8221;accordion&#8221;]<br \/>\n[wptabtitle]Comemora\u00e7\u00e3o do Dia do Servidor[\/wptabtitle]<\/p>\n<p>[wptabcontent]<\/p>\n<p>Um Caf\u00e9 da manh\u00e3 foi realizado em comemora\u00e7\u00e3o ao dia do servidor p\u00fablico. Participaram servidores t\u00e9cnicos administrativos, professores e pessoal do apoio. Al\u00e9m do caf\u00e9, houve brincadeiras interativas entre os servidores. Data importante para Universidade Estadual da Para\u00edba, em especial para o campus V que comemorou com muita alegria o \u201cdia do servidor P\u00fablico\u2019\u2019.<\/p>\n<p><strong>Clique na foto para ver o \u00e1lbum completo.<\/strong><\/p>\n<p><a href=\"https:\/\/photos.app.goo.gl\/KHzE8cMkWgt7Tlf83\" target=\"_blank\" rel=\"noopener noreferrer\"><img loading=\"lazy\" decoding=\"async\" class=\"aligncenter size-medium img-responsive\" src=\"https:\/\/lh3.googleusercontent.com\/dYcNuyKfdsQ8sUWljQheVtLyn86lcLqw-FqByAO5c5DXmvGdBnzZUSqhXwmezK9oLCplew5yTOhreV6Vx3Dr1tYGk7QsgDo7Y0nBoyUbvVpcSPGi68liW0gCxOcZoYOt3t0ElO5LokQEAfquikF3FH_-QXxdGb1rKT6U1irdWfMEJjvi55VGVRLWTTX4-HvPbLhpPEymRDmmlUvei8JJVRmrE-xfdx3zSjEM90uDd01IXzFNpNovSkGUU50zTMeYvASiHve05Q4r2WjiYU4jn5wx2BZomilYFWMOIceGIB44w_CHq1xF_knzARLztFldnE5JMv40H6WjCe7cXiHplsoSI94IERM5Mg4I7Iq7S7ILzz0EYCuwwq43Tb4jkxYw9vX7YdeWjcibTeGRyhky_vx4OK16Sz4e7D9dSOtC-zvz7pUnEtLPEKr3gjtGK0dnJHNrpkwnuASWuYCAs-nESzq7vkJXrrj7F3XZvKMTQR4acB-BVpFhki4actKQTgQpQu5AqSNIxAG6Rffyjovj0OZuNIleyr4pQvgg098hmeO1bIIB5PYQWpnPBFeV4VxUs5YiLldOx3CjP_eUUDhjI-_rkHKrIPJWKgoqF90=w713-h401-no\" width=\"713\" height=\"401\" \/><\/a>[\/wptabcontent]<\/p>\n<p>[wptabs mode=&#8221;horizontal&#8221; type=&#8221;accordion&#8221;]<br \/>\n[wptabtitle]Curso de Palha\u00e7o (Projetos MUDDE e PUA)[\/wptabtitle]<\/p>\n<p>[wptabcontent]<\/p>\n<p>O curso de palha\u00e7o promovido pelos projetos de extens\u00e3o \u201cMem\u00f3ria, sociedade e cidadania (MUDDE): reflex\u00e3o para al\u00e9m dos muros acad\u00eamicos\u201d, vinculado ao curso de Arquivologia, e o \u201cProjeto Universidade em A\u00e7\u00e3o (PUA)\u201d, do curso de Rela\u00e7\u00f5es Internacionais da Universidade Estadual da Para\u00edba (UEPB). A forma\u00e7\u00e3o tem o objetivo de mostrar o palha\u00e7o como ator social, como \u00e9 poss\u00edvel levar mensagens al\u00edvio pra pessoas ou tratar a viol\u00eancia por meio do l\u00fadico. Uma iniciativa conta com a participa\u00e7\u00e3o de estudantes do ensino m\u00e9dio da Escola Estadual Jos\u00e9 Lins do R\u00eago. O curso foi liderado pelo coordenador do PUA e professor de Rela\u00e7\u00f5es Internacionais Paulo Kuhlmann (Mancada Obom), que trabalhou a linguagem da n\u00e3o viol\u00eancia por meio de atividades de Clown.<\/p>\n<p><strong>Clique na foto para ver o \u00e1lbum completo.<\/strong><\/p>\n<p><a href=\"https:\/\/photos.app.goo.gl\/xbeCeJ5GPfajqHWu2\" target=\"_blank\" rel=\"noopener noreferrer\"><img loading=\"lazy\" decoding=\"async\" class=\"aligncenter size-medium img-responsive\" src=\"https:\/\/lh3.googleusercontent.com\/hLHwD4SEzG28ATf-7C7fC9NvD7SpiG_OhVNwjujMHViSTp-n885NbYgbXIIp0L3ICRlKUBZn4LrsZKRAhTs2LG9prwRxz4s_64dM67Q-HUwYsRtMjZJhzYJx4nZientMmrCX9jArELvzH3_IsnfyTIqcHBbuxuzrxHo7oA5EZ3zQf40O0z1peVOw4dVS6KKBF69FvkYWcW24qx9JdHmAvpu66CUqkmrJtscwowKQq9BIwYDPL6PjtQVQrCksSoPHzvuCzD25fZig8Ztmy8T26EiMC8L5-oU38nWyrKnZEDTD0fYoY184hU2Go2b4QjX5v4Kso67SebC52gCMO55S7k7cvKHOMvLRWwCzT8j2oQh0xfnI2ReQcQYRH8UTuav0DHEAplVePwKLUMTJE7ee97jARyy4d_P808POpprLzNfxNJrAkHjpYMR5rifzvox_EBmOt_qIZfSkR58OKpicCYSZ40I8yWjdPoPDCreBSxdcNk0spszd4WaSHtw5E-iR0lHilj8nkXotY9lQBPrGhxD9K9iONAjuZL91twwL1qz8QRA9QV79JmmKkAkEugjfpUnQlNdythY0wdAleSMVAK5YaLbAwcmH3PymHeE=w713-h401-no\" width=\"713\" height=\"401\" \/><\/a>[\/wptabcontent]<\/p>\n<p>[wptabs mode=&#8221;horizontal&#8221; type=&#8221;accordion&#8221;]<br \/>\n[wptabtitle]Elei\u00e7\u00f5es do Campus V &#8211; 2016[\/wptabtitle]<\/p>\n<p>[wptabcontent]<\/p>\n<p>Foram eleitos para a dire\u00e7\u00e3o do CCBSA os professores Jacqueline Echeverria Barrancos e \u00canio Wocyli Dantas. Para os cargos de coordenador e coordenador adjunto, a apura\u00e7\u00e3o apontou o seguinte resultado: Esmeralda Porf\u00edrio Sales e Henrique Fran\u00e7a para o Curso de Arquivologia, Cleber Salimon e Vancarder Brito para o Curso de Ci\u00eancias Biol\u00f3gicas, Filipe Reis e Julio Cabrera Medina no Curso de Rela\u00e7\u00f5es Internacionais. Tamb\u00e9m foram eleitas as novas representantes do CCBSA no Consepe, Daniela Pontes e Cristina Pacheco.<\/p>\n<p><strong>Clique na foto para ver o \u00e1lbum completo.<\/strong><\/p>\n<p><a href=\"https:\/\/photos.app.goo.gl\/Pb4n6a8sjK6kHyCE2\" target=\"_blank\" rel=\"noopener noreferrer\"><img loading=\"lazy\" decoding=\"async\" class=\"aligncenter size-medium img-responsive\" src=\"https:\/\/lh3.googleusercontent.com\/mYSmAhcIOseC4t8QoRV7Cn_X5DEn18bABtjh5ixBMkqj30bmWy76PtHzW4A_CDgz3AEd66r1WVrToSNn7AtCv6Jx5lRH3sC5ntcXVmezzY9_frh2UpnWG-i5m6thi3OSMiqbGUwvVspsdKGRmQVE7HD0ZWlDrqUgEoonuQ2Zu3Y1S1RXtrYKulmYnQ7hNkbk8eEfgLP0mDFdHXpn-cRnmMmoYCF-rj_LYauPKJhcx5dQDh3j_Oowkd2QUzCsbE4u-L-tuyZ66-0WyHj1_YdiAqnLsnsRBSi5FjnCniifYDWFqxVAXtY7Og7yDhAt7CY1mvudwltplV1hWsyIOAcb3GublZs2bvp9GxCpGyHb2W9a3W0IcDfG5rYUyQmqznLb1_Nr239yX8RMKRV46umMok7_OlcnEKLIZgVj0Zf7q_-IBLZ-v-CfgDSzcNJvtungJrUZhUu-SoEwK-t99pje0JVbv-1vGE0-6iCcAq_Iy4GLWSt4-SMJyIDxQE0XQXvVMXwL9rgNUCkK2wW-Kw4GEnqHKHgTTB8cpamt7dldQ-Qnkf0OcmcC9fU-_6l7kMu993_FXUx5jqJ1mVnw5CHZ_9UYczc7SgUIgrb9jrM=w713-h401-no\" width=\"713\" height=\"401\" \/><\/a>[\/wptabcontent]<\/p>\n<p>[wptabs mode=&#8221;horizontal&#8221; type=&#8221;accordion&#8221;]<br \/>\n[wptabtitle]Evento Timor-Leste[\/wptabtitle]<\/p>\n<p>[wptabcontent]<\/p>\n<p><strong>Clique na foto para ver o \u00e1lbum completo.<\/strong><\/p>\n<p><a href=\"https:\/\/photos.app.goo.gl\/KRPpvsucnGhg9Fh72\" target=\"_blank\" rel=\"noopener noreferrer\"><img loading=\"lazy\" decoding=\"async\" class=\"aligncenter size-medium img-responsive\" src=\"https:\/\/lh3.googleusercontent.com\/_zDGb9Y0GJM8aTcZaO6dCSzybMnBiJ5TWndb3BeCOv12nlfb6KMTKVLXy29ZDqucHcqVPgmbbOiic89dgt7WFkNAeu2UfNUnnlfUhxZcmbuVY-qk96ynOtdhAz5yzFu-qAPkWT8s-GT8MFQGVYPW5ea4wjbv_zv38AjdcRWp_LmDotXjUym4X6B3V3f6nYRGjStqDkPhK8OiqazW0vKXraOPBxgQt6qad15Y9NFILtNMU3-8UGNrDXYyMBPE-LjELztjYdmrc3sdRARh6mPJRdmv_Qxj0yPCChMSfg_rOMp7bmBwyuQSqEPs-_oCugaqQYUZTUxE-B5Vm1EmM311L5XdP1VldeCiwuyEi3oL821z-qDGTzqPpWV-dZ3xwP5_YtRpgOUCvx4GbJ3vCkWW5JkmC0ww03M5z01DIY5xtPefjIcABOC2IIRFGdNG7g76T_SDHDZsDWcl1cAwsME0pXfbfm5XlLlaZGFX_nbrZuHpVsNXQzFHAFEipidjDcfCfKOCl5rUOQx1xzIZFcJ8Rsoy6Ygy2uVrqYUzi7SzMRI_pKbmFvjkdvBTnSCaqdxZA_5dVyO8Qdao7cAGvLcJ2cSBfsf1USMr7m2Ew_8=w713-h401-no\" width=\"713\" height=\"401\" \/><\/a>[\/wptabcontent]<\/p>\n<p>[wptabs mode=&#8221;horizontal&#8221; type=&#8221;accordion&#8221;]<br \/>\n[wptabtitle]Exposi\u00e7\u00e3o Fotogr\u00e1fica &#8211; 10 anos do Campus[\/wptabtitle]<\/p>\n<p>[wptabcontent]<\/p>\n<p>A biblioteca do Centro de Ci\u00eancias Biol\u00f3gicas e Sociais Aplicadas da Universidade Estadual da Para\u00edba (UEPB) realizou a mostra fotogr\u00e1fica \u201cUEPB Campus V: uma d\u00e9cada de conhecimento e luta\u201d, com os registros dos 10 anos de funcionamento do CCBSA.<\/p>\n<p><strong>Clique na foto para ver o \u00e1lbum completo.<\/strong><\/p>\n<p><a href=\"https:\/\/photos.app.goo.gl\/OcYiYO4HVA6kpbLB2\" target=\"_blank\" rel=\"noopener noreferrer\"><img loading=\"lazy\" decoding=\"async\" class=\"aligncenter size-medium img-responsive\" src=\"https:\/\/lh3.googleusercontent.com\/tVtZglqlRHZh89FwpAkjxaytPtz_7ooVeqrJHDkXynvA9hf4pwBpwPSFJM56cSYe4AhRIQ32ia02OCR6Ibqam99jmUdAUybZ2hz9jRx6W10eiXIleP8ISITwwdYABXc-Yw0rl8DoAkgoJhFpr4NCwNVIuEPIDnEDr2eKoQXaI8rv1wPY09pkkWw2povbYKpWV687-RkD3lMA0Vuk1z3vmUFtUeTQ-0Xzvk3h_jz8etI9ZskrTliBgRH0zl5VbENYPAmHXsivZoi1SxAdbmPZOJJIUgyqdMswqSLDtkqjlzuCcYp1FQQXnvSa7GOmN72BNuAwqB9shJd78NEjgO92A6QBnBml4r1jNSj39PbN-86kUZ1pJwKbRFZEuHy6jQDvSaiZnCxlfdLsMU77tXQqEvd0f46cRBeMNckyC_QqWWUeMh2JKYD9SotAYVJyKoWPaiLkNeSO80iSos-_MQKaOnuGXSwNH_4sbIKKTa-UO1Yl5mKg1NqLwkNeopIw6cf5jurGCjYBPkMUxK-d_F6QycUV4u4hA2pZ6qq2rlo6g_v6L3LvetQR_JX0osgTFXhBgGQ-68kywMLtVFlNurX8p-FGSj_H2yktTVzYhhg=w713-h401-no\" width=\"713\" height=\"401\" \/><\/a>[\/wptabcontent]<\/p>\n<p>[wptabs mode=&#8221;horizontal&#8221; type=&#8221;accordion&#8221;]<br \/>\n[wptabtitle]Inaugura\u00e7\u00e3o do Laborat\u00f3rio de Conserva\u00e7\u00e3o, Restaura\u00e7\u00e3o e Encaderna\u00e7\u00e3o (LACRE)[\/wptabtitle]<\/p>\n<p>[wptabcontent]<\/p>\n<p>Restaura\u00e7\u00e3o de obras raras, conserva\u00e7\u00e3o de documentos, preserva\u00e7\u00e3o da mem\u00f3ria que est\u00e1 registrada em papel, s\u00e3o alguns dos servi\u00e7os j\u00e1 desenvolvidos pelo Bacharelado em Arquivologia da Universidade Estadual da Para\u00edba (UEPB), que adquirem maior viabilidade para a realiza\u00e7\u00e3o com a inaugura\u00e7\u00e3o do Laborat\u00f3rio de Conserva\u00e7\u00e3o, Restaura\u00e7\u00e3o e Encaderna\u00e7\u00e3o (LACRE). O coordenador do LACRE professor Eutr\u00f3pio Bezerra, destaca que al\u00e9m de equipamentos de qualidade o laborat\u00f3rio contar\u00e1 com profissionais qualificados auxiliando os usu\u00e1rios durante as atividades desempenhadas no local. \u201cCertamente estamos diante de um dos melhores laborat\u00f3rios de conserva\u00e7\u00e3o do Nordeste, com equipamentos e profissionais que nos habilitam a trabalhar com restaura\u00e7\u00e3o e conserva\u00e7\u00e3o em acervos bibliogr\u00e1ficos com a seguran\u00e7a e qualidade necess\u00e1rias \u00e0 boa pr\u00e1tica acad\u00eamica e profissional.\u201d<\/p>\n<p><strong>Clique na foto para ver o \u00e1lbum completo.<\/strong><\/p>\n<p><a href=\"https:\/\/photos.app.goo.gl\/MEeh5CF6XCfTxrsL2\" target=\"_blank\" rel=\"noopener noreferrer\"><img loading=\"lazy\" decoding=\"async\" class=\"aligncenter size-medium img-responsive\" src=\"https:\/\/lh3.googleusercontent.com\/qS1C_SHVljyPKkCG-sNJnzLhvi_Je0TenEQh_-2QUwWXrUo1Tz5UDeyaewl_YLSyGXzDrPPIVdtbXI013B-wIZwPGtNm_02WNLHWkDVSdonyW8GahS5fKk7SlX1gIHIw8A0tOXEmWaFmeteSBA4RPtBjhPPKHfqV0CqfBjx1D93Fjg135hMMIF8RVo16-n9zKnnUEf3ArHsfwvwrObmdf7SRttosKmV87c2LLD2dj5mHdMJJBw23F6kgI_uHSlg6IlP4RAhvc1FTUwcQORPcPpuLjRB0fTBN4Lf72fh7O_7oM--HpWChFF2C8Vsw0Fqk6tQq0RgRpG4GeM6L1LosJ652RIyeB7TBkNZUX3xNbrU1H6I0mGYNsqcScSzRyzumgw29QhsL8wTWRy-fwn14pq2GwZ0DQNvrie8gQfv-7kX1rqZ058jjvb-evEobgSb3gjIz-5A51SWFGqz__B_plKnlLNJIE-EgrmvftHNXxL0jhszdH7P_2qwR42LmToIaf89qeQscHFjfp8TcE2DoqkoRm5wUao50-oHACC3_EufWtLIhW5W-VliN_hmCaevKGWmbArLKi0OfmXRAolhP2Dz9UUdrpe07bs4ctppKohmZKyrN-E1ANsK8AzEGVgPte1Ts82JzgNWZ4Fi5xG_UuCNtdO_AUpU6=w1134-h637-no\" width=\"713\" height=\"401\" \/><\/a>[\/wptabcontent]<\/p>\n<p>[wptabs mode=&#8221;horizontal&#8221; type=&#8221;accordion&#8221;]<br \/>\n[wptabtitle]Palestra do Prof. Jos\u00e9 Maria Jardim[\/wptabtitle]<\/p>\n<p>[wptabcontent]<\/p>\n<p>O palestrante Prof. Jos\u00e9 Maria Jardim \u00e9 docente do Departamento de Estudos e Processos Arquiv\u00edsticos da Universidade Federal do Estado do Rio de Janeiro e do Mestrado Profissional em Gest\u00e3o de Documentos e Arquivos (UNIRIO). Desenvolvendo a pesquisa intitulada \u201cGovernan\u00e7a Arquiv\u00edstica Contempor\u00e2nea: trajetos e (re)configura\u00e7\u00f5es das pol\u00edticas e sistemas p\u00fablicos de Arquivos no Brasil sob novos cen\u00e1rios sociais e informacionais. A palestra foi voltada aos discentes do curso de Arquivologia.<\/p>\n<p><strong>Clique na foto para ver o \u00e1lbum completo.<\/strong><\/p>\n<p><a href=\"https:\/\/photos.app.goo.gl\/IRKVUEbI54ZdlMNr1\" target=\"_blank\" rel=\"noopener noreferrer\"><img loading=\"lazy\" decoding=\"async\" class=\"aligncenter size-medium img-responsive\" src=\"https:\/\/lh3.googleusercontent.com\/RIQwXdXaIc97KM1myyApVtUIjrsSEAL9kSuxmDOplH--cQ5kPGHBUN7LJBmLw70fQz_B3VqS_K0DeLeGxtoKC1USnfdGXeS8BYFj9BvxTwqEHotzuCQFhkSQc8Oy5hkHrflqn01-J4DR9KWDn74Ddq361APbGKKTNgUY3f0V38a6w8DdJ3pd4ggu78BuwJ4fDnj6lvvyBThuEARsH0rfgxnUeSeKS7KLIrA1kQIw063yCHthKk5BIMJLOGme7mpHhafFCGcRQVL0zotqQOJcZAqMA2QXhNmtnTtYn6odRlyyn8FzQkrq0yvgT24vXkZwk58ytQQugSS0zBFdc8Ry-RTck9Etw4dB13AF4nkZTBTO79SSMsV0NahFZQGfUYA1-tnR35nID1DWi-LHCfBt56YGDjIIv32b222G0qwSNuN9K57nHBFJClRsc6CwF7vv8tgV6_ryvbRKJWVY7F-qg1tmM8Q4YOPST2bK3qKUpCDPs_5-7UrjruHU1JxEzkDY58e4ws_WVXf5cz5o3x4ExAr33VSxap1V3M3ncXc79jWBZf7VaTF-9h7aszQEcu4dKsC7upU7yp2pLbix7jQigP1P5jhCQenbEcvX2E0=w713-h401-no\" width=\"713\" height=\"401\" \/><\/a>[\/wptabcontent]<\/p>\n<p>[wptabs mode=&#8221;horizontal&#8221; type=&#8221;accordion&#8221;]<br \/>\n[wptabtitle]Posse dos Diretores e Coordenadores do CCBSA (Per\u00edodo 2016-2018)[\/wptabtitle]<\/p>\n<p>[wptabcontent]<\/p>\n<p>A solenidade foi presidida pelo reitor Rangel Junior, onde foram empossados no Audit\u00f3rio Pioneiros, os novos diretores e coordenadores dos cursos que comp\u00f5em o Centro de Ci\u00eancias Biol\u00f3gicas e Sociais Aplicadas (CCBSA) da Universidade Estadual da Para\u00edba (UEPB), no Campus V, em Jo\u00e3o Pessoa. A professora Jacqueline Echeverr\u00eda Barrancos foi eleita diretora do Centro e tomou posse para um novo mandato de dois anos, tendo como diretor adjunto o professor \u00canio Wocyli Dantas.<\/p>\n<p><strong>Clique na foto para ver o \u00e1lbum completo.<\/strong><\/p>\n<p><a href=\"https:\/\/photos.app.goo.gl\/fPuHTJV1e6DON8Q03\" target=\"_blank\" rel=\"noopener noreferrer\"><img loading=\"lazy\" decoding=\"async\" class=\"aligncenter size-medium img-responsive\" src=\"https:\/\/lh3.googleusercontent.com\/EDQS4lPbVkvb6jBAKEmOBjw0o75QLMlOXLXenAp1CDuVkmBCTWkIYx5Eif7W53Mp2FH2--oKos5DJfGpuLtZ0IbH8IrNxFs0D1rsAMx-XdnkZ75dMVg8dGYzUX6i1p84WKM2Ub4swdSkhivr-QG5NuxCHT4llQtySO3fr9SL3iMi0TCVSpVinTnXRcVoWGSsWgrldk6qpS68aJpKmZ4xUd_h7hjMjjwWy-MiCXog3QkRxSO9q5gSvbPSXEehNzh9BGwaVM5qd9GlIMANHIGrL5149qaaUZKuxCdgKo-k_omi0MkCDO3YFbwQjXYvyfaczVvV1vg__GgYYCtGyTP4Rkve3dJLL176AglXRcBashuD_crvnwZi2C-aa7cqpPzL1Oy06YXMZTm2A949EytZChZ85dD7Iwdh47To9XQSfWwInPkkZ2BbLujGaMoJghVJ_0JqHC_YDFThbqSOg91fZotuUi7gS5VyNfQFiv-Nsr2mtJ5Kw9w8u8jgEyQqWFjbp2vhgOnRwJZrHafkPzxNWzXyjE-CuCws76Pi63eIzwWrZwQ2YBsaCFM7fDxjzzjOY7WtWSCVd9AV1-lPOg1rMIumWO2q1p75a6DzpR4=w713-h401-no\" width=\"713\" height=\"401\" \/><\/a>[\/wptabcontent]<\/p>\n<p>[wptabs mode=&#8221;horizontal&#8221; type=&#8221;accordion&#8221;]<br \/>\n[wptabtitle]Projeto DIGNATA R.I.[\/wptabtitle]<\/p>\n<p>[wptabcontent]<\/p>\n<p>O projeto \u00e9 viabilizado por meio de uma parceria entre a Dignata e a dire\u00e7\u00e3o da Escola, por meio dos docentes ministrantes dos componentes curriculares parceiros da iniciativa (Sociologia, Hist\u00f3ria, Biologia e Filosofia). S\u00e3o atendidos os estudantes do 2\u00ba e 3\u00ba ano do ensino m\u00e9dio.<\/p>\n<p><strong>Clique na foto para ver o \u00e1lbum completo.<\/strong><\/p>\n<p><a href=\"https:\/\/photos.app.goo.gl\/fPuHTJV1e6DON8Q03\" target=\"_blank\" rel=\"noopener noreferrer\"><img loading=\"lazy\" decoding=\"async\" class=\"aligncenter size-medium img-responsive\" src=\"https:\/\/lh3.googleusercontent.com\/MJobhiEpjLqLTUjT7NA1vb9XqfuAhbwOkNk0Lc-isNb5O-7yGVx_MUavrNPskl_OY9sOhtAKsKW3JBvYxsPX1IcpaAdOs97Hv47MT-KfEARAojFnwjxyX4YOu6ZPN0WSOXU1a9j_q-jF3bRST1Coi8KaXximVGCkB3Nkts0wubQquKhvRERghfeYZIdiElGeV8rpoerOHE3CNLW44sWFjJwfYIPTewc9xXUK-dHMdeB-CbBkbMkjxzL0zFgZ__xGI6ovLIX3owZ4V6osOjBxfa6-nmjGwITQrIeyavrytWemuMCxyG5Q-Bfzj_1vD1PnsC-F33SGXSc4SO8kX0FP__8jrO1_7dvCiYTi5FlqsKaNbmdp2sg6W9R_EfrD5dsR8nExzpeJX_ruTlfVqrdXECrQOKDocn4k1OliCpj-LmQWZrPWn8rIQaWM1771uk6iq7HgLQgulyYQs7UTI5EJxgnsjfvxgTiX3N3tigKMbGggSz5-7T5Bl4K7RMDwLwuoCpcuW2cs_7P48Z2sh6jGiwPK6mg6voZeeaSdFvggfsru0u5OTLPCu9HKp1OPMqTxtoALxrtCehfmyf64DHjcdfZ0-z3x0haewZeHp14=w713-h401-no\" width=\"713\" height=\"401\" \/><\/a>[\/wptabcontent]<\/p>\n<p>[\/wptabs]<\/p>\n<p>[wptabs mode=&#8221;horizontal&#8221; type=&#8221;accordion&#8221;]<br \/>\n<strong>2017<\/strong><br \/>\n[wptabtitle]1\u00aa Reuni\u00e3o da Iniciativa &#8220;Juntos fazer acontecer&#8221;[\/wptabtitle]<\/p>\n<p>[wptabcontent]<\/p>\n<p>A comiss\u00e3o de discentes, docentes e t\u00e9cnico-administrativos do Centro de Ci\u00eancias Biol\u00f3gicas e Sociais Aplicadas (CCBSA) da Universidade Estadual da Para\u00edba, envolvidos na iniciativa \u201cJuntos Fazer Acontecer\u201d, se reuniram no miniaudit\u00f3rio, com o objetivo de discutir as demandas de cada curso para o pr\u00e9dio doado pelo Patrim\u00f4nio da Uni\u00e3o ao Campus V da UEPB, localizado no Centro de Jo\u00e3o Pessoa.<\/p>\n<p><strong>Clique na foto para ver o \u00e1lbum completo.<\/strong><\/p>\n<p><a href=\"https:\/\/photos.app.goo.gl\/6GgvBMgQiNjMopco2\" target=\"_blank\" rel=\"noopener noreferrer\"><img loading=\"lazy\" decoding=\"async\" class=\"aligncenter size-medium img-responsive\" src=\"https:\/\/lh3.googleusercontent.com\/gzsUMNpv1Fv3AFekg2-UeM85_pXuXOaQRpbv2ffeGeVbQnw9X1GsmPotdp7f7kvAOl_1ucZsuNSKc0yDIqSAZBf4gYXroXJeivc5ucdB684RL8fqd6OCu2Dmbe4kRWeWk9nLMfrySe81JDeFllkRGobhpt4O4P4fSUSlnSFykmQAXifEJFJjugblIlXFqulEQaHSMXVycO3ft9lJtLn0ySzusETH80SMCjuOvVQhblf3gQpOwYQzS2ey1cTGBbqIPZ4yV3K2PmCDU2RzWTWukkEZ47Bu-6srFr2cAYrkiodqxnHGtHFJ42b-4EgWFhfraTqrN_C1wutjcYtQhemvkn6vMCZroNGL6RYW_B4bdhwdZ0dQJS8cnfwRh6VptRrO_FyJ7ix4jAeC7NuCf6tt36DAZfB2erZN4o23h7tR8Jx6qU35xZUwKOmDWaQUxhzli2Artgb0VFXHqKH770WWIoiErZ5YV9SrYAWsq8v9WryQjih5rbC1YFXHAyXl6DdvM_vdirMeW5SVgxOlfVHE1Mb2gaoDvkERxaGMUwk2EG1hoIieKDdd4w8t7y7DvPiNMgKCV6GyqZ9nz8lL9-FUWLRsaJXF-Ce8t4ixv3E=w657-h369-no\" width=\"951\" height=\"637\" \/><\/a>[\/wptabcontent]<\/p>\n<p>[wptabs mode=&#8221;horizontal&#8221; type=&#8221;accordion&#8221;]<br \/>\n[wptabtitle]1\u00ba FARPAS &#8211; Festival de Artes e Participa\u00e7\u00e3o Social[\/wptabtitle]<\/p>\n<p>[wptabcontent]<\/p>\n<p>Rock, preconceito, grafite, feminismo, RAP, viol\u00eancia urbana, cinema, reformas, fotografias, percuss\u00e3o, rimas e educa\u00e7\u00e3o. O evento prop\u00f4s o uso da linguagem das artes para mobilizar jovens estudantes a refletir sobre quest\u00f5es que atingem a sociedade atual. Essa foi a proposta do FARPAS \u2013 Festival de Artes e Participa\u00e7\u00e3o Social, que aconteceu pela primeira vez no Campus V da Universidade Estadual da Para\u00edba.<\/p>\n<p><strong>Clique na foto para ver o \u00e1lbum completo.<\/strong><\/p>\n<p><a href=\"https:\/\/photos.app.goo.gl\/TS4mDVaVO3H1JhfE3\" target=\"_blank\" rel=\"noopener noreferrer\"><img loading=\"lazy\" decoding=\"async\" class=\"aligncenter size-medium img-responsive\" src=\"https:\/\/lh3.googleusercontent.com\/bdwzaYUqun14-a4vKHjoy4967_TNWsbXhavMacWrQ_1ndezBouUab-i-POFo4JaC7wrI7iQvWgzG_X88r2PYQAdy36nB3hynGbYsF5WDZaleJXmVq0-zqHNdnG7Vmq4yNQr50YdlAlWphTGFQHQH4aJ6K1wPN6QV9eNjRwY8b56t3FNnLBxX-JaMbRWPECbSPYOHqIcMScdnYxvPc08xNJM40JqzAb84ggnesgncszSi0hW91bMvGHQyInYr5NHZ1IULZu5WeoGzF0gC2EV382A6xxPP7_amEZEZfdWDruMoiTvEvyos1uWki3m15U7Z3Fg5qWnInLm_em73JsaC8xZi6bcEN_y2KYXBddXjyQKERMvsBH1yRCJTZxtR5s9MjY1TntNHszPdMY9XFHiW3hBWOcYZJeMxdUSQPPDb0iN2EkNudYsbHPrRx8KraPRrBihotGipz5hQr1nznC9rOp0A-RXtSRrh5BYvRrO5C8ajHbJCLy0mnQw9Y2cPtwE9so60VftubZ0ATnOSb3JKgL2elp-MpNLyMXbn7HHBhsbs7dOCH7tF-l3OkiAHiRlbD5ylUH8pnnhyEOem2mM2zfbD-eLptchNk4g2uT9Jz0mYtc8L9hq_5EyYmp56MCQuTDv64UVrINs4h1gloqXm6Sb8zcPGaW3g=w905-h603-no\" width=\"951\" height=\"637\" \/><\/a>[\/wptabcontent]<\/p>\n<p>[wptabs mode=&#8221;horizontal&#8221; type=&#8221;accordion&#8221;]<br \/>\n[wptabtitle]21\u00ba ENEARQ &#8211; Encontro Nacional de Estudantes de Arquivologia[\/wptabtitle]<\/p>\n<p>[wptabcontent]<\/p>\n<p>Esse encontro aconteceu no momento em que as universidades discutiram a import\u00e2ncia dos investimentos p\u00fablicos para a forma\u00e7\u00e3o profissional. E mais uma vez a UEPB mostrou que ela \u00e9 importante, \u00e9 forte, estando \u00e0 frente da organiza\u00e7\u00e3o de um evento com essa magnitude. Iniciativas como essa oxigenam nossas a\u00e7\u00f5es e trazem um novo f\u00f4lego para encararmos os desafios que se apresentam e mostrarmos \u00e0 sociedade o nosso papel\u201d, avaliou o pro-reitor. Para recep\u00e7\u00e3o dos participantes do evento na noite de abertura, o Grupo de Tradi\u00e7\u00f5es Populares da UEPB, Acau\u00e3 da Serra, apresentou parte do espet\u00e1culo \u201cCores, ritmos e tradi\u00e7\u00f5es\u201d, com uma amostra de m\u00fasicas e dan\u00e7as nordestinas, tais como: Bai\u00e3o, Xote, Araruna e Quadrilha.<\/p>\n<p><strong>Clique na foto para ver o \u00e1lbum completo.<\/strong><\/p>\n<p><a href=\"https:\/\/photos.app.goo.gl\/cvRDV6a0bFjYffwe2\" target=\"_blank\" rel=\"noopener noreferrer\"><img loading=\"lazy\" decoding=\"async\" class=\"aligncenter size-medium img-responsive\" src=\"https:\/\/lh3.googleusercontent.com\/cG18sQjDe33K-HBdRBh68SGgSraTT2oIJOQNJFt1pyofl5IS-oyIbjZ73sWp9L7buV1pHnId7vQWZmdSaGaTXWbE7dc0hknY8uLhd4HL3QhASa9k_rV_pk-bxo7xBzYUfivBTW6keUJziAGMMCchTE5i-NxnMeJ3WJaB-I1MiiV_urN8dmC2mU0XCD2XPvyZc-ORk1orVpUbmrGEvuHHqJdWC869Bv7L5laHjV7d-g5T77al45TA5KtRRObE7LBCtTPCK0b31F_M-4td3T68yz47VfajBeMVuxcm6wleEPYdfrW3ejYEJ6051-Pq7W5OhwN0l3S9HpT5qmRScSRG3RI09A9KDarevK0JBibWhu8YWe7pOAM3gyYvNZDJe_6PDx7afs6hYMCs4XFW6SXDv6ByfRQd6DeCCPVJAj83EmXdQKN6IKujVGbcZAiR1vav2UPqld2lfsAYqPAnTv1tGkTsSFnCzhoCQHJFb1rvLsM5sevfBX3-gO0GMyX6HGgt_i2mUSYbg1sz5SqVLC9JobD71i6PqqDzSljxzAJF3pNVgjGdGq4auAiMC_Z0ZVVCt8nB6ftnYTHMpB26WcL2gq9pdsm9Ky2lBMQXtQg=w1134-h637-no\" width=\"951\" height=\"637\" \/><\/a>[\/wptabcontent]<\/p>\n<p>[wptabs mode=&#8221;horizontal&#8221; type=&#8221;accordion&#8221;]<br \/>\n[wptabtitle]Exposi\u00e7\u00e3o Fotogr\u00e1fica &#8220;Bayeux no Brasil e na Fran\u00e7a&#8221;[\/wptabtitle]<\/p>\n<p>[wptabcontent]<\/p>\n<p>Com o objetivo de criar uma agenda de atividades culturais no Campus V da Universidade Estadual da Para\u00edba (UEPB), a dire\u00e7\u00e3o do Centro de Ci\u00eancias Biol\u00f3gicas e Sociais Aplicadas (CCBSA) convidou a Organiza\u00e7\u00e3o N\u00e3o-Governamental (ONG) Alian\u00e7a Bayeux Franco-Brasileira a realizar nas depend\u00eancias do CCBSA a exposi\u00e7\u00e3o fotogr\u00e1fica \u201cBayeux no Brasil e na Fran\u00e7a\u201d.<\/p>\n<p><strong>Clique na foto para ver o \u00e1lbum completo.<\/strong><\/p>\n<p><a href=\"https:\/\/photos.app.goo.gl\/sRd98UsXjEKk0Oqz2\" target=\"_blank\" rel=\"noopener noreferrer\"><img loading=\"lazy\" decoding=\"async\" class=\"aligncenter size-medium img-responsive\" src=\"https:\/\/lh3.googleusercontent.com\/Wwi2LPizWzKTgXF1AxkhLA9SMn9t3KFm_rJIlaAN7_aE7B-Rdy4g94CxbkaCm_Sk7mdzjGxb32oREAIH2J81Gy-yJg0GcmJhX3nbJWJZkJkrCGzqrzuknO9eyljoczlaAX2GNRKvo8IlhDk_dgx6Otm73unayZB9rrEGkf0qdlvARtTkDN0f9US7_nY8Oy4E4IE7h0t2zInHxj3uoWJ_o2tFhIHAbYJhVhidUJtVNUASp9x8NXh-_ADSZMW0q0M2G_e2ZOkb-AfJyXukFk7RlvJt8lTayaYlqv88XTrQ-MpWU04awQQs6EZy9c14j9sOr3LF0_7m2h5jAR4L6gsLOCFsncGoYuj-3RHeouyFLuBULV-kBvc4KZmLdlcIKm_eZoZattUe7xOED_K1Xmj5SZ0E10yWsxm5bmt_bjYF6IIsggVV4JJ9S-RcwtFTdB12qUFzKQ0f9eeHbjn_mv_DRZwwZbvvTcYC-fZvtX85l_5vYc3azjLrrM2XHh1foOKuKBCVmSsPDl0za2U5kI7bbO0mYq3f0DlyXBw9xEvKe-4HndvTEDTIPb9xu4AR2_6pbuKCHizhHpGqS8YDWdgS2a_-o9w8QOisXjvvSRc=w562-h316-no\" width=\"951\" height=\"637\" \/><\/a>[\/wptabcontent]<\/p>\n<p>[wptabs mode=&#8221;horizontal&#8221; type=&#8221;accordion&#8221;]<br \/>\n[wptabtitle]Inaugura\u00e7\u00e3o dos Cont\u00eaineres e Salas do CA&#8217;s[\/wptabtitle]<\/p>\n<p>[wptabcontent]<\/p>\n<p>A dire\u00e7\u00e3o do Centro de Ci\u00eancias Biol\u00f3gicas e Sociais Aplicadas (CCBSA) da Universidade Estadual da Para\u00edba (UEPB) convidou a comunidade acad\u00eamica para a inaugura\u00e7\u00e3o dos seis m\u00f3dulos habit\u00e1veis destinados aos tr\u00eas cursos de gradua\u00e7\u00e3o do CCBSA e das salas que foram entregues aos Centros Acad\u00eamicos das gradua\u00e7\u00f5es.<\/p>\n<p><strong>Clique na foto para ver o \u00e1lbum completo.<\/strong><\/p>\n<p><a href=\"https:\/\/photos.app.goo.gl\/A4tNJzhFrpq8wBMk2\" target=\"_blank\" rel=\"noopener noreferrer\"><img loading=\"lazy\" decoding=\"async\" class=\"aligncenter size-medium img-responsive\" src=\"https:\/\/lh3.googleusercontent.com\/gAkJtfcV0qQuIvAXXxhZpyGqfQRWeZ9s5tOCjOr9mgt-0IsGyjhLKjlhO3_YZ10UzeUb4Fmgmd-3wBkKtmZ4W9UCpF2A8Xy31Hs5L9CA_XpQBjrO54gOR9GEvKq6BMYiWHdrJETghIFcrJ94s8oA9ABA6H_J8XPz4ejbZrQqXOF-E3YxPzkqtMrZrejosK-8WNoME-ldBkIkd3AF1V_8BLqobS1bJ-xLBQzpxGnb6acl0zGUuPZD1ZWpn6IUXsTZMM4_BtJEryb9n0bIuiGXgdui1EBjXQRk4Wo1oGTdVOTtfMDcwDCJ2sQZc8GMCwSKm4-hw4li1hfBLFBsPQCu6vQiJtLhaZC471WLnvM0xuN2sCtFB-M7JRhVdW58biNXOKoMrCI4E1_q4QsnHtLtye0JHHtmRHtEQG-w2m8YXmeSS04F-mfFoQTHcht9md2DXuzRI9TVd1DKnTuLRPrvVH5w76hqBw_ypmi2pMNIlG1-3mc34SvmlmXZ3SeTzZkMa2DpJjH2FjXJPKovPoAUJSq5lRh0e7POgmUFMYocw0lSp6qm8-tHaoBM_ZJbeIJo69j0EN3C7T51Z53ne4y3JQ-k-neh1cPuuYjtZMM=w1134-h637-no\" width=\"951\" height=\"637\" \/><\/a>[\/wptabcontent]<\/p>\n<p>[wptabs mode=&#8221;horizontal&#8221; type=&#8221;accordion&#8221;]<br \/>\n[wptabtitle]Lan\u00e7amento do Selo Alusivo aos 10 anos do CCBSA[\/wptabtitle]<\/p>\n<p>[wptabcontent]<\/p>\n<p>O evento contou com a presen\u00e7a de estudantes, docentes, t\u00e9cnicos-administrativos, egressos e ex-servidores, foi realizado no Campus V da Universidade Estadual da Para\u00edba, a cerim\u00f4nia de lan\u00e7amento do selo alusivo aos 10 anos do Centro de Ci\u00eancias Biol\u00f3gicas e Sociais Aplicadas (CCBSA). Durante o evento foi exibido um v\u00eddeo institucional e proferidos discursos que enfatizaram a import\u00e2ncia social, cultural e econ\u00f4mica do Campus V da UEPB para a cidade de Jo\u00e3o Pessoa.<\/p>\n<p><strong>Clique na foto para ver o \u00e1lbum completo.<\/strong><\/p>\n<p><a href=\"https:\/\/photos.app.goo.gl\/2VQ28yTIijdmtwnr2\" target=\"_blank\" rel=\"noopener noreferrer\"><img loading=\"lazy\" decoding=\"async\" class=\"aligncenter size-medium img-responsive\" src=\"https:\/\/lh3.googleusercontent.com\/qkvib2SilpnGuzv-9d6CLTz8XhEhDnwFQsUgB-fB6ncBDHl6qW62YApWo7u2BFGT1fbEuLupyFa7AbwpD_Z_YRwqNHVj9qLeUGbSIPPDZ4CwIwEl1SYwpORlFykDirXfuO_SJqWxq41cpswEb_nhY44hne31M8rku0aXxDSl5hLGnDI6xysGyCrutbyYZ24wbRoiehytcnfqtXNa9WNMwGo2BynqxIcJQuIHIpm9tk3TiuSnXlWdkqRmUNFDhKSPNwrBDooUGDBxyVy-ElPsTZr72Hv1Ut0a2iTveE6h--ABsocxRvHDwkXashrdg9xOk1yf6YZ297itRrtZeR4rZa31KSvGR0FIXq-DS4AWwfOvD0AG21RxMlqoGjKTxJzQzxe4ei3jkZ9QFQU3Zjg9PZOPfYbEYKPODMinWj0xd59s19CQnaDfkrfHkWR8vFzOpG7mXeywOUSGmQbH4f5WJIPSaVetSqbDaokhtmzYC-S1Eq6CgqOI2y2u_0j2NYmgqwlHQygMu0ZCXIcskqo32jTasL1MHbgkv8Hjk6LmjVoNZH46ggdjPvTc1viHcfEt9vPhgxsXPNddhg4_-xvs1ZfjGHJ5Mqsu3OJWk0g=w657-h369-no\" width=\"951\" height=\"637\" \/><\/a>[\/wptabcontent]<\/p>\n<p>[\/wptabs]<\/p>\n<p>[wptabs mode=&#8221;horizontal&#8221; type=&#8221;accordion&#8221;]<br \/>\n<strong>2018<\/strong><br \/>\n[wptabtitle]2\u00ba FARPAS &#8211; Festival de Artes e Participa\u00e7\u00e3o Social[\/wptabtitle]<\/p>\n<p>[wptabcontent]<\/p>\n<p>Rock, preconceito, grafite, feminismo, RAP, viol\u00eancia urbana, cinema, reformas, fotografias, percuss\u00e3o, rimas e educa\u00e7\u00e3o. O evento prop\u00f4s o uso da linguagem das artes para mobilizar jovens estudantes a refletir sobre quest\u00f5es que atingem a sociedade atual. Essa foi a proposta do 2\u00ba FARPAS \u2013 Festival de Artes e Participa\u00e7\u00e3o Social, que aconteceu no Campus V da Universidade Estadual da Para\u00edba.<\/p>\n<p><strong>Clique na foto para ver o \u00e1lbum completo.<\/strong><\/p>\n<p align=\"justify\"><a href=\"https:\/\/photos.app.goo.gl\/LLJJZUmjxy4TvQ1t9\" target=\"_blank\" rel=\"noopener noreferrer\"><img loading=\"lazy\" decoding=\"async\" class=\"aligncenter size-medium img-responsive\" src=\"https:\/\/lh3.googleusercontent.com\/fAf1oSXScxH0rM0HrR9rZRae3V6BuObWpiXapMx1ZGHazkIbWJysPmhGCW1wEPWmucbX9aHayFB7ETEDcHtTxyfCgdwdQkhkLK3HD_zmxQWFdWOQxwTNAR532R-OqpkqkkRv8oOdh0tkdd-2UMN9rKJc3f-23w4LArKdinLg3K5HB7Fbu16jYGPA4evNAABQk9KE5y3ULfI85u5JnVIeMuoLGn1ng1FTt33MYT4qC4OD1SrhQpAQPCgxi5z7AOdKSkV_pFxguh_LteZLYGKotrWxHDxrVdXxFtcMfZ6-Zy7MkUfQNdzkfE8OOULcIIYX8VnDfwfhhxbLZkXUr8UfI15Jfj66q3rrwGVC4x1XEhzLoGTWo3VGc-fpLwh1VLmTwGKDcMp4QlkKsAODFiNZ2GFxxw3Hv3W2_naXd093uX0NITOgO4seOMHAY2uZdEfTfoaNVuL0Vo1pLXdhD0-K4VlvT3YWfwCWHTfO6az4pk1kLFoMWswC1HLqvlWP1VJrTF0Bv6Ydd74i4jcPoUBsvtuASg5EPBuF5hiHGWcpLyGXD4jCNuFwILofuLg5sC2TlBJ_oE2Wd8cjuFbaEpi0Dhvlc3JODyfvUBmM7FiHhoZQXrZaGuzHNwuO9C7wq5zs6rFGpassdnRoL8b7uRytoXFQyqjjOf0=w850-h637-no\" width=\"951\" height=\"637\" \/><\/a>[\/wptabcontent]<\/p>\n<p>[wptabtitle]XII Anivers\u00e1rio do Campus V [\/wptabtitle]<\/p>\n<p>[wptabcontent]<\/p>\n<p>Em tempos de intoler\u00e2ncia, corrup\u00e7\u00e3o, pobreza e desigualdades sociais que assolam o pa\u00eds, a Educa\u00e7\u00e3o surge como propulsora de transforma\u00e7\u00f5es, o que, sobretudo em institui\u00e7\u00f5es de ensino superior, representa um grande desafio cotidiano: permitir que o conhecimento produzido na academia seja propagado para al\u00e9m dos muros que limitam esses espa\u00e7os. E \u00e9 com o objetivo de mostrar \u00e0 sociedade o que \u00e9 produzido no \u00e2mbito do C\u00e2mpus V da Universidade Estadual da Para\u00edba (UEPB), celebrar 12 anos de exist\u00eancia e discutir temas de relev\u00e2ncia social, que foram realizadas no Centro de Ci\u00eancias Biol\u00f3gicas e Sociais Aplicadas da Universidade Estadual da Para\u00edba (UEPB) em Jo\u00e3o Pessoa, durante os dias 28 e 29 de Agosto, diversas atividades abertas \u00e0 comunidade.<\/p>\n<p><strong>Clique na foto para ver o \u00e1lbum completo.<\/strong><\/p>\n<p align=\"justify\"><a href=\"https:\/\/photos.app.goo.gl\/17TP38s34ze8m7TN9\" target=\"_blank\" rel=\"noopener noreferrer\"><img loading=\"lazy\" decoding=\"async\" class=\"aligncenter size-medium img-responsive\" src=\"https:\/\/lh3.googleusercontent.com\/aO379JlRt7Klk3L1BEiv1R2CseW90V3D0Gp-XIh3oXZEma8Aat2TTHqvMXo38HBXFybC2d3nTJU9KwKnz9vBQoaLpT0-6z6D3c2KKqrzMhX8axTZgAWrhrb9LVFKy3IP7fyVrGj2hanevlf4hfLDHLEabQ1qsz68AZyp2x5HKyAr0pMvbJ1KcWBMnAYEIUVMyPy6YwQ6x87gcRiw35rta09IlQHLZ6UK2vY3MBTNmQqITQ-jicVCXCKpWWkZBbus0uirD61g0shiJCbjbmgO-zoXrkGzqUY9czgK0CzIdHfY3ZsxXFO27533zTw_LJMwbVKScz4ikfJZ_fuk9tffSr-p8eY-PcqxOzzowdzNXeIuMifi2UxP8VvSXHl3s4GYcTJfGfTnWuGg1fUjRh3AC0vZm7E0uTXYtRbkyQn41SyFpesnzF8d4uhk569qgz3IY1o1FV47qAM7M1Bvktiy9SqSJ7Yl5fBHW-jPakTc9plUxLjF2IgiWtMOqxIGJjoTtcMZWFFTkHXJ298BWt-g7XubRbyx1DOcjMe02T4OOF2sR6UUMxx1qTqZLjcjL5WNN6ExohZevwJAesxPR1_qRuVo4l-9J3_Fyxgk_g_osxEL-W8L_Kz5o6W9GiSpGYU=w956-h637-no\" width=\"951\" height=\"637\" \/><\/a>[\/wptabcontent]<\/p>\n<p>[\/wptabs]<\/p>\n<p>[wptabs mode=&#8221;horizontal&#8221; type=&#8221;accordion&#8221;]<br \/>\n<strong>2019<\/strong><br \/>\n[wptabtitle]3\u00ba FARPAS &#8211; Festival de Artes e Participa\u00e7\u00e3o Social[\/wptabtitle]<\/p>\n<p>[wptabcontent]<\/p>\n<p>Rock, preconceito, grafite, feminismo, RAP, viol\u00eancia urbana, cinema, reformas, fotografias, percuss\u00e3o, rimas e educa\u00e7\u00e3o. O evento prop\u00f4s o uso da linguagem das artes para mobilizar jovens estudantes a refletir sobre quest\u00f5es que atingem a sociedade atual. Essa foi a proposta do 3\u00ba FARPAS \u2013 Festival de Artes e Participa\u00e7\u00e3o Social, que aconteceu no Campus V da Universidade Estadual da Para\u00edba.<\/p>\n<p><strong>Clique na foto para ver o \u00e1lbum completo.<\/strong><\/p>\n<p align=\"justify\"><a href=\"https:\/\/photos.app.goo.gl\/NHK4TEGBXimpcB1S8\" target=\"_blank\" rel=\"noopener noreferrer\"><img loading=\"lazy\" decoding=\"async\" class=\"aligncenter size-medium img-responsive\" src=\"https:\/\/lh3.googleusercontent.com\/Ly0c1hXA92v1Mi-BFLSyFtjlI1U28PH9JizB79XcJtLKNOBshf8Y4EXWoV7ZIIwce6jX29EBMHXcx4CpmkhqPop6Hgd844iDqPwwlXt7PQUtY-xbBUfD9-jMLUw3HK9rfwVMo78Wp39DX7iiRmWFO0FicR38qWDyvb3V6lLk4zXrhYMpvD_iymr4dpwdFEOdPsFFj6BEN4njYv21Zug10iL3znuwxYzBD8e-FG2YN6ivCwBWz1Gzfd16fQBEgb_M7x29JjPclBNS_9k0t5RSz5zL_CWzhGiSUr7QfHYku6dSaWxsJqWOGs_rcHDkqbtAns8qOf9bMQFHzEhPhg7k_C5RPGRN49hZq_XuMNlLbsAYa0UsFmO6FonqqG8P2eWi-26hH_s1tjG43mY28YqMPEzh0JfAyoGySJ2wASEYlncwDce96CWEcRI37QwFz1HerB9nal9cEGzPopLuwiltOILt1_35ZORU9CeyIIas5r-01AvRSM_o2lJ1ZI_hg6i-SDHf0g-wcZUBH5tyvZrwA4zWa6wA4MFJJTozWPBT3wiNVx6OQ8_yEP0EA9S1ctcgfDD-vuNMI7lMMwuTVdeHaXty1PJOZQ08orKwjNMbf9kK99fF6QVPdgijIeIxIcUyH3Ne6hPSAwNhMXnaoi4VWwhDe7zuUdY=w956-h637-no\" width=\"951\" height=\"637\" \/><\/a>[\/wptabcontent]<\/p>\n<p>[\/wptabs]<\/p>\n","protected":false},"excerpt":{"rendered":"<p>[wptabs mode=&#8221;horizontal&#8221; type=&#8221;accordion&#8221;] Informa\u00e7\u00f5es [wptabtitle]Sobre[\/wptabtitle] [wptabcontent] Devido o ingresso cont\u00ednuo nos corpos discente, docente e t\u00e9cnico-administrativo do Campus V, a falta de uma r\u00e1pida divulga\u00e7\u00e3o de arquivos especiais evidenciando o hist\u00f3rico do Campus desde a sua cria\u00e7\u00e3o acarreta no desconhecimento local tanto do crescimento e desenvolvimento sociais quanto materiais. Al\u00e9m disso, como a Universidade divulga <a class=\"leiamais\" href=\"https:\/\/centros.uepb.edu.br\/ccbsa\/memorias\/\">Leia Mais&#8230;<\/a><\/p>\n","protected":false},"author":36,"featured_media":0,"parent":0,"menu_order":6,"comment_status":"closed","ping_status":"closed","template":"","meta":{"footnotes":""},"class_list":["post-5088","page","type-page","status-publish","hentry"],"_links":{"self":[{"href":"https:\/\/centros.uepb.edu.br\/ccbsa\/wp-json\/wp\/v2\/pages\/5088","targetHints":{"allow":["GET"]}}],"collection":[{"href":"https:\/\/centros.uepb.edu.br\/ccbsa\/wp-json\/wp\/v2\/pages"}],"about":[{"href":"https:\/\/centros.uepb.edu.br\/ccbsa\/wp-json\/wp\/v2\/types\/page"}],"author":[{"embeddable":true,"href":"https:\/\/centros.uepb.edu.br\/ccbsa\/wp-json\/wp\/v2\/users\/36"}],"replies":[{"embeddable":true,"href":"https:\/\/centros.uepb.edu.br\/ccbsa\/wp-json\/wp\/v2\/comments?post=5088"}],"version-history":[{"count":0,"href":"https:\/\/centros.uepb.edu.br\/ccbsa\/wp-json\/wp\/v2\/pages\/5088\/revisions"}],"wp:attachment":[{"href":"https:\/\/centros.uepb.edu.br\/ccbsa\/wp-json\/wp\/v2\/media?parent=5088"}],"curies":[{"name":"wp","href":"https:\/\/api.w.org\/{rel}","templated":true}]}}