{"id":15,"date":"2013-05-16T19:45:33","date_gmt":"2013-05-16T19:45:33","guid":{"rendered":"\/ccbsa\/?page_id=15"},"modified":"2014-03-06T13:24:32","modified_gmt":"2014-03-06T13:24:32","slug":"pesquisa","status":"publish","type":"page","link":"https:\/\/centros.uepb.edu.br\/ccbsa\/pesquisa\/","title":{"rendered":"Pesquisa"},"content":{"rendered":"<p><strong>Arquivologia: Grupos de Pesquisa<\/strong><\/p>\n<p>[wptabs mode=&#8221;horizontal&#8221; type=&#8221;accordion&#8221;]<\/p>\n<p>[wptabtitle]Centro de Gest\u00e3o Informacional: Arquivo, Comunica\u00e7\u00e3o, Linguagem e Cogni\u00e7\u00e3o, Pol\u00edticas Sociais no Contexto Nacional e Internacional.[\/wptabtitle]<br \/>\n[wptabcontent]<br \/>\n<strong>L\u00edder<\/strong>: Jacqueline Echeverr\u00eda Barrancos<br \/>\n[\/wptabcontent]<\/p>\n<p>[wptabtitle]Arquivologia e Sociedade[\/wptabtitle]<br \/>\n[wptabcontent]<br \/>\n<strong>L\u00edder<\/strong>: Jos\u00e9 Washington de Morais Medeiros e Vancarder Brito.<\/p>\n<p><strong>Alunos<\/strong>:<\/p>\n<ul>\n<li>Aline Casimiro;<\/li>\n<li>Ana Isabel Ferreira;<\/li>\n<li>Carlos Eug\u00eanio da Silva;<\/li>\n<li>Dayana Ribeiro;<\/li>\n<li>Juliana Mar\u00edlia Costa;<\/li>\n<li>S\u00e9rgio Ricardo Almeida;<\/li>\n<li>Val\u00e9ria diniz Ara\u00fajo.<\/li>\n<\/ul>\n<p><strong>Linha de Pesquisa<\/strong>: Cultura, mem\u00f3ria e comportamento.<\/p>\n<p>[\/wptabcontent]<\/p>\n<p>[wptabtitle]Grupo de Estudos em Arquiv\u00edstica e Sociedade (GEAS)[\/wptabtitle]<br \/>\n[wptabcontent]<br \/>\n<strong>L\u00edder<\/strong>: Francinete Fernandes de Sousa.<br \/>\n[\/wptabcontent]<\/p>\n<p>[\/wptabs]<\/p>\n<p><strong><strong>Arquivologia: <\/strong>Projetos de Pesquisa<\/strong><\/p>\n<p>[wptabs mode=&#8221;horizontal&#8221; type=&#8221;accordion&#8221;]<\/p>\n<p>[wptabtitle]Arquivo fotogr\u00e1fico\u201d como mem\u00f3ria cultural: entre o registro hist\u00f3rico e o desenvolvimento local. [\/wptabtitle]<br \/>\n[wptabcontent]<br \/>\nCoordena\u00e7\u00e3o: Jos\u00e9 Washington de Morais Medeiros.<br \/>\n[\/wptabcontent]<\/p>\n<p>[wptabtitle]A escrita da luz: a narrativa da mem\u00f3ria cultural nos arquivos fotogr\u00e1ficos dos jornais impressos da cidade de Jo\u00e3o Pessoa-PB[\/wptabtitle]<br \/>\n[wptabcontent]<br \/>\nCoordena\u00e7\u00e3o: Maria Jos\u00e9 cordeiro de Lima.<br \/>\n[\/wptabcontent]<\/p>\n<p>[wptabtitle]Meio Ambiente, imagem e mem\u00f3ria no litoral sul do Estado da Para\u00edba: um trajeto compreensivo da ideia de desenvolvimento sustent\u00e1vel[\/wptabtitle]<br \/>\n[wptabcontent]<br \/>\nCoordena\u00e7\u00e3o: Vancarder Brito Sousa.<br \/>\n[\/wptabcontent]<\/p>\n<p>[\/wptabs]<\/p>\n<p><strong>Ci\u00eancias Biol\u00f3gicas: Grupos de Pesquisa<\/strong><\/p>\n<p>[wptabs mode=&#8221;horizontal&#8221; type=&#8221;accordion&#8221;]<\/p>\n<p>[wptabtitle]Grupo de Morfologia e Sa\u00fade (GSM) [\/wptabtitle]<\/p>\n<p>[wptabcontent]<\/p>\n<p><strong>Coordena\u00e7\u00e3o<\/strong>: Marcos Ant\u00f4nio J.Costa.<\/p>\n<p><strong>Vice coordenador<\/strong>: Felipe Eduardo da S. Sobral. (Centro de Controle de Zoonoses)<\/p>\n<p><strong>Alunas envolvidas<\/strong>:<\/p>\n<ul>\n<li>Maria Railma V. De Freitas;<\/li>\n<li>Cynthia Farias V. de Melo;<\/li>\n<li>Andr\u00e9a Leite Amorim.<\/li>\n<\/ul>\n<p>[\/wptabcontent]<\/p>\n<p>[wptabtitle]S\u00edntese e Vetoriza\u00e7\u00e3o [\/wptabtitle][wptabcontent]<br \/>\n<strong><\/strong><\/p>\n<p><strong>Coordena\u00e7\u00e3o<\/strong> Francisco Jaime Bezerra Mendon\u00e7a J\u00fanior.<br \/>\n<strong><\/strong><\/p>\n<p><strong>Pesquisadores<\/strong>:<\/p>\n<ul>\n<li>Bol\u00edvar Ponciano Goulart de Lima Damasceno;<\/li>\n<li>Edeltrudes de Oliveira Lima;<\/li>\n<li>Elisangela Afonso de Moura Mendon\u00e7a;<\/li>\n<li>Elquio Eleamen Oliveira;<\/li>\n<li>Jos\u00e9 Arimateia N\u00f3brega;<\/li>\n<li>Luciana Scotti;<\/li>\n<li>Luis Cezar Rodrigues;<\/li>\n<li>Marcus Tullius Scotti e Ricardo Olimpio de Moura.<\/li>\n<\/ul>\n<p><strong>Alunos envolvidos<\/strong>:<\/p>\n<ul>\n<li>Antoniel Augusto Severo Gomes;<\/li>\n<li>Camila Aquino Azevedo Lucena;<\/li>\n<li>Isley de Oliveira Diniz;<\/li>\n<li>Jaismary Gonzaga Batista de Oliveira;<\/li>\n<li>Jander Cain\u00e3 da Silva Santos;<\/li>\n<li>Natalina Dantas;<\/li>\n<li>Rayssa Marques Duarte da Cruz;<\/li>\n<li>Rodrigo Santos Aquino de Araujo;<\/li>\n<li>Silvana Cartaxo da Costa e Mayara Barbalho Monteiro.<\/li>\n<\/ul>\n<p>Este grupo de pesquisa busca o desenvolvimento de novas mol\u00e9culas heteroc\u00edclicas bioativas de origem sint\u00e9tica baseado nos princ\u00edpios da Qu\u00edmica Medicinal, assim como a inclus\u00e3o dessas novas biomol\u00e9culas em sistemas de libera\u00e7\u00e3o controlada, tais como nano e micropart\u00edculas, complexos de inclus\u00e3o.<br \/>\n[\/wptabcontent]<\/p>\n<p>[wptabtitle]Sistem\u00e1tica e Ecologia Vegetal[\/wptabtitle][wptabcontent]<\/p>\n<p><strong>Coordena\u00e7\u00e3o<\/strong>: S\u00e9rgio Romero da Silva Xavier.<\/p>\n<p><strong>Alunos envolvidos<\/strong>:<\/p>\n<ul>\n<li>Bruno Melo de Sousa;<\/li>\n<li>Juan Diego Silva Louren\u00e7o;<\/li>\n<li>Leandro Costa Silvestre;<\/li>\n<li>Mar\u00edlia Vital Ribeiro;<\/li>\n<li>Nathally Mola Pessoa Braga;<\/li>\n<li>Rafael de Paiva Farias;<\/li>\n<li>Samara Cristina Alves de Barros.<\/li>\n<\/ul>\n<p>Os pesquisadores e estudantes representados nesse grupo t\u00eam suas pesquisas voltadas ao conhecimento da diversidade floral nos mais diversos ecossistemas ocorrentes no Nordeste do Brasil, abordando temas relativos \u00e0 Taxonomia, Anatomia, Ecologia, Conserva\u00e7\u00e3o, Etnobot\u00e2nica e monitoramento ambiental, tendo como foco o grupo de angiospermas, pterid\u00f3fitas, bri\u00f3fitas e algas.<\/p>\n<p>[\/wptabcontent]<\/p>\n<p>[\/wptabs]<\/p>\n<p><strong><strong>Ci\u00eancias Biol\u00f3gicas: <\/strong>Projetos de Pesquisa<\/strong><\/p>\n<p>[wptabs mode=&#8221;horizontal&#8221; type=&#8221;accordion&#8221;]<\/p>\n<p>[wptabtitle]\u00c9tica origin\u00e1ria e realidade social[\/wptabtitle]<br \/>\n[wptabcontent]<br \/>\n<strong>Coordena\u00e7\u00e3o<\/strong>: M\u00e1rcio Adriano Dias.<\/p>\n<p><strong>Aluna envolvida<\/strong>: Priscila Limeira Malheiros.<\/p>\n<p><strong>Descri\u00e7\u00e3o<\/strong>: O principal problema abordado \u00e9 o estado em que se encontra a nossa mem\u00f3ria da natureza. Partimos de um problema: a crise global ambiental. Seguimos da hip\u00f3tese de que a natureza \u00e9 vista na atualidade de uma forma dicot\u00f4mica, isto \u00e9, onde o ser humano se v\u00ea separado da natureza. Acreditamos que tal suposi\u00e7\u00e3o pode explicar em grande medida o porqu\u00ea da crise ambiental. Para n\u00f3s \u00e9 preciso seguir um percurso de investiga\u00e7\u00e3o, segundo o qual possamos tra\u00e7ar um resgate cr\u00edtico (filos\u00f3fico-cient\u00edfico- \u00e9tico) sobre a nossa mem\u00f3ria ocidental da natureza.<br \/>\n[\/wptabcontent]<\/p>\n<p>[wptabtitle]An\u00e1lise macrosc\u00f3pica das principais v\u00edsceras acometidas por Leishmaniose Visceral Canina[\/wptabtitle]<br \/>\n[wptabcontent]<br \/>\n<strong>Coordena\u00e7\u00e3o<\/strong>: Marcos Ant\u00f4nio Jer\u00f4nimo da Costa.<\/p>\n<p><strong>Aluna envolvida<\/strong>: Maria Railma V. De Freitas.<\/p>\n<p><strong>Descri\u00e7\u00e3o<\/strong>: A leishmaniose visceral canina (LVC) \u00e9 uma doen\u00e7a zoon\u00f3tica sist\u00eamica grave, de curso lento e cr\u00f4nico, de dif\u00edcil diagn\u00f3stico e cura parasitol\u00f3gica improv\u00e1vel. Causada por um protozo\u00e1rio a doen\u00e7a pode se expressar de duas formas: a visceral ou a sist\u00eamica, e 90 % apresentam ainda comprometimento cut\u00e2neo. O objetivo deste trabalho \u00e9 verificar altera\u00e7\u00f5es morfol\u00f3gicas em alguns \u00f3rg\u00e3os hematopoi\u00e9ticos em caninos acometidos por LVC.<br \/>\n[\/wptabcontent]<\/p>\n<p>[wptabtitle]Avalia\u00e7\u00e3o do potencial larvicida da Operculina hamiltonii (g.DON) D .F. Austin &amp; Staples (1983) no controle populacional do vetor da Dengue, Aedes aegypti (Linnaeus, 1762)[\/wptabtitle]<br \/>\n[wptabcontent]<br \/>\n<strong>Coordena\u00e7\u00e3o<\/strong>: Marcos Ant\u00f4nio Jer\u00f4nimo da Costa.<\/p>\n<p><strong>Aluna envolvida<\/strong>: Andr\u00e9a Leite Amorim.<\/p>\n<p><strong>Descri\u00e7\u00e3o<\/strong>: As a\u00e7\u00f5es de controle da dengue est\u00e3o baseadas na utiliza\u00e7\u00e3o de alguns inseticidas, entre esses os temef\u00f3s, altamente prejudicial \u00e0 sa\u00fade humana e ambiental. Al\u00e9m disso, j\u00e1 foi detectada resist\u00eancia do mosquito aos temef\u00f3s em v\u00e1rias unidades federativas. Conforme o exposto, se faz necess\u00e1ria a descoberta de alternativas no controle ao A. Aegypti.\u00a0 O objetivo deste trabalho \u00e9 avaliar o potencial larvicida da Operculina hamiltonii (G. DON) D. F. Austin &amp; Staples (1983) sobre larvas de Aedes Aegypti.<br \/>\n[\/wptabcontent]<\/p>\n<p>[wptabtitle]Diagn\u00f3stico das condi\u00e7\u00f5es de Cria\u00e7\u00f5es em Cativeiro de Psitac\u00eddeos[\/wptabtitle]<br \/>\n[wptabcontent]<br \/>\n<strong>Coordena\u00e7\u00e3o<\/strong>: Marcos Ant\u00f4nio Jer\u00f4nimo da Costa.<\/p>\n<p><strong>Aluna envolvida<\/strong>: Cynthia Farias Vieira de Melo.<\/p>\n<p><strong>Descri\u00e7\u00e3o<\/strong>: No Brasil s\u00e3o comercializados ilegalmente, por ano, aproximadamente 4 milh\u00f5es de animais silvestres. No mundo, este mercado movimenta, atualmente, cerca de US$ 20 bilh\u00f5es, sendo extra\u00eddos do Brasil uma m\u00e9dia de 15% do total deste tr\u00e1fico. \u00c9 estimado que para cada produto animal comercializado, sejam mortas pelo menos tr\u00eas esp\u00e9cies. Este \u00edndice de mortalidade \u00e9 alto devido ao estresse emocional e \u00e0s prec\u00e1rias condi\u00e7\u00f5es oferecidas as animais durante o processo de captura e comercializa\u00e7\u00e3o.<br \/>\nA fam\u00edlia Psitacidae \u00e9 representada por araras, maracan\u00e3s, periquitos e papagaios, aves de grande interesse econ\u00f4mico e cotadas como os principais animais de estima\u00e7\u00e3o entre as aves, devido \u00e0 beleza, tamanho e por conta da habilidade em imitar a voz humana.<br \/>\nEsse trabalho tem a finalidade de avaliar as condi\u00e7\u00f5es dos psitac\u00eddeos que s\u00e3o mantidos em cativeiro no estado da Para\u00edba e analisar aqueles atendidos pelo Centro de Triagem de animais Silvestres (CETAS).<br \/>\n[\/wptabcontent]<\/p>\n<p>[wptabtitle]Planejamento racional de novas entidades qu\u00edmicas sint\u00e9ticas derivadas do tiofeno inibidores da enzima serina-treonina cinase para tratamento da Tuberculose[\/wptabtitle]<br \/>\n[wptabcontent]<br \/>\n<strong>Coordena\u00e7\u00e3o<\/strong>: Ricardo Ol\u00edmpio de Moura.<\/p>\n<p><strong>Docentes e alunos envolvidos<\/strong>:<\/p>\n<ul>\n<li>Francisco Jaime Mendon\u00e7a Junior (UEPB);<\/li>\n<li>Ivan da Rocha Pitta (UFPE);<\/li>\n<li>Rejane Pereira Neves (UFPE);<\/li>\n<li>Reginaldo Gon\u00e7alves Lima Neto (UFPE);<\/li>\n<li>Patr\u00edcia Cariolano de Oliveira (UFPE);<\/li>\n<li>Jaismary Gonzaga Batista de Oliveira (UEPB);<\/li>\n<li>Rodrigo Santos de Aquino Ara\u00fajo (UEPB);<\/li>\n<li>Rayssa Marques Duarte da Cruz (UEPB);<\/li>\n<li>Frederico F\u00e1varo Ribeiro (UEPB).<\/li>\n<\/ul>\n<p>[\/wptabcontent]<\/p>\n<p>[wptabtitle]S\u00edntese, caracteriza\u00e7\u00e3o estrutural e avalia\u00e7\u00e3o biol\u00f3gica de potenciais f\u00e1rmacos antif\u00fangicos e antitumorais de derivados Tiof\u00eanicos Acridinicos[\/wptabtitle]<br \/>\n[wptabcontent]<br \/>\n<strong>Coordena\u00e7\u00e3o<\/strong>: Ricardo Ol\u00edmpio de Moura.<\/p>\n<p><strong>Docentes e alunos envolvidos<\/strong>:<\/p>\n<ul>\n<li>Francisco Jaime Mendon\u00e7a Junior (UEPB);<\/li>\n<li>Terezinha Gon\u00e7aves da Silva (UFPE);<\/li>\n<li>Rejane Pereira Neves (UFPE);<\/li>\n<li>Reginaldo Gon\u00e7alves Lima Neto (UFPE);<\/li>\n<li>Jaismary Gonzaga Batista de Oliveira (UEPB);<\/li>\n<li>Rodrigo Santos de Aquino Ara\u00fajo (UEPB);<\/li>\n<li>Rayssa Marques Duarte da Cruz (UEPB);<\/li>\n<li>Frederico F\u00e1varo Ribeiro (UEPB);<\/li>\n<li>Jander Cain\u00e3 da Silva Santos (UEPB);<\/li>\n<li>Natalina Dantas (UEPB);<\/li>\n<li>Vanessa de Lima Serafim (UEPB);<\/li>\n<li>Isley de Oliveira Diniz (UEPB);<\/li>\n<li>Mayara Barbalho Monteiro (UEPB).<\/li>\n<\/ul>\n<p>[\/wptabcontent]<\/p>\n<p>[wptabtitle]Estudo da diversidade de Collembola (Ellipura, Hexapoda) e de seu papel ecol\u00f3gico em \u00e1reas de reprodu\u00e7\u00e3o de tartarugas marinhas (Eretmochelys Imbricata) no Litoral da Para\u00edba[\/wptabtitle]<br \/>\n[wptabcontent]<br \/>\n<strong>Coordena\u00e7\u00e3o<\/strong>: Douglas Zeppelini Filho.<br \/>\n[\/wptabcontent]<\/p>\n<p>[wptabtitle]Flor\u00edstica, aspectos ecol\u00f3gicos e biogeografia das Pterid\u00f3fitas na Para\u00edba[\/wptabtitle]<br \/>\n[wptabcontent]<br \/>\n<strong>Coordena\u00e7\u00e3o<\/strong>: S\u00e9rgio Romero da Silva Xavier.<\/p>\n<p><strong>Aluno envolvido<\/strong>: Rafael De Paiva Farias.<\/p>\n<p>Este trabalho tem o objetivo de estudar a pteridoflora da Para\u00edba a partir de invent\u00e1rios flor\u00edstico-tax\u00f4micos em remanescentes de Floresta Atl\u00e2ntica e Caatinga no Estado, al\u00e9m do reconhecimento dos aspectos ecol\u00f3gicos e biogeogr\u00e1ficos das plantas estudadas. As pterid\u00f3fitas, pertencentes aos grupos das monil\u00f3fitas, em conjunto, s\u00e3o reconhecidas por serem o \u00fanico grupo de plantas vasculares sem sementes, A fertiliza\u00e7\u00e3o externa faz dessas plantas altamente\u00a0 restritas a ambientes unidos e sombreados nas matas, por isso raramente s\u00e3o dominantes em qualquer tipo de vegeta\u00e7\u00e3o, dependendo de outras plantas para lhes prover condi\u00e7\u00f5es de abrigo e suporte. Este projeto representa uma parte de uma s\u00e9rie de trabalhos na Para\u00edba que visa apresentar a sua flora pteridofitica, a ecologia e a biologia de suas esp\u00e9cies.<br \/>\n[\/wptabcontent]<\/p>\n<p>[wptabtitle]Biologia de peixes do estu\u00e1rio do Rio Para\u00edba do Norte \u2013 PB[\/wptabtitle]<br \/>\n[wptabcontent]<br \/>\n<strong>Coordena\u00e7\u00e3o<\/strong>: Ana L\u00facia Vendel.<br \/>\n[\/wptabcontent]<\/p>\n<p>[wptabtitle]Fontes autotr\u00f3ficas de carbono org\u00e2nico para consumidores em rios intermitentes do semi-\u00e1rido[\/wptabtitle]<br \/>\n[wptabcontent]<br \/>\n<strong>Coordena\u00e7\u00e3o<\/strong>: \u00c9lvio S\u00e9rgio F. Medeiros.<br \/>\n[\/wptabcontent]<\/p>\n<p>[wptabtitle]Produ\u00e7\u00e3o de heteropolissacar\u00eddeos de Xilana a partir de res\u00edduos vegetais de sabugo de milho no Estado da Para\u00edba[\/wptabtitle]<br \/>\n[wptabcontent]<br \/>\n<strong>Coordena\u00e7\u00e3o<\/strong>: Elquio Eleamen Oliveira.<\/p>\n<p><strong>Integrantes<\/strong>:<\/p>\n<ul>\n<li>Toshyiuki NagashimaJ\u00fanior;<\/li>\n<li>Eryvaldo S\u00f3crates Tabosa do Egito;<\/li>\n<li>Acarilia Eduardo Silva;<\/li>\n<li>Silvana Cartaxo da Costa;<\/li>\n<li>Camilla Aquino Azevedo de Lucena;<\/li>\n<li>Antoniel Augusto Severo Gomes.<\/li>\n<\/ul>\n<p>Com base no potencial biotecnol\u00f3gico e econ\u00f4mico da xilana e sua produ\u00e7\u00e3o a partir de res\u00edduos vegetais de milho, tornam-se importantes os estudos sobre as t\u00e9cnicas de extra\u00e7\u00e3o do pol\u00edmero de xilana e das t\u00e9cnicas de a caracteriza\u00e7\u00e3o do material obtido. O objetivo deste projeto \u00e9 desenvolver um m\u00e9todo de extra\u00e7\u00e3o de pol\u00edmeros de xilana a partir de res\u00edduos vegetais produzidos no estado da Para\u00edba e evidenciar suas caracter\u00edsticas bioqu\u00edmicas e farmacot\u00e9cnicas.<br \/>\n[\/wptabcontent]<\/p>\n<p>[wptabtitle]Desenvolvimento de novos sistemas transportadores de f\u00e1rmacos com atividade antifungica[\/wptabtitle]<br \/>\n[wptabcontent]<br \/>\n<strong>Coordena\u00e7\u00e3o<\/strong>: Jos\u00e9 Alexsandro da Silva.<br \/>\n<strong>Integrantes<\/strong>:<\/p>\n<ul>\n<li>Bolivar Ponciano Goulart de Lima Damasceno;<\/li>\n<li>Elquio Eleamen Oliveira.<\/li>\n<\/ul>\n<p>Recentes avan\u00e7os na tecnologia farmac\u00eautica t\u00eam produzido sofisticados sistemas transportadores de f\u00e1rmacos. Esta \u00e1rea de pesquisa est\u00e1 em plena expans\u00e3o e a grande maioria dos trabalhos investiga uma melhoria na libera\u00e7\u00e3o, biodistribui\u00e7\u00e3o e\/ou dissolu\u00e7\u00e3o dos f\u00e1rmacos. Paralelamente ao desenvolvimento de novos sistemas de libera\u00e7\u00e3o de f\u00e1rmacos, a infec\u00e7\u00e3o por leveduras do g\u00eanero C\u00e2ndida, que s\u00e3o bastante pat\u00f3genas, principalmente em infec\u00e7\u00f5es oportunistas em indiv\u00edduos imunocompormetidos, ou que apresentem condi\u00e7\u00f5es predisponentes \u00e0 coloniza\u00e7\u00e3o, est\u00e3o em constante crescimento abrangendo esp\u00e9cies de Candida albicans, C. Glabrata, C. Tropicalis, C. Krusei, C. Parapsilosis e C. Dubliniensis. A utiliza\u00e7\u00e3o de novos sistemas trnasportadores de f\u00e1rmacos neste estudo visa desenvolver sistemas que possam incorporar tais elementos de dif\u00edcil solubiliza\u00e7\u00e3o, como \u00e9 o caso dos derivados do tiofeno. Al\u00e9m disso, pretende-se controlar a libera\u00e7\u00e3o destes f\u00e1rmacos para uma melhor a\u00e7\u00e3o antif\u00fangica atrav\u00e9s do desenvolvimento, caracteriza\u00e7\u00e3o e avalia\u00e7\u00e3o da atividade destes compostos no sistema de transporte. Este estudo envolve os seguintes procedimento: (1) desenvolver sistemas lipossomais, micro\/nanoparticulados e micro emulsionados, incorporando f\u00e1rmacos antif\u00fangicos como alternativa terap\u00eautica para o tratamento de micoses superficiais e\/ou sist\u00eamicas; (2) desenvolver e validar metodologia anal\u00edtica para o doseamento dos derivados do tiofeno incorporados nos respectivos sistemas por espectrofotometria no ultravioleta vis\u00edvel e por Cromatrografia L\u00edquida.<br \/>\n[\/wptabcontent]<\/p>\n<p>[\/wptabs]<\/p>\n<p><strong>Rela\u00e7\u00f5es Internacionais:<\/strong> <strong>Grupos de Pesquisa<\/strong><\/p>\n<p>[wptabs mode=&#8221;horizontal&#8221; type=&#8221;accordion&#8221;]<\/p>\n<p>[wptabtitle]Grupo de Estudos e Pesquisa em \u00c1sia-Pac\u00edfico (GEPAP)[\/wptabtitle]<br \/>\n[wptabcontent]<\/p>\n<p>Coordenador: Alexandre Cesar Cunha Leite<\/p>\n<p>[\/wptabcontent]<\/p>\n<p>[wptabtitle]Grupo de Pesquisa sobre o Oriente M\u00e9dio e Pa\u00edses \u00c1rabes (GUPOM)[\/wptabtitle]<br \/>\n[wptabcontent]<\/p>\n<p>Coordenadores: Ana Paula Maielo Silva e Filipe Reis Melo<\/p>\n<p>[\/wptabcontent]<\/p>\n<p>[wptabtitle]N\u00facleo de Estudo e Pesquisa sobre Deslocados Ambientais (NEPDA)[\/wptabtitle]<\/p>\n<p>[wptabcontent]<\/p>\n<p>Coordenadoras: Andrea Pacheco Pac\u00edfico e Ana Paula Maielo Silva<\/p>\n<p>Portal do NEPDA: <a href=\"http:\/\/sites.uepb.edu.br\/nepda\/?lang=pt\">http:\/\/sites.uepb.edu.br\/nepda\/?lang=pt<\/a><\/p>\n<p>[\/wptabcontent]<\/p>\n<p>[\/wptabs]<\/p>\n<p><strong>Rela\u00e7\u00f5es Internacionais: Projetos de Pesquisa<\/strong><\/p>\n<p>[wptabs mode=&#8221;horizontal&#8221; type=&#8221;accordion&#8221;]<\/p>\n<p>[wptabtitle]A Pol\u00edtica Externa Brasileira no Conselho de Seguran\u00e7a da ONU no P\u00f3s Guerra Fria[\/wptabtitle]<br \/>\n[wptabcontent]<\/p>\n<p>Coordena\u00e7\u00e3o: Carlos Enrique Ruiz Ferreira<\/p>\n<p>Vig\u00eancia: 2014-2015.<\/p>\n<p>[projeto financiado pelo Edital MCTI\/CNPq\/N\u00ba 14\/2013]<\/p>\n<p>[\/wptabcontent]<\/p>\n<p>[wptabtitle]A geopol\u00edtica da explora\u00e7\u00e3o e comercializa\u00e7\u00e3o de terras raras: das discuss\u00f5es no \u00e2mbito da Organiza\u00e7\u00e3o Mundial do Com\u00e9rcio \u00e0s estrat\u00e9gias de pol\u00edtica de minera\u00e7\u00e3o do Brasil[\/wptabtitle]<br \/>\n[wptabcontent]<\/p>\n<p>Coordena\u00e7\u00e3o: Filipe Reis Melo<\/p>\n<p>Vig\u00eancia: 2014-2015.<\/p>\n<p>[projeto financiado pelo Edital MCTI\/CNPq\/MEC\/CAPES N\u00ba 43\/2013]<\/p>\n<p>[\/wptabcontent]<\/p>\n<p>[wptabtitle]As migra\u00e7\u00f5es internacionais: sobre os conceitos te\u00f3ricos e o aprofundamento da an\u00e1lise da situa\u00e7\u00e3o contempor\u00e2nea dos imigrantes brasileiros[\/wptabtitle]<br \/>\n[wptabcontent]<\/p>\n<p>Coordena\u00e7\u00e3o: Silvia Garcia Nogueira<\/p>\n<p>Vig\u00eancia: 2013-2014.<\/p>\n<p>[\/wptabcontent]<\/p>\n<p>[wptabtitle] Prote\u00e7\u00e3o Nacional e Internacional dos haitianos no Brasil[\/wptabtitle]<br \/>\n[wptabcontent]<\/p>\n<p>Coordena\u00e7\u00e3o: Andrea Pacheco Pac\u00edfico<\/p>\n<p>Vig\u00eancia: 2012-2015<\/p>\n<p>[\/wptabcontent]<\/p>\n<p>[wptabtitle]Deslocados ambientais do sert\u00e3o do nordeste brasileiro[\/wptabtitle]<\/p>\n<p>[wptabcontent]<\/p>\n<p>Coordena\u00e7\u00e3o: Andrea Pacheco Pac\u00edfico<\/p>\n<p>Vig\u00eancia: 2012-2015<\/p>\n<p>[\/wptabcontent]<\/p>\n<p>[\/wptabs]<\/p>\n","protected":false},"excerpt":{"rendered":"<p>Arquivologia: Grupos de Pesquisa [wptabs mode=&#8221;horizontal&#8221; type=&#8221;accordion&#8221;] [wptabtitle]Centro de Gest\u00e3o Informacional: Arquivo, Comunica\u00e7\u00e3o, Linguagem e Cogni\u00e7\u00e3o, Pol\u00edticas Sociais no Contexto Nacional e Internacional.[\/wptabtitle] [wptabcontent] L\u00edder: Jacqueline Echeverr\u00eda Barrancos [\/wptabcontent] [wptabtitle]Arquivologia e Sociedade[\/wptabtitle] [wptabcontent] L\u00edder: Jos\u00e9 Washington de Morais Medeiros e Vancarder Brito. Alunos: Aline Casimiro; Ana Isabel Ferreira; Carlos Eug\u00eanio da Silva; Dayana Ribeiro; Juliana <a class=\"leiamais\" href=\"https:\/\/centros.uepb.edu.br\/ccbsa\/pesquisa\/\">Leia Mais&#8230;<\/a><\/p>\n","protected":false},"author":1,"featured_media":0,"parent":0,"menu_order":40,"comment_status":"open","ping_status":"open","template":"","meta":{"footnotes":""},"class_list":["post-15","page","type-page","status-publish","hentry"],"_links":{"self":[{"href":"https:\/\/centros.uepb.edu.br\/ccbsa\/wp-json\/wp\/v2\/pages\/15","targetHints":{"allow":["GET"]}}],"collection":[{"href":"https:\/\/centros.uepb.edu.br\/ccbsa\/wp-json\/wp\/v2\/pages"}],"about":[{"href":"https:\/\/centros.uepb.edu.br\/ccbsa\/wp-json\/wp\/v2\/types\/page"}],"author":[{"embeddable":true,"href":"https:\/\/centros.uepb.edu.br\/ccbsa\/wp-json\/wp\/v2\/users\/1"}],"replies":[{"embeddable":true,"href":"https:\/\/centros.uepb.edu.br\/ccbsa\/wp-json\/wp\/v2\/comments?post=15"}],"version-history":[{"count":0,"href":"https:\/\/centros.uepb.edu.br\/ccbsa\/wp-json\/wp\/v2\/pages\/15\/revisions"}],"wp:attachment":[{"href":"https:\/\/centros.uepb.edu.br\/ccbsa\/wp-json\/wp\/v2\/media?parent=15"}],"curies":[{"name":"wp","href":"https:\/\/api.w.org\/{rel}","templated":true}]}}