{"id":13,"date":"2013-08-19T19:44:31","date_gmt":"2013-08-19T19:44:31","guid":{"rendered":"\/ccbs\/?page_id=13"},"modified":"2025-09-30T15:43:26","modified_gmt":"2025-09-30T15:43:26","slug":"pos-graduacao","status":"publish","type":"page","link":"https:\/\/centros.uepb.edu.br\/ccbs\/pos-graduacao\/","title":{"rendered":"P\u00f3s-Gradua\u00e7\u00e3o"},"content":{"rendered":"<div class=\"wpb-content-wrapper\"><p>[vc_row][vc_column][vc_text_separator title=&#8221;Strictu Sensu&#8221; title_align=&#8221;separator_align_left&#8221;][vc_tta_accordion c_icon=&#8221;triangle&#8221; active_section=&#8221;&#8221; collapsible_all=&#8221;true&#8221;][vc_tta_section title=&#8221;Programa de P\u00f3s Gradua\u00e7\u00e3o em Ecologia e Conserva\u00e7\u00e3o&#8221; tab_id=&#8221;1653497193446-eb83e2d2-cd04&#8243;][vc_column_text css=&#8221;&#8221;]Mestrado \u2013 avalia\u00e7\u00e3o da CAPES, nota 3<\/p>\n<p>\u00c1rea B\u00e1sica: Ecologia<br \/>\nCoordenador: Prof\u00ba Dr\u00ba S\u00e9rgio de Farias Lopes<br \/>\nCoordenador Adjunto: Prof\u00aa Dr\u00aa Maria Avany Bezerra Gusm\u00e3o<br \/>\nLogradouro: Rua das Bara\u00fanas, 351Bairro: Campus Universit\u00e1rio da UEPB Cidade\/UF: Campina Grande\/PB CEP: 58.429-600Telefone: (83) 3315-3512<\/p>\n<p>E-Mail: ppgec@uepb.edu.br<\/p>\n<p>Site: <a href=\"http:\/\/pos-graduacao.uepb.edu.br\/ppgec\/\">http:\/\/pos-graduacao.uepb.edu.br\/ppgec\/<\/a><\/p>\n<p>O Programa de P\u00f3s-Gradua\u00e7\u00e3o em Ecologia e Conserva\u00e7\u00e3o teve in\u00edcio em 2010 e foi homologado pelo CNE em 2012 (Port. MEC 1045, de 18\/08\/2010, DOU 19\/08\/2010, se\u00e7.1, p.10).Objetivos: formar pesquisadores habilitados a analisar problemas relacionados \u00e0 conserva\u00e7\u00e3o da biodiversidade em suas diferentes escalas, e a produzir conhecimento cient\u00edfico sobre padr\u00f5es e processos evolutivos, biogeogr\u00e1ficos e rela\u00e7\u00f5es inter e intraespec\u00edficas; e contribuir para o uso racional da biodiversidade e o desenvolvimento de novos paradigmas e tecnologias.<\/p>\n<p>\u00c1rea de Concentra\u00e7\u00e3o: Ecologia e Conserva\u00e7\u00e3o.<\/p>\n<p>Linhas de Pesquisa:<\/p>\n<ul>\n<li>Ecologia e Conserva\u00e7\u00e3o de Ecossistemas Continentais;<\/li>\n<li>Ecologia e Conserva\u00e7\u00e3o de Ecossistemas Costeiros e Marinhos.<\/li>\n<\/ul>\n<p>Pontos fortes: a qualifica\u00e7\u00e3o e experi\u00eancia do Corpo Docente em temas relacionados ao Curso, com grande \u00eanfase em ecossistemas do Nordeste brasileiro. Estrutura do Curso, em disciplinas e linhas de pesquisa. Laborat\u00f3rios (21) com salas para atividades did\u00e1ticas e de pesquisa j\u00e1 instalados, localizados nos Departamentos de Biologia dos Centros de Ci\u00eancias Biol\u00f3gicas e da Sa\u00fade e Centro de Ci\u00eancias Biol\u00f3gicas e Sociais Aplicadas, localizados no Campus I, em Campina Grande e Campus V, em Jo\u00e3o Pessoa, respectivamente.[\/vc_column_text][\/vc_tta_section][vc_tta_section title=&#8221;Programa de P\u00f3s-Gradua\u00e7\u00e3o em Ci\u00eancias Farmac\u00eauticas&#8221; tab_id=&#8221;1653497193465-8cc6229a-7cbb&#8221;][vc_column_text]Mestrado \u2013 avalia\u00e7\u00e3o da CAPES, nota 3<\/p>\n<p>\u00c1rea B\u00e1sica: Farm\u00e1cia<\/p>\n<p>Coordenador: Prof\u00ba Dr\u00ba Harley da Silva Alves<\/p>\n<p>Coordenador Adjunto: Prof\u00ba Dr\u00ba Bol\u00edvar Ponciano Goulart de Lima Damasceno<\/p>\n<p>Logradouro: Av. das Bara\u00fanas,351, Campus Universit\u00e1rio<\/p>\n<p>Complexo Integrado de Pesquisa TR\u00caS MARIAS<\/p>\n<p>Bairro: Universit\u00e1rio<\/p>\n<p>Cidade\/UF: Campina Grande\/PB CEP: 58.109-753<\/p>\n<p>Telefone: (83) 3315-3526<\/p>\n<p>URL: <a href=\"http:\/\/pos-graduacao.uepb.edu.br\/ppgcf\/\" target=\"_blank\" rel=\"noopener\">http:\/\/pos-graduacao.uepb.edu.br\/ppgcf\/<\/a><\/p>\n<p>O Programa de P\u00f3s-Gradua\u00e7\u00e3o em Ci\u00eancias Farmac\u00eauticas iniciou suas atividades em 2011 e foi homologado pelo CNE em 2012 (Port. MEC 1364, de 29\/09\/2011, DOU 30\/09\/2011, se\u00e7.1, p.40).<\/p>\n<p>Objetivos: qualificar profissionais, com forma\u00e7\u00e3o inter e multidisciplinar, de alto n\u00edvel cient\u00edfico, com compet\u00eancia para desenvolver atividades de ensino e pesquisa nas \u00e1reas de obten\u00e7\u00e3o, identifica\u00e7\u00e3o e avalia\u00e7\u00e3o da atividade biol\u00f3gica de produtos naturais e sint\u00e9ticos de interesse farmac\u00eautico, bem como o desenvolvimento e controle da qualidade destes produtos<\/p>\n<p>\u00c1reas de Concentra\u00e7\u00e3o: Ci\u00eancias Farmac\u00eauticas<\/p>\n<p>Linhas de Pesquisa:<\/p>\n<ul>\n<li>Desenvolvimento e controle da qualidade de produtos farmac\u00eauticos;<\/li>\n<li>Obten\u00e7\u00e3o e avalia\u00e7\u00e3o da atividade biol\u00f3gica de produtos naturais e sint\u00e9ticos de interesse farmac\u00eautico.<\/li>\n<\/ul>\n<p>Pontos fortes: todas as atividades do curso visam contribuir para amplia\u00e7\u00e3o do dom\u00ednio das t\u00e9cnicas de investiga\u00e7\u00e3o no campo das Ci\u00eancias Farmac\u00eauticas, atrav\u00e9s de pesquisa cient\u00edfica, produ\u00e7\u00e3o e difus\u00e3o de conhecimentos avan\u00e7ados, como fator de desenvolvimento s\u00f3cio econ\u00f4mico da regi\u00e3o e do pa\u00eds.[\/vc_column_text][\/vc_tta_section][vc_tta_section title=&#8221;Programa de P\u00f3s Gradua\u00e7\u00e3o em Odontologia&#8221; tab_id=&#8221;1653497339296-3455dddb-bc42&#8243;][vc_column_text]Mestrado em Odontologia<\/p>\n<p>Mestrado \u2013 avalia\u00e7\u00e3o da CAPES, nota 3<\/p>\n<p>\u00c1rea B\u00e1sica: Odontologia<\/p>\n<p>Coordenadora: Prof\u00aa Dr\u00aa Daniela Pita de Melo<\/p>\n<p>Coordenador Adjunto: Prof\u00ba Dr\u00ba Cassiano Francisco\u00a0 Weege Nonaka<\/p>\n<p>Logradouro: Av. das Bara\u00fanas, 351<\/p>\n<p>Bairro: Campus Universit\u00e1rio da UEPB<\/p>\n<p>Cidade\/UF: Campina Grande\/PB CEP: 58.429-600<\/p>\n<p>Telefone: (83) 3315-3471<\/p>\n<p>E-Mail: gustavo@patologiaoral.com.br<\/p>\n<p>URL: <a href=\"http:\/\/pos-graduacao.uepb.edu.br\/ppgo\/\" target=\"_blank\" rel=\"noopener\">http:\/\/pos-graduacao.uepb.edu.br\/ppgo\/<\/a><\/p>\n<p>Mestrado em Odontologia se iniciou em 2009, com homologa\u00e7\u00e3o pelo CNE em 2012 (Port. MEC 1077, de 31\/08\/2012, DOU 13\/09\/2012, se\u00e7.1, p.25). H\u00e1 uma \u00e1rea de concentra\u00e7\u00e3o, Cl\u00ednica Odontol\u00f3gica.<br \/>\nO objetivo da UEPB, com este curso, \u00e9 formar e qualificar pessoal docente\/pesquisador, com compet\u00eancia para desenvolver atividades de ensino e de investiga\u00e7\u00e3o cient\u00edfica na \u00e1rea de Odontologia.<\/p>\n<p>\u00c1reas de Concentra\u00e7\u00e3o: Odontologia<\/p>\n<p>Linhas de Pesquisa<\/p>\n<ul>\n<li>Epidemiologia e Promo\u00e7\u00e3o de Sa\u00fade em Odontologia;<\/li>\n<li>Estudo das Altera\u00e7\u00f5es do Sistema Estomatogn\u00e1tico;<\/li>\n<li>Estudo das Terapias Complementares em Odontologia.<\/li>\n<\/ul>\n<p>Pontos fortes: interc\u00e2mbio com docentes de outras IES, na ministra\u00e7\u00e3o de aulas e participa\u00e7\u00e3o em projetos de pesquisa e em discuss\u00f5es internas de auto avalia\u00e7\u00e3o; celebra\u00e7\u00e3o de conv\u00eanios, tamb\u00e9m, com institui\u00e7\u00f5es estrangeiras, visando \u00e0 capacita\u00e7\u00e3o discente e docente, com perspectivas de instituir o programa-sandu\u00edche com algumas dessas IES, bem como, possibilitar aos docentes a realiza\u00e7\u00e3o de P\u00f3s-doutoramento. Destacam-se dentre as institui\u00e7\u00f5es estrangeiras: Universidade de Granada (Espanha), Universit\u00e8 Paris Quest (Fran\u00e7a), Universidade de Lisboa (Portugal), Universidade da Ge\u00f3rgia (Estados Unidos) e a IESE (Alemanha). Este \u00e9 um dos poucos, ou talvez, o \u00fanico curso no pa\u00eds que estuda a aplica\u00e7\u00e3o terap\u00eautica de plantas medicinais, as quais viabilizariam atendimento das necessidades da popula\u00e7\u00e3o em larga escala e, em sua maioria, a custo reduzido.[\/vc_column_text][\/vc_tta_section][vc_tta_section title=&#8221;Programa de P\u00f3s-Gradua\u00e7\u00e3o em Etnobiologia e Conserva\u00e7\u00e3o da Natureza&#8221; tab_id=&#8221;1653497340182-653a730b-297e&#8221;][vc_column_text]Doutorado \u2013 Avalia\u00e7\u00e3o da CAPES \u2013 Nota 4<\/p>\n<p>\u00c1rea B\u00e1sica: Biodiversidade<\/p>\n<p>Coordenador: Prof\u00ba Dr\u00ba R\u00f4mulo R. N. Alves<\/p>\n<p>Coordenadora Adjunta: Prof\u00aa Dr\u00aa Nicola Schiel (UFRPE)<\/p>\n<p>Logradouro: Rua das Bara\u00fanas, 351<\/p>\n<p>Bairro: Campus Universit\u00e1rio da UEPB<\/p>\n<p>Cidade\/UF: Campina Grande \/ PB CEP: 58.429-600<\/p>\n<p>Telefone: (83) 3315-3388<\/p>\n<p>E-Mail: romulo_nobrega@yahoo.com.br, prpgp@uepb.edu.br<\/p>\n<p>Programa de P\u00f3s-Gradua\u00e7\u00e3o, oferecido em associa\u00e7\u00e3o, pelas institui\u00e7\u00f5es UFRPE, URCA e UEPB, com a garantia de uma forma\u00e7\u00e3o s\u00f3lida e abrangente com suficiente base te\u00f3rica e t\u00e9cnico-cient\u00edfica em Etnobiologia e Conserva\u00e7\u00e3o da Natureza.<\/p>\n<p>Objetivos: capacitar os discentes a realizar atividades de ensino, pesquisa e extens\u00e3o com base em uma forma\u00e7\u00e3o multidisciplinar; contribuir para a constru\u00e7\u00e3o de uma sociedade igualit\u00e1ria, justa e sustent\u00e1vel e contribuir para a forma\u00e7\u00e3o de profissionais com compet\u00eancias e habilidades inerentes a sua \u00e1rea de especializa\u00e7\u00e3o.<\/p>\n<p>\u00c1reas de Concentra\u00e7\u00e3o: Biodiversidade<\/p>\n<p>Linhas de Pesquisa:<\/p>\n<ul>\n<li>Sistemas cognitivos e uso dos recursos naturais;<\/li>\n<li>Bases ecol\u00f3gicas e evolutivas das rela\u00e7\u00f5es entre pessoas e natureza;<\/li>\n<li>Conserva\u00e7\u00e3o e manejo da fauna e flora em regi\u00f5es tropicais.<\/li>\n<\/ul>\n<p>Pontos fortes: a programa\u00e7\u00e3o possibilita a forma\u00e7\u00e3o de profissionais com conte\u00fado multidisciplinar em Etnobiologia e Conserva\u00e7\u00e3o da Natureza, por envolver conte\u00fados afins das \u00e1reas de Ci\u00eancias Agr\u00e1rias, Ci\u00eancias Biol\u00f3gicas (Zoologia, Bot\u00e2nica, Ecologia, Fitoqu\u00edmica), Ci\u00eancias da Sa\u00fade (Farmacologia, Microbiologia) e Etnobiologia.[\/vc_column_text][\/vc_tta_section][vc_tta_section title=&#8221;Mestrado em Enfermagem \u2013 ME\/ Associa\u00e7\u00e3o com a UPE&#8221; tab_id=&#8221;1653497340950-65fbb3da-241c&#8221;][vc_column_text]Mestrado \u2013 avalia\u00e7\u00e3o da CAPES, nota 3<\/p>\n<p>\u00c1rea B\u00e1sica: Enfermagem<\/p>\n<p>Coordenador UEPB: Prof\u00ba Dr\u00ba Alexsandro Silva Coura<\/p>\n<p>Coordenadora UPE: Prof\u00aa Dr\u00aa F\u00e1tima Maria da Silva Abr\u00e3o<\/p>\n<p>Logradouro: Av. das Bara\u00fanas, 351 \u2013 Campus Universit\u00e1rio<\/p>\n<p>Bairro: Universit\u00e1rio<\/p>\n<p>Cidade\/UF: Campina Grande\/PB CEP: 58.429-570<\/p>\n<p>Telefone: (83) 3315-3352<\/p>\n<p>E-Mail: isxf@uepb.edu.br<\/p>\n<p>URL: <a href=\"http:\/\/www.upe.br\/fensg\/mestrado\" target=\"_blank\" rel=\"noopener\">http:\/\/www.upe.br\/fensg\/mestrado<\/a><\/p>\n<p>Este Curso est\u00e1 sendo ofertado \u00e0 sociedade em associa\u00e7\u00e3o com a UPE, tendo se iniciado em 2009. Foi homologado pelo CNE em 2012 (Port. MEC 1077, de 31\/08\/2012, DOU 13\/09\/2012, se\u00e7.1, p.25). Objetiva-se com este curso, formar profissionais em enfermagem, com abordagem ampla e forte na realidade social do indiv\u00edduo.<\/p>\n<p>\u00c1rea de Concentra\u00e7\u00e3o: Enfermagem em Promo\u00e7\u00e3o \u00e0 Sa\u00fade<\/p>\n<p>Linhas de Pesquisa:<\/p>\n<ul>\n<li>Fundamentos do cuidar na sa\u00fade e enfermagem em promo\u00e7\u00e3o \u00e0 sa\u00fade;<\/li>\n<li>Pol\u00edticas e pr\u00e1ticas da sa\u00fade e enfermagem em promo\u00e7\u00e3o \u00e0 sa\u00fade;<\/li>\n<li>Enfermagem em promo\u00e7\u00e3o e vigil\u00e2ncia \u00e0 sa\u00fade.<\/li>\n<\/ul>\n<p>Pontos fortes: \u00e9 um ponto forte do Curso a associa\u00e7\u00e3o com a FENSG\/UPE, destacando-se ainda: a programa\u00e7\u00e3o do curso aborda aspectos relevantes em Enfermagem e promo\u00e7\u00e3o \u00e0 sa\u00fade: avalia\u00e7\u00e3o das necessidades de promo\u00e7\u00e3o \u00e0 sa\u00fade do indiv\u00edduo, fam\u00edlia e comunidade e o processo de cuidar em seus aspectos sociais, pol\u00edticos, hist\u00f3ricos, culturais e antropol\u00f3gicos; enfermagem em educa\u00e7\u00e3o \u00e0 sa\u00fade e participa\u00e7\u00e3o da sociedade; pol\u00edticas p\u00fablicas na assist\u00eancia a sa\u00fade e enfermagem; planejamento, interven\u00e7\u00e3o e avalia\u00e7\u00e3o de medidas voltadas a melhoria da qualidade de vida da popula\u00e7\u00e3o; atendimento das necessidades de sa\u00fade nos diversos n\u00edveis de assist\u00eancia contemplando os aspectos nutricionais, doen\u00e7as infecto-parasit\u00e1rias, cardiovasculares e os cuidados voltados \u00e0 sa\u00fade do trabalhador e aos determinantes sociais do processo de sa\u00fade.[\/vc_column_text][\/vc_tta_section][vc_tta_section title=&#8221;Mestrado em Sa\u00fade P\u00fablica \u2013 MSP&#8221; tab_id=&#8221;1653497341648-b5ab3790-2031&#8243;][vc_column_text]Mestrado \u2013 avalia\u00e7\u00e3o da CAPES, nota 3<\/p>\n<p>\u00c1rea B\u00e1sica: Sa\u00fade Coletiva<\/p>\n<p>Coordenadora: Prof\u00aa Dr\u00aa Danielle Franklin de Carvalho<\/p>\n<p>Coordenadora Adjunta: Prof\u00aa Dr\u00aa Carla Campos Muniz Medeiros<\/p>\n<p>Logradouro: Rua das Bara\u00fanas, 351<\/p>\n<p>Bairro: Campus Universit\u00e1rio da UEPB<\/p>\n<p>Cidade\/UF: Campina Grande\/PB CEP: 58.429-600<\/p>\n<p>Telefone: (83) 3344-5301<\/p>\n<p>E-Mail: msp@uepb.edu.br<\/p>\n<p>URL: <a href=\"http:\/\/pos-graduacao.uepb.edu.br\/ppgsp\/\" target=\"_blank\" rel=\"noopener\">http:\/\/pos-graduacao.uepb.edu.br\/ppgsp\/<\/a><\/p>\n<p>O Programa de P\u00f3s-Gradua\u00e7\u00e3o em Sa\u00fade P\u00fablica teve in\u00edcio em 2009 e foi homologado pelo CNE em 2009 (Port. MEC590, de 18\/06\/2009, DOU 19\/06\/2009, se\u00e7.1, p.23).<\/p>\n<p>Objetivos: formar pesquisadores, docentes e profissionais que atuam na \u00e1rea da sa\u00fade e capacit\u00e1-los para tomada de decis\u00f5es em sa\u00fade p\u00fablica, considerando os problemas regionais e o conhecimento te\u00f3rico e metodol\u00f3gico da \u00e1rea.<\/p>\n<p>\u00c1rea de Concentra\u00e7\u00e3o: Sa\u00fade P\u00fablica.<\/p>\n<p>Linhas de Pesquisa:<\/p>\n<ul>\n<li>Condi\u00e7\u00f5es e determinantes da sa\u00fade;<\/li>\n<li>Avalia\u00e7\u00e3o de programas e servi\u00e7os de aten\u00e7\u00e3o \u00e0 sa\u00fade.<\/li>\n<li>Epidemiologia cl\u00ednica.<\/li>\n<\/ul>\n<p>Pontos fortes: Os grupos de pesquisa do PPGSP possuem colabora\u00e7\u00f5es para realiza\u00e7\u00e3o de seus projetos com diferentes IES do pa\u00eds e exterior, bem como estabeleceram coopera\u00e7\u00e3o t\u00e9cnica com mais de cinquenta munic\u00edpios paraibanos para desenvolvimento de projetos de pesquisa e extens\u00e3o universit\u00e1ria. Outra estrat\u00e9gia inclui o fortalecimento de interc\u00e2mbios e internacionaliza\u00e7\u00e3o da produ\u00e7\u00e3o acad\u00eamica por meio do est\u00edmulo aos est\u00e1gios p\u00f3s-doutoral para docentes do Programa e miss\u00f5es de pesquisa para mestrandos em outras IES.[\/vc_column_text][\/vc_tta_section][vc_tta_section title=&#8221;Mestrado em Psicologia da Sa\u00fade \u2013 MP&#8221; tab_id=&#8221;1653497617897-173cb444-796e&#8221;][vc_column_text css=&#8221;&#8221;]Mestrado\u00a0\u2013 avalia\u00e7\u00e3o da CAPES, nota 3<\/p>\n<p>\u00c1rea B\u00e1sica: Psicologia da Sa\u00fade<\/p>\n<p>Coordenadora: Prof\u00ba Dr\u00ba\u00a0 Francinaldo do Monte Pinto<\/p>\n<p>Coordenador Adjunto: Prof\u00aa Dr\u00aa Ardigleusa Alves Coelho<\/p>\n<p>Logradouro: Av. das Bara\u00fanas, 351 \u2013 Campus Universit\u00e1rio<\/p>\n<p>Bairro: Universit\u00e1rio, Cidade\/UF: Campina Grande\/PB CEP: 58.429-570<\/p>\n<p>Telefone: (83) 3315-3462<\/p>\n<p>E-Mail: ppgsp@setor.uepb.edu.br \u2013 ppgps.uepb.@gmail.com<\/p>\n<p>URL:\u00a0<a href=\"http:\/\/pos-graduacao.uepb.edu.br\/ppgps\/\" target=\"_blank\" rel=\"noopener\">http:\/\/pos-graduacao.uepb.edu.br\/ppgps\/<\/a><\/p>\n<p>\u00c1rea de Concentra\u00e7\u00e3o: Psicologia da Sa\u00fade<\/p>\n<p>Objetivos do Curso\/Perfil do profissional a ser formado:<\/p>\n<p>O Programa de P\u00f3s-Gradua\u00e7\u00e3o em Psicologia da Sa\u00fade tem como objetivo a forma\u00e7\u00e3o e qualifica\u00e7\u00e3o de pesquisadores e docentes, no \u00e2mbito da Psicologia da Sa\u00fade e \u00e1reas afins, buscando levantar novas demandas e problemas de sa\u00fade individual e coletiva, contribuindo com sua compreens\u00e3o e transforma\u00e7\u00e3o a partir dos conhecimentos da Psicologia e de disciplinas afins, com vistas \u00e0 promo\u00e7\u00e3o da sa\u00fade, qualidade de vida, e bem estar das popula\u00e7\u00f5es da nossa regi\u00e3o.<\/p>\n<p>Linhas de Pesquisa:<\/p>\n<ul>\n<li>Processos psicossociais e sa\u00fade;<\/li>\n<li>Trabalho, Sa\u00fade e Subjetividade.<\/li>\n<\/ul>\n<p>[\/vc_column_text][\/vc_tta_section][\/vc_tta_accordion][vc_text_separator title=&#8221;Lato Sensu&#8221; title_align=&#8221;separator_align_left&#8221; css=&#8221;.vc_custom_1653497848471{margin-top: 30px !important;}&#8221;][vc_column_text]<strong>Especializa\u00e7\u00e3o em Educa\u00e7\u00e3o F\u00edsica Escolar<\/strong><br \/>\nCoordenadora: Prof\u00aa Dr\u00aa Elaine Melo de Brito Costa<br \/>\nE-mail: sec.latosensu@uepb.edu.br[\/vc_column_text][\/vc_column][\/vc_row][vc_row][vc_column][\/vc_column][\/vc_row]<\/p>\n<\/div>","protected":false},"excerpt":{"rendered":"<p>[vc_row][vc_column][vc_text_separator title=&#8221;Strictu Sensu&#8221; title_align=&#8221;separator_align_left&#8221;][vc_tta_accordion c_icon=&#8221;triangle&#8221; active_section=&#8221;&#8221; collapsible_all=&#8221;true&#8221;][vc_tta_section title=&#8221;Programa de P\u00f3s Gradua\u00e7\u00e3o em Ecologia e Conserva\u00e7\u00e3o&#8221; tab_id=&#8221;1653497193446-eb83e2d2-cd04&#8243;][vc_column_text css=&#8221;&#8221;]Mestrado \u2013 avalia\u00e7\u00e3o da CAPES, nota 3 \u00c1rea B\u00e1sica: Ecologia Coordenador: Prof\u00ba Dr\u00ba S\u00e9rgio de Farias Lopes Coordenador Adjunto: Prof\u00aa Dr\u00aa Maria Avany Bezerra Gusm\u00e3o Logradouro: Rua das Bara\u00fanas, 351Bairro: Campus Universit\u00e1rio da UEPB Cidade\/UF: Campina Grande\/PB CEP: 58.429-600Telefone: <a class=\"leiamais\" href=\"https:\/\/centros.uepb.edu.br\/ccbs\/pos-graduacao\/\">Leia Mais&#8230;<\/a><\/p>\n","protected":false},"author":14,"featured_media":0,"parent":0,"menu_order":0,"comment_status":"open","ping_status":"open","template":"","meta":{"jetpack_post_was_ever_published":false,"footnotes":""},"class_list":["post-13","page","type-page","status-publish","hentry"],"jetpack_sharing_enabled":true,"jetpack_shortlink":"https:\/\/wp.me\/P7WTD4-d","_links":{"self":[{"href":"https:\/\/centros.uepb.edu.br\/ccbs\/wp-json\/wp\/v2\/pages\/13","targetHints":{"allow":["GET"]}}],"collection":[{"href":"https:\/\/centros.uepb.edu.br\/ccbs\/wp-json\/wp\/v2\/pages"}],"about":[{"href":"https:\/\/centros.uepb.edu.br\/ccbs\/wp-json\/wp\/v2\/types\/page"}],"author":[{"embeddable":true,"href":"https:\/\/centros.uepb.edu.br\/ccbs\/wp-json\/wp\/v2\/users\/14"}],"replies":[{"embeddable":true,"href":"https:\/\/centros.uepb.edu.br\/ccbs\/wp-json\/wp\/v2\/comments?post=13"}],"version-history":[{"count":3,"href":"https:\/\/centros.uepb.edu.br\/ccbs\/wp-json\/wp\/v2\/pages\/13\/revisions"}],"predecessor-version":[{"id":1169138,"href":"https:\/\/centros.uepb.edu.br\/ccbs\/wp-json\/wp\/v2\/pages\/13\/revisions\/1169138"}],"wp:attachment":[{"href":"https:\/\/centros.uepb.edu.br\/ccbs\/wp-json\/wp\/v2\/media?parent=13"}],"curies":[{"name":"wp","href":"https:\/\/api.w.org\/{rel}","templated":true}]}}